{"id":9294,"date":"2019-12-13T15:28:28","date_gmt":"2019-12-13T14:28:28","guid":{"rendered":"https:\/\/www.orangeholidayhousing.com\/accommodation\/amalia-12\/"},"modified":"2025-06-30T21:45:54","modified_gmt":"2025-06-30T19:45:54","slug":"amalia-12","status":"publish","type":"mphb_room_type","link":"https:\/\/www.orangeholidayhousing.com\/es\/accommodation\/amalia-12\/","title":{"rendered":"Amalia-12"},"content":{"rendered":"\t\t<div data-elementor-type=\"wp-post\" data-elementor-id=\"9294\" class=\"elementor elementor-9294\" data-elementor-post-type=\"mphb_room_type\">\n\t\t\t\t\t\t<section class=\"elementor-section elementor-top-section elementor-element elementor-element-7de332a4 elementor-section-full_width elementor-section-height-default elementor-section-height-default\" data-id=\"7de332a4\" data-element_type=\"section\">\n\t\t\t\t\t\t<div class=\"elementor-container elementor-column-gap-default\">\n\t\t\t\t\t<div class=\"elementor-column elementor-col-100 elementor-top-column elementor-element elementor-element-62379578\" data-id=\"62379578\" data-element_type=\"column\">\n\t\t\t<div class=\"elementor-widget-wrap elementor-element-populated\">\n\t\t\t\t\t\t<div class=\"elementor-element elementor-element-74ccd639 elementor-widget elementor-widget-theme-post-featured-image elementor-widget-image\" data-id=\"74ccd639\" data-element_type=\"widget\" data-widget_type=\"theme-post-featured-image.default\">\n\t\t\t\t<div class=\"elementor-widget-container\">\n\t\t\t\t\t\t\t\t\t\t\t\t\t\t\t<img decoding=\"async\" src=\"https:\/\/www.orangeholidayhousing.com\/wp-content\/uploads\/elementor\/thumbs\/69a9f96e-756f-4363-afcc-28b40980033e-oin8c1q09adirhsvr2fg6xvfw2kf92n3x1l0ois39w.jpg\" title=\"69a9f96e-756f-4363-afcc-28b40980033e\" alt=\"69a9f96e-756f-4363-afcc-28b40980033e\" loading=\"lazy\" \/>\t\t\t\t\t\t\t\t\t\t\t\t\t\t\t<\/div>\n\t\t\t\t<\/div>\n\t\t\t\t\t<\/div>\n\t\t<\/div>\n\t\t\t\t\t<\/div>\n\t\t<\/section>\n\t\t\t\t<section class=\"elementor-section elementor-top-section elementor-element elementor-element-2957ab41 elementor-section-boxed elementor-section-height-default elementor-section-height-default\" data-id=\"2957ab41\" data-element_type=\"section\">\n\t\t\t\t\t\t<div class=\"elementor-container elementor-column-gap-default\">\n\t\t\t\t\t<div class=\"elementor-column elementor-col-100 elementor-top-column elementor-element elementor-element-5e65e526\" data-id=\"5e65e526\" data-element_type=\"column\">\n\t\t\t<div class=\"elementor-widget-wrap elementor-element-populated\">\n\t\t\t\t\t\t<div class=\"elementor-element elementor-element-589da307 elementor-widget elementor-widget-text-editor\" data-id=\"589da307\" data-element_type=\"widget\" data-widget_type=\"text-editor.default\">\n\t\t\t\t<div class=\"elementor-widget-container\">\n\t\t\t\t\t\t\t\t\t<h2 style=\"margin-top: 0px; margin-bottom: 0px; padding-top: 16px; padding-bottom: 8px; font-style: normal; font-variant-ligatures: normal; font-variant-caps: normal; font-size: 2.2rem; line-height: 4.4rem; font-family: Verdana, Geneva, sans-serif;\">Amalia-12<\/h2><div style=\"font-style: normal; font-variant-ligatures: normal; font-variant-caps: normal; font-weight: 400; font-size: 16px; line-height: 1.4; font-family: Verdana, Geneva, sans-serif;\"><p style=\"margin-bottom: 0px; font-size: 1.6rem; line-height: 1.4; font-family: Verdana, Geneva, sans-serif;\"><span style=\"font-size: 16px; font-family: verdana, geneva, sans-serif;\">Este apartamento no es propiedad de Orange Holiday Housing. Alquilamos esta propiedad para un tercero.<\/span><\/p><p style=\"margin-bottom: 0px; font-size: 1.6rem; line-height: 1.4; font-family: Verdana, Geneva, sans-serif;\"><span style=\"font-size: 16px; font-family: verdana, geneva, sans-serif;\">\u00a0<\/span><\/p><p style=\"margin-bottom: 0px; font-size: 1.6rem; line-height: 1.4; font-family: Verdana, Geneva, sans-serif;\"><span style=\"font-size: 16px; font-family: verdana, geneva, sans-serif;\">En el popular complejo de <a style=\"margin: 0px; padding: 0px; border: 0px; font-style: inherit; font-variant-caps: inherit; font-weight: inherit; font-stretch: inherit; line-height: inherit; font-size-adjust: inherit; font-kerning: inherit; font-variant-alternates: inherit; font-variant-ligatures: inherit; font-variant-numeric: inherit; font-variant-east-asian: inherit; font-variant-position: inherit; font-feature-settings: inherit; font-optical-sizing: inherit; font-variation-settings: inherit; vertical-align: baseline; color: #ff7800;\" href=\"https:\/\/www.orangeholidayhousing.com\/villa-amalia\/?lang=es\" rel=\"noopener\">Villa Amalia<\/a>\u00a0con varias piscinas (incluida una piscina climatizada), hermosos jardines y una sala de fitness, se encuentra este apartamento en la planta superior con balc\u00f3n en el sureste y terraza en la azotea (sol todo el d\u00eda). El apartamento tiene dos dormitorios y dos ba\u00f1os. El dormitorio principal tiene una cama doble y ba\u00f1o en suite. El segundo dormitorio tiene dos camas individuales y un ba\u00f1o separado. Aire acondicionado y calefacci\u00f3n est\u00e1n disponibles en toda la propiedad. Hay TV y WiFi super r\u00e1pido (fibra \u00f3ptica).<br \/><br \/><\/span><\/p><p><span style=\"font-size: 16px; font-family: verdana, geneva, sans-serif;\">N\u00famero de licensia: VT-4549<\/span>87-A<br \/><br \/>N\u00famero de registro tur\u00edstico: ESFCTU00000305100052888600000000000000000VT-454987-A0<\/p><\/div><div>\u00a0<\/div>\t\t\t\t\t\t\t\t<\/div>\n\t\t\t\t<\/div>\n\t\t\t\t\t<\/div>\n\t\t<\/div>\n\t\t\t\t\t<\/div>\n\t\t<\/section>\n\t\t\t\t<section class=\"elementor-section elementor-top-section elementor-element elementor-element-ff90287 elementor-section-boxed elementor-section-height-default elementor-section-height-default\" data-id=\"ff90287\" data-element_type=\"section\">\n\t\t\t\t\t\t<div class=\"elementor-container elementor-column-gap-default\">\n\t\t\t\t\t<div class=\"elementor-column elementor-col-100 elementor-top-column elementor-element elementor-element-b45c1cf\" data-id=\"b45c1cf\" data-element_type=\"column\">\n\t\t\t<div class=\"elementor-widget-wrap elementor-element-populated\">\n\t\t\t\t\t\t<div class=\"elementor-element elementor-element-54d0923 elementor-widget elementor-widget-shortcode\" data-id=\"54d0923\" data-element_type=\"widget\" data-widget_type=\"shortcode.default\">\n\t\t\t\t<div class=\"elementor-widget-container\">\n\t\t\t\t\t\t\t<div class=\"elementor-shortcode\">ngg_shortcode_0_placeholder<\/div>\n\t\t\t\t\t\t<\/div>\n\t\t\t\t<\/div>\n\t\t\t\t\t<\/div>\n\t\t<\/div>\n\t\t\t\t\t<\/div>\n\t\t<\/section>\n\t\t\t\t<section class=\"elementor-section elementor-top-section elementor-element elementor-element-57b7c10 elementor-section-boxed elementor-section-height-default elementor-section-height-default\" data-id=\"57b7c10\" data-element_type=\"section\">\n\t\t\t\t\t\t<div class=\"elementor-container elementor-column-gap-default\">\n\t\t\t\t\t<div class=\"elementor-column elementor-col-100 elementor-top-column elementor-element elementor-element-33e5c226\" data-id=\"33e5c226\" data-element_type=\"column\">\n\t\t\t<div class=\"elementor-widget-wrap elementor-element-populated\">\n\t\t\t\t\t\t<div class=\"elementor-element elementor-element-88083fd elementor-widget elementor-widget-mphbe-room\" data-id=\"88083fd\" data-element_type=\"widget\" data-widget_type=\"mphbe-room.default\">\n\t\t\t\t<div class=\"elementor-widget-container\">\n\t\t\t\t\t<div class=\"mphb_sc_room-wrapper \"><div class=\"mphb-room-type post-9294 mphb_room_type type-mphb_room_type status-publish has-post-thumbnail mphb_room_type_category-alicante-es mphb_room_type_category-amalia-es mphb_room_type_category-espana mphb_room_type_category-todas-las-categorias mphb_ra_regio-alicante-es kenmerken-testkenmerk entry has-media mphb-room-type-adults-4 mphb-room-type-children-0 has-taxes-and-fees\">\n\n\t\n\t\n<h3 class=\"mphb-room-type-details-title\">Detalles<\/h3><ul class=\"mphb-loop-room-type-attributes\">\n\n\n\t<li class=\"mphb-room-type-adults-capacity\"><span class=\"mphb-attribute-title mphb-adults-title\">Hu\u00e9spedes:<\/span><span class=\"mphb-attribute-value\">\n\t4\n\t<\/span><\/li>\n\t\n\n\n\n\n\n\n\n\n\t<li class=\"mphb-room-type-categories\"><span class=\"mphb-attribute-title mphb-categories-title\">Categor\u00edas:<\/span><span class=\"mphb-attribute-value\"> <span class=\"category-alicante-es\"><a href=\"https:\/\/www.orangeholidayhousing.com\/es\/accommodation-category\/espana\/alicante-es\/\">Alicante<\/a><\/span>, <span class=\"category-amalia-es\"><a href=\"https:\/\/www.orangeholidayhousing.com\/es\/accommodation-category\/amalia-es\/\">Amalia<\/a><\/span>, <span class=\"category-espana\"><a href=\"https:\/\/www.orangeholidayhousing.com\/es\/accommodation-category\/espana\/\">Espa\u00f1a<\/a><\/span>, <span class=\"category-todas-las-categorias\"><a href=\"https:\/\/www.orangeholidayhousing.com\/es\/accommodation-category\/todas-las-categorias\/\">todas las categorias<\/a><\/span><\/span><\/li>\n\t<li class=\"mphb-room-type-gedeelde-faciliteiten mphb-room-type-custom-attribute\"><span class=\"mphb-attribute-title mphb-gedeelde-faciliteiten-title\">Instalaciones comunes:<\/span><span class=\"mphb-attribute-value\"> <span class=\"gedeelde-faciliteiten-jardin-jardines\">Jard\u00edn \/ jardines<\/span>, <span class=\"gedeelde-faciliteiten-piscina-climatizada\">Piscina climatizada<\/span>, <span class=\"gedeelde-faciliteiten-piscinas\">Piscina(s)<\/span>, <span class=\"gedeelde-faciliteiten-sala-de-fitness\">Sala de fitness<\/span><\/span><\/li><li class=\"mphb-room-type-algemeen mphb-room-type-custom-attribute\"><span class=\"mphb-attribute-title mphb-algemeen-title\">General:<\/span><span class=\"mphb-attribute-value\"> <span class=\"algemeen-aparcamiento-gratuito-en-la-calle\">Aparcamiento gratuito en la calle<\/span>, <span class=\"algemeen-prohibido-fumar\">Fumar prohibido<\/span>, <span class=\"algemeen-garaje-de-estacionamiento-e5-por-noche-o-e90-por-mes\">Garaje de estacionamiento: \u20ac5,- por noche o \u20ac90,- por mes<\/span>, <span class=\"algemeen-mascotas-prohibidas\">Mascotas prohibidas<\/span>, <span class=\"algemeen-toallas-y-ropa-de-cama-disponible\">Toallas y ropa de cama disponible<\/span>, <span class=\"algemeen-wifi-es\">WiFi<\/span><\/span><\/li><li class=\"mphb-room-type-buiten mphb-room-type-custom-attribute\"><span class=\"mphb-attribute-title mphb-buiten-title\">Afuera:<\/span><span class=\"mphb-attribute-value\"> <span class=\"buiten-balcon\">Balc\u00f3n<\/span>, <span class=\"buiten-ducha-al-aire-libre\">Ducha al aire libre<\/span>, <span class=\"buiten-terraza-en-la-azotea-privada\">Terraza en la azotea privada<\/span><\/span><\/li><li class=\"mphb-room-type-binnen mphb-room-type-custom-attribute\"><span class=\"mphb-attribute-title mphb-binnen-title\">Dentro:<\/span><span class=\"mphb-attribute-value\"> <span class=\"binnen-aire-acondicionado\">Aire acondicionado<\/span>, <span class=\"binnen-calefaccion\">Calefacci\u00f3n<\/span>, <span class=\"binnen-hierro\">Hierro<\/span>, <span class=\"binnen-lavadora\">Lavadora<\/span>, <span class=\"binnen-television-satelital-television-internacional\">Televisi\u00f3n satelital \/ televisi\u00f3n internacional<\/span><\/span><\/li><li class=\"mphb-room-type-keuken mphb-room-type-custom-attribute\"><span class=\"mphb-attribute-title mphb-keuken-title\">Cocina:<\/span><span class=\"mphb-attribute-value\"> <span class=\"keuken-cocina-electrica\">Cocina el\u00e9ctrica<\/span>, <span class=\"keuken-congelador\">Congelador<\/span>, <span class=\"keuken-frigorifico\">Frigor\u00edfico<\/span>, <span class=\"keuken-horno\">Horno<\/span>, <span class=\"keuken-lavavajillas\">Lavavajillas<\/span>, <span class=\"keuken-microondas\">Microondas<\/span><\/span><\/li><li class=\"mphb-room-type-slaapkamer-1 mphb-room-type-custom-attribute\"><span class=\"mphb-attribute-title mphb-slaapkamer-1-title\">Dormitorio 1:<\/span><span class=\"mphb-attribute-value\"> <span class=\"slaapkamer-1-bano-en-suite-cuarto-de-bano-1\">Ba\u00f1o en suite (= cuarto de ba\u00f1o 1)<\/span>, <span class=\"slaapkamer-1-cama-doble\">Cama doble<\/span><\/span><\/li><li class=\"mphb-room-type-slaapkamer-2 mphb-room-type-custom-attribute\"><span class=\"mphb-attribute-title mphb-slaapkamer-2-title\">Dormitorio 2:<\/span><span class=\"mphb-attribute-value\"> <span class=\"slaapkamer-2-2-camas-individuales\">2 camas individuales<\/span><\/span><\/li><li class=\"mphb-room-type-badkamer-1 mphb-room-type-custom-attribute\"><span class=\"mphb-attribute-title mphb-badkamer-1-title\">Cuarto de ba\u00f1o 1:<\/span><span class=\"mphb-attribute-value\"> <span class=\"badkamer-1-suelo-radiante\">Calefacci\u00f3n de suelo radiante<\/span>, <span class=\"badkamer-1-ducha-es\">Ducha<\/span>, <span class=\"badkamer-1-ducha-de-lluvia\">Ducha de lluvia<\/span>, <span class=\"badkamer-1-inodoro\">Inodoro<\/span>, <span class=\"badkamer-1-hundirse\">Lavabo<\/span>, <span class=\"badkamer-1-secador-de-pelo\">Secador de pelo<\/span><\/span><\/li><li class=\"mphb-room-type-badkamer-2 mphb-room-type-custom-attribute\"><span class=\"mphb-attribute-title mphb-badkamer-2-title\">Cuarto de ba\u00f1o 2:<\/span><span class=\"mphb-attribute-value\"> <span class=\"badkamer-2-calefaccion-de-suelo-radiante\">Calefacci\u00f3n de suelo radiante<\/span>, <span class=\"badkamer-2-ducha\">Ducha<\/span>, <span class=\"badkamer-2-inodoro\">Inodoro<\/span>, <span class=\"badkamer-2-lavabo\">Lavabo<\/span><\/span><\/li><li class=\"mphb-room-type-woning-met-korting mphb-room-type-custom-attribute\"><span class=\"mphb-attribute-title mphb-woning-met-korting-title\">Propiedad con descuento:<\/span><span class=\"mphb-attribute-value\"> <span class=\"woning-met-korting-descuento2\">10% de descuento para los propietarios de Villa Amalia y sus visitantes (solo para propiedades en Villa Amalia)<\/span>, <span class=\"woning-met-korting-descuento\">5% de descuento para todos los hu\u00e9spedes que regresan. 10% de descuento para todos los hu\u00e9spedes que regresan desde su quinta estancia. \u00a1Este descuento solo se aplica a las reservas de sitio web!<\/span>, <span class=\"woning-met-korting-descuento3\">Descuento de \u00faltima hora: 10% de descuento en noches dentro de 21 d\u00edas<\/span><\/span><\/li>\n<\/ul>\n<div class=\"mphb-to-book-btn-wrapper\">\n<form action=\"https:\/\/www.orangeholidayhousing.com\/es\/accommodation\/amalia-12\/#booking-form-9294\" method=\"get\" ><button type=\"submit\" class=\"button mphb-book-button\" >Hacer reserva<\/button><\/form>\n<br\/><\/div>\n\t\n<\/div>\n<\/div>\t\t\t\t<\/div>\n\t\t\t\t<\/div>\n\t\t\t\t\t<\/div>\n\t\t<\/div>\n\t\t\t\t\t<\/div>\n\t\t<\/section>\n\t\t\t\t<section class=\"elementor-section elementor-top-section elementor-element elementor-element-a7751e0 elementor-section-full_width elementor-section-height-default elementor-section-height-default\" data-id=\"a7751e0\" data-element_type=\"section\">\n\t\t\t\t\t\t<div class=\"elementor-container elementor-column-gap-default\">\n\t\t\t\t\t<div class=\"elementor-column elementor-col-100 elementor-top-column elementor-element elementor-element-4e7e074a\" data-id=\"4e7e074a\" data-element_type=\"column\">\n\t\t\t<div class=\"elementor-widget-wrap elementor-element-populated\">\n\t\t\t\t\t\t<div class=\"elementor-element elementor-element-6ada991a elementor-widget elementor-widget-google_maps\" data-id=\"6ada991a\" data-element_type=\"widget\" data-widget_type=\"google_maps.default\">\n\t\t\t\t<div class=\"elementor-widget-container\">\n\t\t\t\t\t\t\t<div class=\"elementor-custom-embed\">\n\t\t\t<iframe loading=\"lazy\"\n\t\t\t\t\tsrc=\"https:\/\/maps.google.com\/maps?q=Calle%20Maestro%20Quino%20228%20Torrevieja%20Alicante%20Spanje&#038;t=m&#038;z=10&#038;output=embed&#038;iwloc=near\"\n\t\t\t\t\ttitle=\"Calle Maestro Quino 228 Torrevieja Alicante Spanje\"\n\t\t\t\t\taria-label=\"Calle Maestro Quino 228 Torrevieja Alicante Spanje\"\n\t\t\t><\/iframe>\n\t\t<\/div>\n\t\t\t\t\t\t<\/div>\n\t\t\t\t<\/div>\n\t\t\t\t\t<\/div>\n\t\t<\/div>\n\t\t\t\t\t<\/div>\n\t\t<\/section>\n\t\t\t\t<section class=\"elementor-section elementor-top-section elementor-element elementor-element-a3013d8 elementor-section-boxed elementor-section-height-default elementor-section-height-default\" data-id=\"a3013d8\" data-element_type=\"section\">\n\t\t\t\t\t\t<div class=\"elementor-container elementor-column-gap-wide\">\n\t\t\t\t\t<div class=\"elementor-column elementor-col-50 elementor-top-column elementor-element elementor-element-dcee123\" data-id=\"dcee123\" data-element_type=\"column\">\n\t\t\t<div class=\"elementor-widget-wrap elementor-element-populated\">\n\t\t\t\t\t\t<div class=\"elementor-element elementor-element-e1073f8 elementor-widget elementor-widget-text-editor\" data-id=\"e1073f8\" data-element_type=\"widget\" data-widget_type=\"text-editor.default\">\n\t\t\t\t<div class=\"elementor-widget-container\">\n\t\t\t\t\t\t\t\t\t<h3>Tarifas 2023<\/h3>\n<table style=\"width: 100%; height: 323px;\">\n<thead>\n<tr style=\"background-color: #ff7800; border-color: #ff7800;\">\n<td style=\"height: 48px; width: 44.8687%;\"><strong><span style=\"color: #ffffff;\">Periodo<\/span><\/strong><\/td>\n<td style=\"height: 48px; width: 16.9451%;\"><strong><span style=\"color: #ffffff;\"> Por noche <\/span><\/strong><\/td>\n<td style=\"height: 48px; width: 15.9905%;\"><strong><span style=\"color: #ffffff;\">Por semana<\/span><\/strong><\/td>\n<td style=\"height: 48px; width: 19.3317%;\"><strong><span style=\"color: #ffffff;\">Por mes<\/span><\/strong><\/td>\n<\/tr>\n<\/thead>\n<tbody>\n<tr>\n<td style=\"width: 44.8687%;\" width=\"234\">8 de enero \u2013 31 de marzo<\/td>\n<td style=\"width: 16.9451%;\" width=\"68\">\u00a0\u20ac65,-<\/td>\n<td style=\"width: 15.9905%;\" width=\"104\">\u00a0\u20ac423,-<\/td>\n<td style=\"width: 19.3317%;\" width=\"107\">A petici\u00f3n<\/td>\n<\/tr>\n<tr style=\"background-color: #f6f6f6;\">\n<td style=\"width: 44.8687%;\" width=\"234\">1 de abril \u2013 31 de mayo<\/td>\n<td style=\"width: 16.9451%;\" width=\"68\">\u00a0\u20ac80-<\/td>\n<td style=\"width: 15.9905%;\" width=\"104\">\u00a0\u20ac521,-<\/td>\n<td style=\"width: 19.3317%;\" width=\"107\">A petici\u00f3n<\/td>\n<\/tr>\n<tr>\n<td style=\"width: 44.8687%;\" width=\"234\">1 de junio \u2013 30 de junio<\/td>\n<td style=\"width: 16.9451%;\" width=\"68\">\u00a0\u20ac90,-<\/td>\n<td style=\"width: 15.9905%;\" width=\"104\">\u00a0\u20ac586,-<\/td>\n<td style=\"width: 19.3317%;\" width=\"107\">A petici\u00f3n<\/td>\n<\/tr>\n<tr style=\"background-color: #f6f6f6;\">\n<td style=\"width: 44.8687%;\" width=\"234\">1 de julio \u2013 14 de julio<\/td>\n<td style=\"width: 16.9451%;\" width=\"68\">\u00a0\u20ac139,-<\/td>\n<td style=\"width: 15.9905%;\" width=\"104\">\u00a0\u20ac905,-<\/td>\n<td style=\"width: 19.3317%;\" width=\"107\">A petici\u00f3n<\/td>\n<\/tr>\n<tr>\n<td style=\"width: 44.8687%;\" width=\"234\">15 de julio \u2013 19 de agosto<\/td>\n<td style=\"width: 16.9451%;\" width=\"68\">\u00a0\u20ac159,-<\/td>\n<td style=\"width: 15.9905%;\" width=\"104\">\u00a0\u20ac1.035,-<\/td>\n<td style=\"width: 19.3317%;\" width=\"107\">A petici\u00f3n<\/td>\n<\/tr>\n<tr style=\"background-color: #f6f6f6;\">\n<td style=\"width: 44.8687%;\" width=\"234\">20 de agosto \u2013 31 de agosto<\/td>\n<td style=\"width: 16.9451%;\" width=\"68\">\u00a0\u20ac139,-<\/td>\n<td style=\"width: 15.9905%;\" width=\"104\">\u00a0\u20ac905,-<\/td>\n<td style=\"width: 19.3317%;\" width=\"107\">A petici\u00f3n<\/td>\n<\/tr>\n<tr>\n<td style=\"width: 44.8687%;\" width=\"234\">1 de septiembre \u2013 30 de septiembre<\/td>\n<td style=\"width: 16.9451%;\" width=\"68\">\u00a0\u20ac90,-<\/td>\n<td style=\"width: 15.9905%;\" width=\"104\">\u00a0\u20ac586,-<\/td>\n<td style=\"width: 19.3317%;\" width=\"107\">A petici\u00f3n<\/td>\n<\/tr>\n<tr style=\"background-color: #f6f6f6;\">\n<td style=\"width: 44.8687%;\" width=\"234\">1 de octubre \u2013 31 de octubre<\/td>\n<td style=\"width: 16.9451%;\" width=\"68\">\u00a0\u20ac80,-<\/td>\n<td style=\"width: 15.9905%;\" width=\"104\">\u00a0\u20ac521,-<\/td>\n<td style=\"width: 19.3317%;\" width=\"107\">A petici\u00f3n<\/td>\n<\/tr>\n<tr>\n<td style=\"width: 44.8687%;\" width=\"234\">1 de noviembre \u2013 23 de diciembre<\/td>\n<td style=\"width: 16.9451%;\" width=\"68\">\u00a0\u20ac65,-<\/td>\n<td style=\"width: 15.9905%;\" width=\"104\">\u00a0\u20ac423,-<\/td>\n<td style=\"width: 19.3317%;\" width=\"107\">A petici\u00f3n<\/td>\n<\/tr>\n<tr style=\"background-color: #f6f6f6;\">\n<td style=\"width: 44.8687%;\" width=\"234\">24 de diciembre \u2013 7 de enero<\/td>\n<td style=\"width: 16.9451%;\" width=\"68\">\u20ac80,-<\/td>\n<td style=\"width: 15.9905%;\" width=\"104\">\u20ac521,-<\/td>\n<td style=\"width: 19.3317%;\" width=\"107\">A petici\u00f3n<\/td>\n<\/tr>\n<\/tbody>\n<\/table>\t\t\t\t\t\t\t\t<\/div>\n\t\t\t\t<\/div>\n\t\t\t\t\t<\/div>\n\t\t<\/div>\n\t\t\t\t<div class=\"elementor-column elementor-col-50 elementor-top-column elementor-element elementor-element-0b4970e\" data-id=\"0b4970e\" data-element_type=\"column\">\n\t\t\t<div class=\"elementor-widget-wrap elementor-element-populated\">\n\t\t\t\t\t\t<div class=\"elementor-element elementor-element-9ff5b3d elementor-widget elementor-widget-text-editor\" data-id=\"9ff5b3d\" data-element_type=\"widget\" data-widget_type=\"text-editor.default\">\n\t\t\t\t<div class=\"elementor-widget-container\">\n\t\t\t\t\t\t\t\t\t<h3>Precios adicionales<\/h3>\t\t\t\t\t\t\t\t<\/div>\n\t\t\t\t<\/div>\n\t\t\t\t<div class=\"elementor-element elementor-element-d99fae7 elementor-icon-list--layout-traditional elementor-list-item-link-full_width elementor-widget elementor-widget-icon-list\" data-id=\"d99fae7\" data-element_type=\"widget\" data-widget_type=\"icon-list.default\">\n\t\t\t\t<div class=\"elementor-widget-container\">\n\t\t\t\t\t\t\t<ul class=\"elementor-icon-list-items\">\n\t\t\t\t\t\t\t<li class=\"elementor-icon-list-item\">\n\t\t\t\t\t\t\t\t\t\t\t<span class=\"elementor-icon-list-icon\">\n\t\t\t\t\t\t\t<i aria-hidden=\"true\" class=\"fas fa-check\"><\/i>\t\t\t\t\t\t<\/span>\n\t\t\t\t\t\t\t\t\t\t<span class=\"elementor-icon-list-text\">Limpieza final (obligatoria):\t\u20ac90,-<\/span>\n\t\t\t\t\t\t\t\t\t<\/li>\n\t\t\t\t\t\t\t\t<li class=\"elementor-icon-list-item\">\n\t\t\t\t\t\t\t\t\t\t\t<span class=\"elementor-icon-list-icon\">\n\t\t\t\t\t\t\t<i aria-hidden=\"true\" class=\"fas fa-check\"><\/i>\t\t\t\t\t\t<\/span>\n\t\t\t\t\t\t\t\t\t\t<span class=\"elementor-icon-list-text\">Ropa de cama y toallas: incluido<\/span>\n\t\t\t\t\t\t\t\t\t<\/li>\n\t\t\t\t\t\t\t\t<li class=\"elementor-icon-list-item\">\n\t\t\t\t\t\t\t\t\t\t\t<span class=\"elementor-icon-list-icon\">\n\t\t\t\t\t\t\t<i aria-hidden=\"true\" class=\"fas fa-check\"><\/i>\t\t\t\t\t\t<\/span>\n\t\t\t\t\t\t\t\t\t\t<span class=\"elementor-icon-list-text\">Fianza: \u20ac250,-<\/span>\n\t\t\t\t\t\t\t\t\t<\/li>\n\t\t\t\t\t\t\t\t<li class=\"elementor-icon-list-item\">\n\t\t\t\t\t\t\t\t\t\t\t<span class=\"elementor-icon-list-icon\">\n\t\t\t\t\t\t\t<i aria-hidden=\"true\" class=\"fas fa-check\"><\/i>\t\t\t\t\t\t<\/span>\n\t\t\t\t\t\t\t\t\t\t<span class=\"elementor-icon-list-text\">Transfer del aeropuerto: con recargo y sujeto a disponibilidad<\/span>\n\t\t\t\t\t\t\t\t\t<\/li>\n\t\t\t\t\t\t\t\t<li class=\"elementor-icon-list-item\">\n\t\t\t\t\t\t\t\t\t\t\t<span class=\"elementor-icon-list-icon\">\n\t\t\t\t\t\t\t<i aria-hidden=\"true\" class=\"fas fa-check\"><\/i>\t\t\t\t\t\t<\/span>\n\t\t\t\t\t\t\t\t\t\t<span class=\"elementor-icon-list-text\">Cunas \/ asientos para ni\u00f1os: \u20ac25,- por art\u00edculo por semana, sujeto a disponibilidad y necesarios para reservar<\/span>\n\t\t\t\t\t\t\t\t\t<\/li>\n\t\t\t\t\t\t\t\t<li class=\"elementor-icon-list-item\">\n\t\t\t\t\t\t\t\t\t\t\t<span class=\"elementor-icon-list-icon\">\n\t\t\t\t\t\t\t<i aria-hidden=\"true\" class=\"fas fa-check\"><\/i>\t\t\t\t\t\t<\/span>\n\t\t\t\t\t\t\t\t\t\t<span class=\"elementor-icon-list-text\">20 kWh por noche est\u00e1 incluido en el precio. Cuando consumes m\u00e1s, pagas \u20ac0,25 por kWh<\/span>\n\t\t\t\t\t\t\t\t\t<\/li>\n\t\t\t\t\t\t\t\t<li class=\"elementor-icon-list-item\">\n\t\t\t\t\t\t\t\t\t\t\t<span class=\"elementor-icon-list-icon\">\n\t\t\t\t\t\t\t<i aria-hidden=\"true\" class=\"fas fa-check\"><\/i>\t\t\t\t\t\t<\/span>\n\t\t\t\t\t\t\t\t\t\t<span class=\"elementor-icon-list-text\">Un recargo de \u20ac30,- se aplica para check-in despu\u00e9s de las 22.00 (a pagar en efectivo a la llegada)<\/span>\n\t\t\t\t\t\t\t\t\t<\/li>\n\t\t\t\t\t\t<\/ul>\n\t\t\t\t\t\t<\/div>\n\t\t\t\t<\/div>\n\t\t\t\t\t<\/div>\n\t\t<\/div>\n\t\t\t\t\t<\/div>\n\t\t<\/section>\n\t\t\t\t<section class=\"elementor-section elementor-top-section elementor-element elementor-element-7ccfaed elementor-section-boxed elementor-section-height-default elementor-section-height-default\" data-id=\"7ccfaed\" data-element_type=\"section\">\n\t\t\t\t\t\t<div class=\"elementor-container elementor-column-gap-default\">\n\t\t\t\t\t<div class=\"elementor-column elementor-col-100 elementor-top-column elementor-element elementor-element-205ca7a\" data-id=\"205ca7a\" data-element_type=\"column\">\n\t\t\t<div class=\"elementor-widget-wrap elementor-element-populated\">\n\t\t\t\t\t\t<div class=\"elementor-element elementor-element-bd632dc elementor-widget elementor-widget-mphbe-availability-calendar\" data-id=\"bd632dc\" data-element_type=\"widget\" data-widget_type=\"mphbe-availability-calendar.default\">\n\t\t\t\t<div class=\"elementor-widget-container\">\n\t\t\t\t\t<div class=\"mphb_sc_availability_calendar-wrapper\">\t<div class=\"mphb-calendar mphb-datepick inlinePicker mphb-calendar--direct-booking\" data-room-type-id=\"9294\" data-monthstoshow=\"6\" data-is_show_prices=\"0\" data-is_truncate_prices=\"1\" data-is_show_prices_currency=\"0\" data-first_available_check_in_date=\"2026-07-25\"><\/div>\n\t<\/div>\t\t\t\t<\/div>\n\t\t\t\t<\/div>\n\t\t\t\t\t<\/div>\n\t\t<\/div>\n\t\t\t\t\t<\/div>\n\t\t<\/section>\n\t\t\t\t<\/div>\n\t\t","protected":false},"excerpt":{"rendered":"<p>Torrevieja, Alicante, Espa\u00f1a<br \/>\nVilla Amalia: apartamento en la planta superior con balc\u00f3n en el sureste y terraza en la azotea.<br \/>\n4 personas | 2 dormitorios | 2 ba\u00f1os<\/p>\n","protected":false},"featured_media":6754,"menu_order":2,"comment_status":"closed","ping_status":"closed","template":"elementor_header_footer","meta":{"ngg_post_thumbnail":0},"mphb_room_type_category":[391,433,389,385],"mphb_room_type_tag":[],"mphb_room_type_facility":[],"kenmerken":[69],"class_list":["post-9294","mphb_room_type","type-mphb_room_type","status-publish","has-post-thumbnail","hentry","mphb_room_type_category-alicante-es","mphb_room_type_category-amalia-es","mphb_room_type_category-espana","mphb_room_type_category-todas-las-categorias","mphb_ra_regio-alicante-es","kenmerken-testkenmerk","entry","has-media","mphb-room-type-adults-4","mphb-room-type-children-0","has-taxes-and-fees"],"yoast_head":"<!-- This site is optimized with the Yoast SEO plugin v25.2 - https:\/\/yoast.com\/wordpress\/plugins\/seo\/ -->\n<title>Amalia-12 - Orange Holiday Housing<\/title>\n<meta name=\"robots\" content=\"index, follow, max-snippet:-1, max-image-preview:large, max-video-preview:-1\" \/>\n<link rel=\"canonical\" href=\"https:\/\/www.orangeholidayhousing.com\/accommodation\/amalia-12\/\" \/>\n<meta property=\"og:locale\" content=\"es_ES\" \/>\n<meta property=\"og:type\" content=\"article\" \/>\n<meta property=\"og:title\" content=\"Amalia-12 - Orange Holiday Housing\" \/>\n<meta property=\"og:description\" content=\"Torrevieja, Alicante, Espa\u00f1a Villa Amalia: apartamento en la planta superior con balc\u00f3n en el sureste y terraza en la azotea. 4 personas | 2 dormitorios | 2 ba\u00f1os\" \/>\n<meta property=\"og:url\" content=\"https:\/\/www.orangeholidayhousing.com\/accommodation\/amalia-12\/\" \/>\n<meta property=\"og:site_name\" content=\"Orange Holiday Housing\" \/>\n<meta property=\"article:modified_time\" content=\"2025-06-30T19:45:54+00:00\" \/>\n<meta property=\"og:image\" content=\"https:\/\/www.orangeholidayhousing.com\/wp-content\/uploads\/2019\/12\/69a9f96e-756f-4363-afcc-28b40980033e.jpg\" \/>\n\t<meta property=\"og:image:width\" content=\"1800\" \/>\n\t<meta property=\"og:image:height\" content=\"1238\" \/>\n\t<meta property=\"og:image:type\" content=\"image\/jpeg\" \/>\n<meta name=\"twitter:card\" content=\"summary_large_image\" \/>\n<meta name=\"twitter:label1\" content=\"Tiempo de lectura\" \/>\n\t<meta name=\"twitter:data1\" content=\"3 minutos\" \/>\n<script type=\"application\/ld+json\" class=\"yoast-schema-graph\">{\"@context\":\"https:\/\/schema.org\",\"@graph\":[{\"@type\":\"WebPage\",\"@id\":\"https:\/\/www.orangeholidayhousing.com\/accommodation\/amalia-12\/\",\"url\":\"https:\/\/www.orangeholidayhousing.com\/accommodation\/amalia-12\/\",\"name\":\"Amalia-12 - Orange Holiday Housing\",\"isPartOf\":{\"@id\":\"https:\/\/www.orangeholidayhousing.com\/#website\"},\"primaryImageOfPage\":{\"@id\":\"https:\/\/www.orangeholidayhousing.com\/accommodation\/amalia-12\/#primaryimage\"},\"image\":{\"@id\":\"https:\/\/www.orangeholidayhousing.com\/accommodation\/amalia-12\/#primaryimage\"},\"thumbnailUrl\":\"https:\/\/www.orangeholidayhousing.com\/wp-content\/uploads\/2019\/12\/69a9f96e-756f-4363-afcc-28b40980033e.jpg\",\"datePublished\":\"2019-12-13T14:28:28+00:00\",\"dateModified\":\"2025-06-30T19:45:54+00:00\",\"breadcrumb\":{\"@id\":\"https:\/\/www.orangeholidayhousing.com\/accommodation\/amalia-12\/#breadcrumb\"},\"inLanguage\":\"es\",\"potentialAction\":[{\"@type\":\"ReadAction\",\"target\":[\"https:\/\/www.orangeholidayhousing.com\/accommodation\/amalia-12\/\"]}]},{\"@type\":\"ImageObject\",\"inLanguage\":\"es\",\"@id\":\"https:\/\/www.orangeholidayhousing.com\/accommodation\/amalia-12\/#primaryimage\",\"url\":\"https:\/\/www.orangeholidayhousing.com\/wp-content\/uploads\/2019\/12\/69a9f96e-756f-4363-afcc-28b40980033e.jpg\",\"contentUrl\":\"https:\/\/www.orangeholidayhousing.com\/wp-content\/uploads\/2019\/12\/69a9f96e-756f-4363-afcc-28b40980033e.jpg\",\"width\":1800,\"height\":1238},{\"@type\":\"BreadcrumbList\",\"@id\":\"https:\/\/www.orangeholidayhousing.com\/accommodation\/amalia-12\/#breadcrumb\",\"itemListElement\":[{\"@type\":\"ListItem\",\"position\":1,\"name\":\"Home\",\"item\":\"https:\/\/www.orangeholidayhousing.com\/es\/\"},{\"@type\":\"ListItem\",\"position\":2,\"name\":\"Typen accommodaties\",\"item\":\"https:\/\/www.orangeholidayhousing.com\/accommodation\/\"},{\"@type\":\"ListItem\",\"position\":3,\"name\":\"Amalia-12\"}]},{\"@type\":\"WebSite\",\"@id\":\"https:\/\/www.orangeholidayhousing.com\/#website\",\"url\":\"https:\/\/www.orangeholidayhousing.com\/\",\"name\":\"Orange Holiday Housing\",\"description\":\"Orange Holiday Housing website\",\"publisher\":{\"@id\":\"https:\/\/www.orangeholidayhousing.com\/#organization\"},\"potentialAction\":[{\"@type\":\"SearchAction\",\"target\":{\"@type\":\"EntryPoint\",\"urlTemplate\":\"https:\/\/www.orangeholidayhousing.com\/?s={search_term_string}\"},\"query-input\":{\"@type\":\"PropertyValueSpecification\",\"valueRequired\":true,\"valueName\":\"search_term_string\"}}],\"inLanguage\":\"es\"},{\"@type\":\"Organization\",\"@id\":\"https:\/\/www.orangeholidayhousing.com\/#organization\",\"name\":\"Orange Holiday Housing\",\"url\":\"https:\/\/www.orangeholidayhousing.com\/\",\"logo\":{\"@type\":\"ImageObject\",\"inLanguage\":\"es\",\"@id\":\"https:\/\/www.orangeholidayhousing.com\/#\/schema\/logo\/image\/\",\"url\":\"https:\/\/www.orangeholidayhousing.com\/wp-content\/uploads\/2019\/10\/Logo.png\",\"contentUrl\":\"https:\/\/www.orangeholidayhousing.com\/wp-content\/uploads\/2019\/10\/Logo.png\",\"width\":250,\"height\":100,\"caption\":\"Orange Holiday Housing\"},\"image\":{\"@id\":\"https:\/\/www.orangeholidayhousing.com\/#\/schema\/logo\/image\/\"}}]}<\/script>\n<!-- \/ Yoast SEO plugin. -->","yoast_head_json":{"title":"Amalia-12 - Orange Holiday Housing","robots":{"index":"index","follow":"follow","max-snippet":"max-snippet:-1","max-image-preview":"max-image-preview:large","max-video-preview":"max-video-preview:-1"},"canonical":"https:\/\/www.orangeholidayhousing.com\/accommodation\/amalia-12\/","og_locale":"es_ES","og_type":"article","og_title":"Amalia-12 - Orange Holiday Housing","og_description":"Torrevieja, Alicante, Espa\u00f1a Villa Amalia: apartamento en la planta superior con balc\u00f3n en el sureste y terraza en la azotea. 4 personas | 2 dormitorios | 2 ba\u00f1os","og_url":"https:\/\/www.orangeholidayhousing.com\/accommodation\/amalia-12\/","og_site_name":"Orange Holiday Housing","article_modified_time":"2025-06-30T19:45:54+00:00","og_image":[{"width":1800,"height":1238,"url":"https:\/\/www.orangeholidayhousing.com\/wp-content\/uploads\/2019\/12\/69a9f96e-756f-4363-afcc-28b40980033e.jpg","type":"image\/jpeg"}],"twitter_card":"summary_large_image","twitter_misc":{"Tiempo de lectura":"3 minutos"},"schema":{"@context":"https:\/\/schema.org","@graph":[{"@type":"WebPage","@id":"https:\/\/www.orangeholidayhousing.com\/accommodation\/amalia-12\/","url":"https:\/\/www.orangeholidayhousing.com\/accommodation\/amalia-12\/","name":"Amalia-12 - Orange Holiday Housing","isPartOf":{"@id":"https:\/\/www.orangeholidayhousing.com\/#website"},"primaryImageOfPage":{"@id":"https:\/\/www.orangeholidayhousing.com\/accommodation\/amalia-12\/#primaryimage"},"image":{"@id":"https:\/\/www.orangeholidayhousing.com\/accommodation\/amalia-12\/#primaryimage"},"thumbnailUrl":"https:\/\/www.orangeholidayhousing.com\/wp-content\/uploads\/2019\/12\/69a9f96e-756f-4363-afcc-28b40980033e.jpg","datePublished":"2019-12-13T14:28:28+00:00","dateModified":"2025-06-30T19:45:54+00:00","breadcrumb":{"@id":"https:\/\/www.orangeholidayhousing.com\/accommodation\/amalia-12\/#breadcrumb"},"inLanguage":"es","potentialAction":[{"@type":"ReadAction","target":["https:\/\/www.orangeholidayhousing.com\/accommodation\/amalia-12\/"]}]},{"@type":"ImageObject","inLanguage":"es","@id":"https:\/\/www.orangeholidayhousing.com\/accommodation\/amalia-12\/#primaryimage","url":"https:\/\/www.orangeholidayhousing.com\/wp-content\/uploads\/2019\/12\/69a9f96e-756f-4363-afcc-28b40980033e.jpg","contentUrl":"https:\/\/www.orangeholidayhousing.com\/wp-content\/uploads\/2019\/12\/69a9f96e-756f-4363-afcc-28b40980033e.jpg","width":1800,"height":1238},{"@type":"BreadcrumbList","@id":"https:\/\/www.orangeholidayhousing.com\/accommodation\/amalia-12\/#breadcrumb","itemListElement":[{"@type":"ListItem","position":1,"name":"Home","item":"https:\/\/www.orangeholidayhousing.com\/es\/"},{"@type":"ListItem","position":2,"name":"Typen accommodaties","item":"https:\/\/www.orangeholidayhousing.com\/accommodation\/"},{"@type":"ListItem","position":3,"name":"Amalia-12"}]},{"@type":"WebSite","@id":"https:\/\/www.orangeholidayhousing.com\/#website","url":"https:\/\/www.orangeholidayhousing.com\/","name":"Orange Holiday Housing","description":"Orange Holiday Housing website","publisher":{"@id":"https:\/\/www.orangeholidayhousing.com\/#organization"},"potentialAction":[{"@type":"SearchAction","target":{"@type":"EntryPoint","urlTemplate":"https:\/\/www.orangeholidayhousing.com\/?s={search_term_string}"},"query-input":{"@type":"PropertyValueSpecification","valueRequired":true,"valueName":"search_term_string"}}],"inLanguage":"es"},{"@type":"Organization","@id":"https:\/\/www.orangeholidayhousing.com\/#organization","name":"Orange Holiday Housing","url":"https:\/\/www.orangeholidayhousing.com\/","logo":{"@type":"ImageObject","inLanguage":"es","@id":"https:\/\/www.orangeholidayhousing.com\/#\/schema\/logo\/image\/","url":"https:\/\/www.orangeholidayhousing.com\/wp-content\/uploads\/2019\/10\/Logo.png","contentUrl":"https:\/\/www.orangeholidayhousing.com\/wp-content\/uploads\/2019\/10\/Logo.png","width":250,"height":100,"caption":"Orange Holiday Housing"},"image":{"@id":"https:\/\/www.orangeholidayhousing.com\/#\/schema\/logo\/image\/"}}]}},"_links":{"self":[{"href":"https:\/\/www.orangeholidayhousing.com\/es\/wp-json\/wp\/v2\/mphb_room_type\/9294","targetHints":{"allow":["GET"]}}],"collection":[{"href":"https:\/\/www.orangeholidayhousing.com\/es\/wp-json\/wp\/v2\/mphb_room_type"}],"about":[{"href":"https:\/\/www.orangeholidayhousing.com\/es\/wp-json\/wp\/v2\/types\/mphb_room_type"}],"replies":[{"embeddable":true,"href":"https:\/\/www.orangeholidayhousing.com\/es\/wp-json\/wp\/v2\/comments?post=9294"}],"version-history":[{"count":44,"href":"https:\/\/www.orangeholidayhousing.com\/es\/wp-json\/wp\/v2\/mphb_room_type\/9294\/revisions"}],"predecessor-version":[{"id":1325727,"href":"https:\/\/www.orangeholidayhousing.com\/es\/wp-json\/wp\/v2\/mphb_room_type\/9294\/revisions\/1325727"}],"wp:featuredmedia":[{"embeddable":true,"href":"https:\/\/www.orangeholidayhousing.com\/es\/wp-json\/wp\/v2\/media\/6754"}],"wp:attachment":[{"href":"https:\/\/www.orangeholidayhousing.com\/es\/wp-json\/wp\/v2\/media?parent=9294"}],"wp:term":[{"taxonomy":"mphb_room_type_category","embeddable":true,"href":"https:\/\/www.orangeholidayhousing.com\/es\/wp-json\/wp\/v2\/mphb_room_type_category?post=9294"},{"taxonomy":"mphb_room_type_tag","embeddable":true,"href":"https:\/\/www.orangeholidayhousing.com\/es\/wp-json\/wp\/v2\/mphb_room_type_tag?post=9294"},{"taxonomy":"mphb_room_type_facility","embeddable":true,"href":"https:\/\/www.orangeholidayhousing.com\/es\/wp-json\/wp\/v2\/mphb_room_type_facility?post=9294"},{"taxonomy":"kenmerken","embeddable":true,"href":"https:\/\/www.orangeholidayhousing.com\/es\/wp-json\/wp\/v2\/kenmerken?post=9294"}],"curies":[{"name":"wp","href":"https:\/\/api.w.org\/{rel}","templated":true}]}}