{"id":9345,"date":"2019-12-19T11:53:04","date_gmt":"2019-12-19T10:53:04","guid":{"rendered":"https:\/\/www.orangeholidayhousing.com\/?post_type=mphb_room_type&#038;p=9345"},"modified":"2024-07-02T17:57:33","modified_gmt":"2024-07-02T15:57:33","slug":"dona-clemen","status":"publish","type":"mphb_room_type","link":"https:\/\/www.orangeholidayhousing.com\/es\/accommodation\/dona-clemen\/","title":{"rendered":"Do\u00f1a Clemen"},"content":{"rendered":"\t\t<div data-elementor-type=\"wp-post\" data-elementor-id=\"9345\" class=\"elementor elementor-9345\" data-elementor-post-type=\"mphb_room_type\">\n\t\t\t\t\t\t<section class=\"elementor-section elementor-top-section elementor-element elementor-element-7de332a4 elementor-section-full_width elementor-section-height-default elementor-section-height-default\" data-id=\"7de332a4\" data-element_type=\"section\">\n\t\t\t\t\t\t<div class=\"elementor-container elementor-column-gap-default\">\n\t\t\t\t\t<div class=\"elementor-column elementor-col-100 elementor-top-column elementor-element elementor-element-62379578\" data-id=\"62379578\" data-element_type=\"column\">\n\t\t\t<div class=\"elementor-widget-wrap elementor-element-populated\">\n\t\t\t\t\t\t<div class=\"elementor-element elementor-element-74ccd639 elementor-widget elementor-widget-theme-post-featured-image elementor-widget-image\" data-id=\"74ccd639\" data-element_type=\"widget\" data-widget_type=\"theme-post-featured-image.default\">\n\t\t\t\t<div class=\"elementor-widget-container\">\n\t\t\t\t\t\t\t\t\t\t\t\t\t\t\t<img decoding=\"async\" src=\"https:\/\/www.orangeholidayhousing.com\/wp-content\/uploads\/elementor\/thumbs\/dona-clemen-oin8bzubvmay49vm21m71ycipatotofn8sa1pyuvmc.jpeg\" title=\"dona-clemen\" alt=\"dona-clemen\" loading=\"lazy\" \/>\t\t\t\t\t\t\t\t\t\t\t\t\t\t\t<\/div>\n\t\t\t\t<\/div>\n\t\t\t\t\t<\/div>\n\t\t<\/div>\n\t\t\t\t\t<\/div>\n\t\t<\/section>\n\t\t\t\t<section class=\"elementor-section elementor-top-section elementor-element elementor-element-2957ab41 elementor-section-boxed elementor-section-height-default elementor-section-height-default\" data-id=\"2957ab41\" data-element_type=\"section\">\n\t\t\t\t\t\t<div class=\"elementor-container elementor-column-gap-default\">\n\t\t\t\t\t<div class=\"elementor-column elementor-col-100 elementor-top-column elementor-element elementor-element-5e65e526\" data-id=\"5e65e526\" data-element_type=\"column\">\n\t\t\t<div class=\"elementor-widget-wrap elementor-element-populated\">\n\t\t\t\t\t\t<div class=\"elementor-element elementor-element-589da307 elementor-widget elementor-widget-text-editor\" data-id=\"589da307\" data-element_type=\"widget\" data-widget_type=\"text-editor.default\">\n\t\t\t\t<div class=\"elementor-widget-container\">\n\t\t\t\t\t\t\t\t\t<h2 style=\"margin-top: 0px; margin-bottom: 0px; padding-top: 16px; padding-bottom: 8px; line-height: 4.4rem; font-variant-caps: normal; font-variant-ligatures: normal; font-style: normal; font-size: 2.2rem; font-family: Verdana, Geneva, sans-serif;\">Do\u00f1a Clemen<\/h2><div style=\"line-height: 1.4;\"><p style=\"margin-bottom: 0px; line-height: 1.4;\"><span style=\"font-family: Verdana, Geneva, sans-serif;\">Este apartamento no es propiedad de Orange Holiday Housing. Alquilamos esta propiedad para un tercero.\u00a0<br \/><br \/><\/span><span style=\"font-family: Verdana, Geneva, sans-serif;\">Do\u00f1a Clemen es un complejo nuevo y moderno en el centro de la ciudad de Torrevieja, en medio de todos los servicios y a 400 metros de distancia del puerto, las playas y el bulevar.\u00a0<\/span><span style=\"font-family: Verdana, Geneva, sans-serif;\">Este lujoso apartamento con 2 dormitorios y 2 cuartos de ba\u00f1o tiene un balc\u00f3n privado orientado al sur. Hay una terraza comunitaria en la azotea. La cocina de lujo est\u00e1 totalmente equipada (vitrocer\u00e1mica, horno, microondas, lavavajillas, cafetera, hervidor, sartenes, platos, cubiertos y una lavadora). Hay WiFi y televisi\u00f3n internacional (IPTV). El dormitorio principal tiene una cama doble y un ba\u00f1o en suite. El segundo dormitorio tiene dos camas individuales y un ba\u00f1o separado. Todo el apartamento se calienta y se enfr\u00eda por medio de aire caliente\/fr\u00edo. El aparcamiento en el garaje subterr\u00e1neo es gratuito. El complejo tiene un ascensor.\u00a0<br \/><br \/><\/span><span style=\"font-family: Verdana, Geneva, sans-serif;\">N\u00famero de licensia: VT-460636-A<\/span><\/p><\/div><div style=\"font-style: normal; font-variant-ligatures: normal; font-variant-caps: normal; font-weight: 400; font-size: 16px; line-height: 1.4; font-family: Verdana, Geneva, sans-serif;\"><p style=\"margin-bottom: 0px; font-size: 1.6rem; line-height: 1.4; font-family: Verdana, Geneva, sans-serif;\">\u00a0<\/p><\/div><div>\u00a0<\/div>\t\t\t\t\t\t\t\t<\/div>\n\t\t\t\t<\/div>\n\t\t\t\t\t<\/div>\n\t\t<\/div>\n\t\t\t\t\t<\/div>\n\t\t<\/section>\n\t\t\t\t<section class=\"elementor-section elementor-top-section elementor-element elementor-element-0a10f93 elementor-section-boxed elementor-section-height-default elementor-section-height-default\" data-id=\"0a10f93\" data-element_type=\"section\">\n\t\t\t\t\t\t<div class=\"elementor-container elementor-column-gap-default\">\n\t\t\t\t\t<div class=\"elementor-column elementor-col-100 elementor-top-column elementor-element elementor-element-aeb8c6a\" data-id=\"aeb8c6a\" data-element_type=\"column\">\n\t\t\t<div class=\"elementor-widget-wrap elementor-element-populated\">\n\t\t\t\t\t\t<div class=\"elementor-element elementor-element-1758169 elementor-widget elementor-widget-shortcode\" data-id=\"1758169\" data-element_type=\"widget\" data-widget_type=\"shortcode.default\">\n\t\t\t\t<div class=\"elementor-widget-container\">\n\t\t\t\t\t\t\t<div class=\"elementor-shortcode\">ngg_shortcode_0_placeholder<\/div>\n\t\t\t\t\t\t<\/div>\n\t\t\t\t<\/div>\n\t\t\t\t\t<\/div>\n\t\t<\/div>\n\t\t\t\t\t<\/div>\n\t\t<\/section>\n\t\t\t\t<section class=\"elementor-section elementor-top-section elementor-element elementor-element-57b7c10 elementor-section-boxed elementor-section-height-default elementor-section-height-default\" data-id=\"57b7c10\" data-element_type=\"section\">\n\t\t\t\t\t\t<div class=\"elementor-container elementor-column-gap-default\">\n\t\t\t\t\t<div class=\"elementor-column elementor-col-100 elementor-top-column elementor-element elementor-element-33e5c226\" data-id=\"33e5c226\" data-element_type=\"column\">\n\t\t\t<div class=\"elementor-widget-wrap elementor-element-populated\">\n\t\t\t\t\t\t<div class=\"elementor-element elementor-element-88083fd elementor-widget elementor-widget-mphbe-room\" data-id=\"88083fd\" data-element_type=\"widget\" data-widget_type=\"mphbe-room.default\">\n\t\t\t\t<div class=\"elementor-widget-container\">\n\t\t\t\t\t<div class=\"mphb_sc_room-wrapper \"><div class=\"mphb-room-type post-9345 mphb_room_type type-mphb_room_type status-publish has-post-thumbnail mphb_room_type_category-alicante-es mphb_room_type_category-espana mphb_room_type_category-todas-las-categorias mphb_ra_regio-alicante-es kenmerken-testkenmerk entry has-media mphb-room-type-adults-4 mphb-room-type-children-0 has-taxes-and-fees\">\n\n\t\n\t\n<h3 class=\"mphb-room-type-details-title\">Detalles<\/h3><ul class=\"mphb-loop-room-type-attributes\">\n\n\n\t<li class=\"mphb-room-type-adults-capacity\"><span class=\"mphb-attribute-title mphb-adults-title\">Hu\u00e9spedes:<\/span><span class=\"mphb-attribute-value\">\n\t4\n\t<\/span><\/li>\n\t\n\n\n\n\n\n\n\n\n\t<li class=\"mphb-room-type-categories\"><span class=\"mphb-attribute-title mphb-categories-title\">Categor\u00edas:<\/span><span class=\"mphb-attribute-value\"> <span class=\"category-alicante-es\"><a href=\"https:\/\/www.orangeholidayhousing.com\/es\/accommodation-category\/espana\/alicante-es\/\">Alicante<\/a><\/span>, <span class=\"category-espana\"><a href=\"https:\/\/www.orangeholidayhousing.com\/es\/accommodation-category\/espana\/\">Espa\u00f1a<\/a><\/span>, <span class=\"category-todas-las-categorias\"><a href=\"https:\/\/www.orangeholidayhousing.com\/es\/accommodation-category\/todas-las-categorias\/\">todas las categorias<\/a><\/span><\/span><\/li>\n\t<li class=\"mphb-room-type-gedeelde-faciliteiten mphb-room-type-custom-attribute\"><span class=\"mphb-attribute-title mphb-gedeelde-faciliteiten-title\">Instalaciones comunes:<\/span><span class=\"mphb-attribute-value\"> <span class=\"gedeelde-faciliteiten-terraza-en-la-azotea\">Terraza en la azotea<\/span><\/span><\/li><li class=\"mphb-room-type-algemeen mphb-room-type-custom-attribute\"><span class=\"mphb-attribute-title mphb-algemeen-title\">General:<\/span><span class=\"mphb-attribute-value\"> <span class=\"algemeen-aparcamiento-gratuito-en-la-calle\">Aparcamiento gratuito en la calle<\/span>, <span class=\"algemeen-prohibido-fumar\">Fumar prohibido<\/span>, <span class=\"algemeen-garaje-de-estacionamiento\">Garaje de estacionamiento<\/span>, <span class=\"algemeen-mascotas-prohibidas\">Mascotas prohibidas<\/span>, <span class=\"algemeen-toallas-y-ropa-de-cama-disponible\">Toallas y ropa de cama disponible<\/span>, <span class=\"algemeen-wifi-es\">WiFi<\/span><\/span><\/li><li class=\"mphb-room-type-buiten mphb-room-type-custom-attribute\"><span class=\"mphb-attribute-title mphb-buiten-title\">Afuera:<\/span><span class=\"mphb-attribute-value\"> <span class=\"buiten-balcon\">Balc\u00f3n<\/span><\/span><\/li><li class=\"mphb-room-type-binnen mphb-room-type-custom-attribute\"><span class=\"mphb-attribute-title mphb-binnen-title\">Dentro:<\/span><span class=\"mphb-attribute-value\"> <span class=\"binnen-aire-acondicionado\">Aire acondicionado<\/span>, <span class=\"binnen-calefaccion\">Calefacci\u00f3n<\/span>, <span class=\"binnen-hierro\">Hierro<\/span>, <span class=\"binnen-lavadora\">Lavadora<\/span>, <span class=\"binnen-television-satelital-television-internacional\">Televisi\u00f3n satelital \/ televisi\u00f3n internacional<\/span><\/span><\/li><li class=\"mphb-room-type-keuken mphb-room-type-custom-attribute\"><span class=\"mphb-attribute-title mphb-keuken-title\">Cocina:<\/span><span class=\"mphb-attribute-value\"> <span class=\"keuken-cocina-electrica\">Cocina el\u00e9ctrica<\/span>, <span class=\"keuken-congelador\">Congelador<\/span>, <span class=\"keuken-frigorifico\">Frigor\u00edfico<\/span>, <span class=\"keuken-horno\">Horno<\/span>, <span class=\"keuken-lavavajillas\">Lavavajillas<\/span>, <span class=\"keuken-microondas\">Microondas<\/span><\/span><\/li><li class=\"mphb-room-type-slaapkamer-1 mphb-room-type-custom-attribute\"><span class=\"mphb-attribute-title mphb-slaapkamer-1-title\">Dormitorio 1:<\/span><span class=\"mphb-attribute-value\"> <span class=\"slaapkamer-1-bano-en-suite-cuarto-de-bano-1\">Ba\u00f1o en suite (= cuarto de ba\u00f1o 1)<\/span>, <span class=\"slaapkamer-1-cama-doble\">Cama doble<\/span><\/span><\/li><li class=\"mphb-room-type-slaapkamer-2 mphb-room-type-custom-attribute\"><span class=\"mphb-attribute-title mphb-slaapkamer-2-title\">Dormitorio 2:<\/span><span class=\"mphb-attribute-value\"> <span class=\"slaapkamer-2-2-camas-individuales\">2 camas individuales<\/span><\/span><\/li><li class=\"mphb-room-type-badkamer-1 mphb-room-type-custom-attribute\"><span class=\"mphb-attribute-title mphb-badkamer-1-title\">Cuarto de ba\u00f1o 1:<\/span><span class=\"mphb-attribute-value\"> <span class=\"badkamer-1-ducha-es\">Ducha<\/span>, <span class=\"badkamer-1-inodoro\">Inodoro<\/span>, <span class=\"badkamer-1-hundirse\">Lavabo<\/span>, <span class=\"badkamer-1-secador-de-pelo\">Secador de pelo<\/span><\/span><\/li><li class=\"mphb-room-type-badkamer-2 mphb-room-type-custom-attribute\"><span class=\"mphb-attribute-title mphb-badkamer-2-title\">Cuarto de ba\u00f1o 2:<\/span><span class=\"mphb-attribute-value\"> <span class=\"badkamer-2-ducha\">Ducha<\/span>, <span class=\"badkamer-2-inodoro\">Inodoro<\/span>, <span class=\"badkamer-2-lavabo\">Lavabo<\/span><\/span><\/li><li class=\"mphb-room-type-woning-met-korting mphb-room-type-custom-attribute\"><span class=\"mphb-attribute-title mphb-woning-met-korting-title\">Propiedad con descuento:<\/span><span class=\"mphb-attribute-value\"> <span class=\"woning-met-korting-descuento\">5% de descuento para todos los hu\u00e9spedes que regresan. 10% de descuento para todos los hu\u00e9spedes que regresan desde su quinta estancia. \u00a1Este descuento solo se aplica a las reservas de sitio web!<\/span>, <span class=\"woning-met-korting-descuento3\">Descuento de \u00faltima hora: 10% de descuento en noches dentro de 21 d\u00edas<\/span><\/span><\/li>\n<\/ul>\n<div class=\"mphb-to-book-btn-wrapper\">\n<form action=\"https:\/\/www.orangeholidayhousing.com\/es\/accommodation\/dona-clemen\/#booking-form-9345\" method=\"get\" ><button type=\"submit\" class=\"button mphb-book-button\" >Hacer reserva<\/button><\/form>\n<br\/><\/div>\n\t\n<\/div>\n<\/div>\t\t\t\t<\/div>\n\t\t\t\t<\/div>\n\t\t\t\t\t<\/div>\n\t\t<\/div>\n\t\t\t\t\t<\/div>\n\t\t<\/section>\n\t\t\t\t<section class=\"elementor-section elementor-top-section elementor-element elementor-element-a7751e0 elementor-section-full_width elementor-section-height-default elementor-section-height-default\" data-id=\"a7751e0\" data-element_type=\"section\">\n\t\t\t\t\t\t<div class=\"elementor-container elementor-column-gap-default\">\n\t\t\t\t\t<div class=\"elementor-column elementor-col-100 elementor-top-column elementor-element elementor-element-4e7e074a\" data-id=\"4e7e074a\" data-element_type=\"column\">\n\t\t\t<div class=\"elementor-widget-wrap elementor-element-populated\">\n\t\t\t\t\t\t<div class=\"elementor-element elementor-element-6ada991a elementor-widget elementor-widget-google_maps\" data-id=\"6ada991a\" data-element_type=\"widget\" data-widget_type=\"google_maps.default\">\n\t\t\t\t<div class=\"elementor-widget-container\">\n\t\t\t\t\t\t\t<div class=\"elementor-custom-embed\">\n\t\t\t<iframe loading=\"lazy\"\n\t\t\t\t\tsrc=\"https:\/\/maps.google.com\/maps?q=Avenida%20Diego%20Ramirez%20Pastor%20113%20Torrevieja%2C%20Alicante%2C%20Spanje&#038;t=m&#038;z=10&#038;output=embed&#038;iwloc=near\"\n\t\t\t\t\ttitle=\"Avenida Diego Ramirez Pastor 113 Torrevieja, Alicante, Spanje\"\n\t\t\t\t\taria-label=\"Avenida Diego Ramirez Pastor 113 Torrevieja, Alicante, Spanje\"\n\t\t\t><\/iframe>\n\t\t<\/div>\n\t\t\t\t\t\t<\/div>\n\t\t\t\t<\/div>\n\t\t\t\t\t<\/div>\n\t\t<\/div>\n\t\t\t\t\t<\/div>\n\t\t<\/section>\n\t\t\t\t<section class=\"elementor-section elementor-top-section elementor-element elementor-element-a3013d8 elementor-section-boxed elementor-section-height-default elementor-section-height-default\" data-id=\"a3013d8\" data-element_type=\"section\">\n\t\t\t\t\t\t<div class=\"elementor-container elementor-column-gap-wide\">\n\t\t\t\t\t<div class=\"elementor-column elementor-col-50 elementor-top-column elementor-element elementor-element-dcee123\" data-id=\"dcee123\" data-element_type=\"column\">\n\t\t\t<div class=\"elementor-widget-wrap elementor-element-populated\">\n\t\t\t\t\t\t<div class=\"elementor-element elementor-element-7c70f35 elementor-widget elementor-widget-text-editor\" data-id=\"7c70f35\" data-element_type=\"widget\" data-widget_type=\"text-editor.default\">\n\t\t\t\t<div class=\"elementor-widget-container\">\n\t\t\t\t\t\t\t\t\t<h3>Tarifas<\/h3><table style=\"width: 100%;\"><thead><tr style=\"background-color: #ff7800; border-color: #ff7800;\"><td style=\"width: 53.341800711743765%;\"><strong><span style=\"color: #ffffff;\">Periodo<\/span><\/strong><\/td><td style=\"width: 9.676999288256232%;\"><strong><span style=\"color: #ffffff;\">Por noche<\/span><\/strong><\/td><td style=\"width: 15.440266666666663%;\"><strong><span style=\"color: #ffffff;\">Por semena\u00a0\u00a0<\/span><\/strong><\/td><td style=\"width: 17.012583333333335%;\"><strong><span style=\"color: #ffffff;\">Per mes<\/span><\/strong><\/td><\/tr><\/thead><tbody><tr><td style=\"width: 53.341800711743765%;\">1 de enero &#8211; 31 de marzo<\/td><td style=\"width: 9.676999288256232%;\">\u20ac45,-<\/td><td style=\"width: 15.440266666666663%;\">\u20ac315,-<\/td><td style=\"width: 17.012583333333335%;\">\u20ac750,-<\/td><\/tr><tr style=\"background-color: #f6f6f6;\"><td style=\"width: 53.341800711743765%;\">1 de abril &#8211; 31 de mayo<\/td><td style=\"width: 9.676999288256232%;\">\u20ac55,-<\/td><td style=\"width: 15.440266666666663%;\">\u20ac385,-<\/td><td style=\"width: 17.012583333333335%;\">\u20ac890,-<\/td><\/tr><tr><td style=\"width: 53.341800711743765%;\">1 de junio &#8211; 30 de junio<\/td><td style=\"width: 9.676999288256232%;\">\u20ac69,-<\/td><td style=\"width: 15.440266666666663%;\">\u20ac483,-<\/td><td style=\"width: 17.012583333333335%;\">\u20ac1.150,-<\/td><\/tr><tr style=\"background-color: #f6f6f6;\"><td style=\"width: 53.341800711743765%;\">1 de julio &#8211; 31 de agosto<\/td><td style=\"width: 9.676999288256232%;\">\u20ac75,-<\/td><td style=\"width: 15.440266666666663%;\">\u20ac525,-<\/td><td style=\"width: 17.012583333333335%;\">\u20ac1.850,-<\/td><\/tr><tr><td style=\"width: 53.341800711743765%;\">1 de septiembre &#8211; 30 de septiembre<\/td><td style=\"width: 9.676999288256232%;\">\u20ac69,-<\/td><td style=\"width: 15.440266666666663%;\">\u20ac483,-<\/td><td style=\"width: 17.012583333333335%;\">\u20ac1.150,-<\/td><\/tr><tr style=\"background-color: #f6f6f6;\"><td style=\"width: 53.341800711743765%;\">1 de octubre &#8211; 31 de octubre<\/td><td style=\"width: 9.676999288256232%;\">\u20ac55,-<\/td><td style=\"width: 15.440266666666663%;\">\u20ac385,-<\/td><td style=\"width: 17.012583333333335%;\">\u20ac890,-<\/td><\/tr><tr><td style=\"width: 53.341800711743765%;\">1 de noviembre &#8211; 31 de diciembre<\/td><td style=\"width: 9.676999288256232%;\">\u20ac45,-<\/td><td style=\"width: 15.440266666666663%;\">\u20ac315,-<\/td><td style=\"width: 17.012583333333335%;\">\u20ac750,-<\/td><\/tr><\/tbody><\/table>\t\t\t\t\t\t\t\t<\/div>\n\t\t\t\t<\/div>\n\t\t\t\t\t<\/div>\n\t\t<\/div>\n\t\t\t\t<div class=\"elementor-column elementor-col-50 elementor-top-column elementor-element elementor-element-0b4970e\" data-id=\"0b4970e\" data-element_type=\"column\">\n\t\t\t<div class=\"elementor-widget-wrap elementor-element-populated\">\n\t\t\t\t\t\t<div class=\"elementor-element elementor-element-9ff5b3d elementor-widget elementor-widget-text-editor\" data-id=\"9ff5b3d\" data-element_type=\"widget\" data-widget_type=\"text-editor.default\">\n\t\t\t\t<div class=\"elementor-widget-container\">\n\t\t\t\t\t\t\t\t\t<h3>Precios adicionales<\/h3>\t\t\t\t\t\t\t\t<\/div>\n\t\t\t\t<\/div>\n\t\t\t\t<div class=\"elementor-element elementor-element-d99fae7 elementor-icon-list--layout-traditional elementor-list-item-link-full_width elementor-widget elementor-widget-icon-list\" data-id=\"d99fae7\" data-element_type=\"widget\" data-widget_type=\"icon-list.default\">\n\t\t\t\t<div class=\"elementor-widget-container\">\n\t\t\t\t\t\t\t<ul class=\"elementor-icon-list-items\">\n\t\t\t\t\t\t\t<li class=\"elementor-icon-list-item\">\n\t\t\t\t\t\t\t\t\t\t\t<span class=\"elementor-icon-list-icon\">\n\t\t\t\t\t\t\t<i aria-hidden=\"true\" class=\"fas fa-check\"><\/i>\t\t\t\t\t\t<\/span>\n\t\t\t\t\t\t\t\t\t\t<span class=\"elementor-icon-list-text\">Limpieza final: \u20ac115,- (obligatoria)<\/span>\n\t\t\t\t\t\t\t\t\t<\/li>\n\t\t\t\t\t\t\t\t<li class=\"elementor-icon-list-item\">\n\t\t\t\t\t\t\t\t\t\t\t<span class=\"elementor-icon-list-icon\">\n\t\t\t\t\t\t\t<i aria-hidden=\"true\" class=\"fas fa-check\"><\/i>\t\t\t\t\t\t<\/span>\n\t\t\t\t\t\t\t\t\t\t<span class=\"elementor-icon-list-text\">Ropa de cama y toallas: incluido<\/span>\n\t\t\t\t\t\t\t\t\t<\/li>\n\t\t\t\t\t\t\t\t<li class=\"elementor-icon-list-item\">\n\t\t\t\t\t\t\t\t\t\t\t<span class=\"elementor-icon-list-icon\">\n\t\t\t\t\t\t\t<i aria-hidden=\"true\" class=\"fas fa-check\"><\/i>\t\t\t\t\t\t<\/span>\n\t\t\t\t\t\t\t\t\t\t<span class=\"elementor-icon-list-text\">Fianza: \u20ac250,-<\/span>\n\t\t\t\t\t\t\t\t\t<\/li>\n\t\t\t\t\t\t\t\t<li class=\"elementor-icon-list-item\">\n\t\t\t\t\t\t\t\t\t\t\t<span class=\"elementor-icon-list-icon\">\n\t\t\t\t\t\t\t<i aria-hidden=\"true\" class=\"fas fa-check\"><\/i>\t\t\t\t\t\t<\/span>\n\t\t\t\t\t\t\t\t\t\t<span class=\"elementor-icon-list-text\">Transfer del aeropuerto: con recargo y sujeto a disponibilidad<\/span>\n\t\t\t\t\t\t\t\t\t<\/li>\n\t\t\t\t\t\t\t\t<li class=\"elementor-icon-list-item\">\n\t\t\t\t\t\t\t\t\t\t\t<span class=\"elementor-icon-list-icon\">\n\t\t\t\t\t\t\t<i aria-hidden=\"true\" class=\"fas fa-check\"><\/i>\t\t\t\t\t\t<\/span>\n\t\t\t\t\t\t\t\t\t\t<span class=\"elementor-icon-list-text\">Cunas \/ asientos para ni\u00f1os:\t\u20ac20,- por art\u00edculo por estancia, necesarios para reservar y sujeto a disponibilidad<\/span>\n\t\t\t\t\t\t\t\t\t<\/li>\n\t\t\t\t\t\t\t\t<li class=\"elementor-icon-list-item\">\n\t\t\t\t\t\t\t\t\t\t\t<span class=\"elementor-icon-list-icon\">\n\t\t\t\t\t\t\t<i aria-hidden=\"true\" class=\"fas fa-check\"><\/i>\t\t\t\t\t\t<\/span>\n\t\t\t\t\t\t\t\t\t\t<span class=\"elementor-icon-list-text\">20 kWh por noche est\u00e1 incluido en el precio. Cuando consumes m\u00e1s, pagas \u20ac0,25 por kWh<\/span>\n\t\t\t\t\t\t\t\t\t<\/li>\n\t\t\t\t\t\t\t\t<li class=\"elementor-icon-list-item\">\n\t\t\t\t\t\t\t\t\t\t\t<span class=\"elementor-icon-list-icon\">\n\t\t\t\t\t\t\t<i aria-hidden=\"true\" class=\"fas fa-check\"><\/i>\t\t\t\t\t\t<\/span>\n\t\t\t\t\t\t\t\t\t\t<span class=\"elementor-icon-list-text\">Un recargo de \u20ac30,- se aplica para check-in despu\u00e9s de las 22.00<\/span>\n\t\t\t\t\t\t\t\t\t<\/li>\n\t\t\t\t\t\t<\/ul>\n\t\t\t\t\t\t<\/div>\n\t\t\t\t<\/div>\n\t\t\t\t\t<\/div>\n\t\t<\/div>\n\t\t\t\t\t<\/div>\n\t\t<\/section>\n\t\t\t\t<section class=\"elementor-section elementor-top-section elementor-element elementor-element-7ccfaed elementor-section-boxed elementor-section-height-default elementor-section-height-default\" data-id=\"7ccfaed\" data-element_type=\"section\">\n\t\t\t\t\t\t<div class=\"elementor-container elementor-column-gap-default\">\n\t\t\t\t\t<div class=\"elementor-column elementor-col-100 elementor-top-column elementor-element elementor-element-205ca7a\" data-id=\"205ca7a\" data-element_type=\"column\">\n\t\t\t<div class=\"elementor-widget-wrap elementor-element-populated\">\n\t\t\t\t\t\t<div class=\"elementor-element elementor-element-bd632dc elementor-widget elementor-widget-mphbe-availability-calendar\" data-id=\"bd632dc\" data-element_type=\"widget\" data-widget_type=\"mphbe-availability-calendar.default\">\n\t\t\t\t<div class=\"elementor-widget-container\">\n\t\t\t\t\t<div class=\"mphb_sc_availability_calendar-wrapper\">\t<div class=\"mphb-calendar mphb-datepick inlinePicker mphb-calendar--direct-booking\" data-room-type-id=\"9345\" data-monthstoshow=\"6\" data-is_show_prices=\"0\" data-is_truncate_prices=\"1\" data-is_show_prices_currency=\"0\" data-first_available_check_in_date=\"2026-04-30\"><\/div>\n\t<\/div>\t\t\t\t<\/div>\n\t\t\t\t<\/div>\n\t\t\t\t\t<\/div>\n\t\t<\/div>\n\t\t\t\t\t<\/div>\n\t\t<\/section>\n\t\t\t\t<section class=\"elementor-section elementor-top-section elementor-element elementor-element-3e393a9 elementor-section-boxed elementor-section-height-default elementor-section-height-default\" data-id=\"3e393a9\" data-element_type=\"section\">\n\t\t\t\t\t\t<div class=\"elementor-container elementor-column-gap-default\">\n\t\t\t\t\t<div class=\"elementor-column elementor-col-100 elementor-top-column elementor-element elementor-element-f5c3a9d\" data-id=\"f5c3a9d\" data-element_type=\"column\">\n\t\t\t<div class=\"elementor-widget-wrap\">\n\t\t\t\t\t\t\t<\/div>\n\t\t<\/div>\n\t\t\t\t\t<\/div>\n\t\t<\/section>\n\t\t\t\t<\/div>\n\t\t","protected":false},"excerpt":{"rendered":"<p>Torrevieja, Alicante, Espa\u00f1a<br \/>\nApartamento con balc\u00f3n en el sur en el centro de Torrevieja.<br \/>\n4 personas | 2 dormitorios | 2 ba\u00f1os<\/p>\n","protected":false},"featured_media":9351,"menu_order":25,"comment_status":"closed","ping_status":"closed","template":"elementor_header_footer","meta":{"ngg_post_thumbnail":0},"mphb_room_type_category":[391,389,385],"mphb_room_type_tag":[],"mphb_room_type_facility":[],"kenmerken":[69],"class_list":["post-9345","mphb_room_type","type-mphb_room_type","status-publish","has-post-thumbnail","hentry","mphb_room_type_category-alicante-es","mphb_room_type_category-espana","mphb_room_type_category-todas-las-categorias","mphb_ra_regio-alicante-es","kenmerken-testkenmerk","entry","has-media","mphb-room-type-adults-4","mphb-room-type-children-0","has-taxes-and-fees"],"yoast_head":"<!-- This site is optimized with the Yoast SEO plugin v25.2 - https:\/\/yoast.com\/wordpress\/plugins\/seo\/ -->\n<title>Do\u00f1a Clemen - Orange Holiday Housing<\/title>\n<meta name=\"robots\" content=\"index, follow, max-snippet:-1, max-image-preview:large, max-video-preview:-1\" \/>\n<link rel=\"canonical\" href=\"https:\/\/www.orangeholidayhousing.com\/accommodation\/dona-clemen\/\" \/>\n<meta property=\"og:locale\" content=\"es_ES\" \/>\n<meta property=\"og:type\" content=\"article\" \/>\n<meta property=\"og:title\" content=\"Do\u00f1a Clemen - Orange Holiday Housing\" \/>\n<meta property=\"og:description\" content=\"Torrevieja, Alicante, Espa\u00f1a Apartamento con balc\u00f3n en el sur en el centro de Torrevieja. 4 personas | 2 dormitorios | 2 ba\u00f1os\" \/>\n<meta property=\"og:url\" content=\"https:\/\/www.orangeholidayhousing.com\/accommodation\/dona-clemen\/\" \/>\n<meta property=\"og:site_name\" content=\"Orange Holiday Housing\" \/>\n<meta property=\"article:modified_time\" content=\"2024-07-02T15:57:33+00:00\" \/>\n<meta property=\"og:image\" content=\"https:\/\/www.orangeholidayhousing.com\/wp-content\/uploads\/2019\/12\/dona-clemen.jpeg\" \/>\n\t<meta property=\"og:image:width\" content=\"1800\" \/>\n\t<meta property=\"og:image:height\" content=\"1200\" \/>\n\t<meta property=\"og:image:type\" content=\"image\/jpeg\" \/>\n<meta name=\"twitter:card\" content=\"summary_large_image\" \/>\n<meta name=\"twitter:label1\" content=\"Tiempo de lectura\" \/>\n\t<meta name=\"twitter:data1\" content=\"3 minutos\" \/>\n<script type=\"application\/ld+json\" class=\"yoast-schema-graph\">{\"@context\":\"https:\/\/schema.org\",\"@graph\":[{\"@type\":\"WebPage\",\"@id\":\"https:\/\/www.orangeholidayhousing.com\/accommodation\/dona-clemen\/\",\"url\":\"https:\/\/www.orangeholidayhousing.com\/accommodation\/dona-clemen\/\",\"name\":\"Do\u00f1a Clemen - Orange Holiday Housing\",\"isPartOf\":{\"@id\":\"https:\/\/www.orangeholidayhousing.com\/#website\"},\"primaryImageOfPage\":{\"@id\":\"https:\/\/www.orangeholidayhousing.com\/accommodation\/dona-clemen\/#primaryimage\"},\"image\":{\"@id\":\"https:\/\/www.orangeholidayhousing.com\/accommodation\/dona-clemen\/#primaryimage\"},\"thumbnailUrl\":\"https:\/\/www.orangeholidayhousing.com\/wp-content\/uploads\/2019\/12\/dona-clemen.jpeg\",\"datePublished\":\"2019-12-19T10:53:04+00:00\",\"dateModified\":\"2024-07-02T15:57:33+00:00\",\"breadcrumb\":{\"@id\":\"https:\/\/www.orangeholidayhousing.com\/accommodation\/dona-clemen\/#breadcrumb\"},\"inLanguage\":\"es\",\"potentialAction\":[{\"@type\":\"ReadAction\",\"target\":[\"https:\/\/www.orangeholidayhousing.com\/accommodation\/dona-clemen\/\"]}]},{\"@type\":\"ImageObject\",\"inLanguage\":\"es\",\"@id\":\"https:\/\/www.orangeholidayhousing.com\/accommodation\/dona-clemen\/#primaryimage\",\"url\":\"https:\/\/www.orangeholidayhousing.com\/wp-content\/uploads\/2019\/12\/dona-clemen.jpeg\",\"contentUrl\":\"https:\/\/www.orangeholidayhousing.com\/wp-content\/uploads\/2019\/12\/dona-clemen.jpeg\",\"width\":1800,\"height\":1200},{\"@type\":\"BreadcrumbList\",\"@id\":\"https:\/\/www.orangeholidayhousing.com\/accommodation\/dona-clemen\/#breadcrumb\",\"itemListElement\":[{\"@type\":\"ListItem\",\"position\":1,\"name\":\"Home\",\"item\":\"https:\/\/www.orangeholidayhousing.com\/es\/\"},{\"@type\":\"ListItem\",\"position\":2,\"name\":\"Typen accommodaties\",\"item\":\"https:\/\/www.orangeholidayhousing.com\/accommodation\/\"},{\"@type\":\"ListItem\",\"position\":3,\"name\":\"Do\u00f1a Clemen\"}]},{\"@type\":\"WebSite\",\"@id\":\"https:\/\/www.orangeholidayhousing.com\/#website\",\"url\":\"https:\/\/www.orangeholidayhousing.com\/\",\"name\":\"Orange Holiday Housing\",\"description\":\"Orange Holiday Housing website\",\"publisher\":{\"@id\":\"https:\/\/www.orangeholidayhousing.com\/#organization\"},\"potentialAction\":[{\"@type\":\"SearchAction\",\"target\":{\"@type\":\"EntryPoint\",\"urlTemplate\":\"https:\/\/www.orangeholidayhousing.com\/?s={search_term_string}\"},\"query-input\":{\"@type\":\"PropertyValueSpecification\",\"valueRequired\":true,\"valueName\":\"search_term_string\"}}],\"inLanguage\":\"es\"},{\"@type\":\"Organization\",\"@id\":\"https:\/\/www.orangeholidayhousing.com\/#organization\",\"name\":\"Orange Holiday Housing\",\"url\":\"https:\/\/www.orangeholidayhousing.com\/\",\"logo\":{\"@type\":\"ImageObject\",\"inLanguage\":\"es\",\"@id\":\"https:\/\/www.orangeholidayhousing.com\/#\/schema\/logo\/image\/\",\"url\":\"https:\/\/www.orangeholidayhousing.com\/wp-content\/uploads\/2019\/10\/Logo.png\",\"contentUrl\":\"https:\/\/www.orangeholidayhousing.com\/wp-content\/uploads\/2019\/10\/Logo.png\",\"width\":250,\"height\":100,\"caption\":\"Orange Holiday Housing\"},\"image\":{\"@id\":\"https:\/\/www.orangeholidayhousing.com\/#\/schema\/logo\/image\/\"}}]}<\/script>\n<!-- \/ Yoast SEO plugin. -->","yoast_head_json":{"title":"Do\u00f1a Clemen - Orange Holiday Housing","robots":{"index":"index","follow":"follow","max-snippet":"max-snippet:-1","max-image-preview":"max-image-preview:large","max-video-preview":"max-video-preview:-1"},"canonical":"https:\/\/www.orangeholidayhousing.com\/accommodation\/dona-clemen\/","og_locale":"es_ES","og_type":"article","og_title":"Do\u00f1a Clemen - Orange Holiday Housing","og_description":"Torrevieja, Alicante, Espa\u00f1a Apartamento con balc\u00f3n en el sur en el centro de Torrevieja. 4 personas | 2 dormitorios | 2 ba\u00f1os","og_url":"https:\/\/www.orangeholidayhousing.com\/accommodation\/dona-clemen\/","og_site_name":"Orange Holiday Housing","article_modified_time":"2024-07-02T15:57:33+00:00","og_image":[{"width":1800,"height":1200,"url":"https:\/\/www.orangeholidayhousing.com\/wp-content\/uploads\/2019\/12\/dona-clemen.jpeg","type":"image\/jpeg"}],"twitter_card":"summary_large_image","twitter_misc":{"Tiempo de lectura":"3 minutos"},"schema":{"@context":"https:\/\/schema.org","@graph":[{"@type":"WebPage","@id":"https:\/\/www.orangeholidayhousing.com\/accommodation\/dona-clemen\/","url":"https:\/\/www.orangeholidayhousing.com\/accommodation\/dona-clemen\/","name":"Do\u00f1a Clemen - Orange Holiday Housing","isPartOf":{"@id":"https:\/\/www.orangeholidayhousing.com\/#website"},"primaryImageOfPage":{"@id":"https:\/\/www.orangeholidayhousing.com\/accommodation\/dona-clemen\/#primaryimage"},"image":{"@id":"https:\/\/www.orangeholidayhousing.com\/accommodation\/dona-clemen\/#primaryimage"},"thumbnailUrl":"https:\/\/www.orangeholidayhousing.com\/wp-content\/uploads\/2019\/12\/dona-clemen.jpeg","datePublished":"2019-12-19T10:53:04+00:00","dateModified":"2024-07-02T15:57:33+00:00","breadcrumb":{"@id":"https:\/\/www.orangeholidayhousing.com\/accommodation\/dona-clemen\/#breadcrumb"},"inLanguage":"es","potentialAction":[{"@type":"ReadAction","target":["https:\/\/www.orangeholidayhousing.com\/accommodation\/dona-clemen\/"]}]},{"@type":"ImageObject","inLanguage":"es","@id":"https:\/\/www.orangeholidayhousing.com\/accommodation\/dona-clemen\/#primaryimage","url":"https:\/\/www.orangeholidayhousing.com\/wp-content\/uploads\/2019\/12\/dona-clemen.jpeg","contentUrl":"https:\/\/www.orangeholidayhousing.com\/wp-content\/uploads\/2019\/12\/dona-clemen.jpeg","width":1800,"height":1200},{"@type":"BreadcrumbList","@id":"https:\/\/www.orangeholidayhousing.com\/accommodation\/dona-clemen\/#breadcrumb","itemListElement":[{"@type":"ListItem","position":1,"name":"Home","item":"https:\/\/www.orangeholidayhousing.com\/es\/"},{"@type":"ListItem","position":2,"name":"Typen accommodaties","item":"https:\/\/www.orangeholidayhousing.com\/accommodation\/"},{"@type":"ListItem","position":3,"name":"Do\u00f1a Clemen"}]},{"@type":"WebSite","@id":"https:\/\/www.orangeholidayhousing.com\/#website","url":"https:\/\/www.orangeholidayhousing.com\/","name":"Orange Holiday Housing","description":"Orange Holiday Housing website","publisher":{"@id":"https:\/\/www.orangeholidayhousing.com\/#organization"},"potentialAction":[{"@type":"SearchAction","target":{"@type":"EntryPoint","urlTemplate":"https:\/\/www.orangeholidayhousing.com\/?s={search_term_string}"},"query-input":{"@type":"PropertyValueSpecification","valueRequired":true,"valueName":"search_term_string"}}],"inLanguage":"es"},{"@type":"Organization","@id":"https:\/\/www.orangeholidayhousing.com\/#organization","name":"Orange Holiday Housing","url":"https:\/\/www.orangeholidayhousing.com\/","logo":{"@type":"ImageObject","inLanguage":"es","@id":"https:\/\/www.orangeholidayhousing.com\/#\/schema\/logo\/image\/","url":"https:\/\/www.orangeholidayhousing.com\/wp-content\/uploads\/2019\/10\/Logo.png","contentUrl":"https:\/\/www.orangeholidayhousing.com\/wp-content\/uploads\/2019\/10\/Logo.png","width":250,"height":100,"caption":"Orange Holiday Housing"},"image":{"@id":"https:\/\/www.orangeholidayhousing.com\/#\/schema\/logo\/image\/"}}]}},"_links":{"self":[{"href":"https:\/\/www.orangeholidayhousing.com\/es\/wp-json\/wp\/v2\/mphb_room_type\/9345","targetHints":{"allow":["GET"]}}],"collection":[{"href":"https:\/\/www.orangeholidayhousing.com\/es\/wp-json\/wp\/v2\/mphb_room_type"}],"about":[{"href":"https:\/\/www.orangeholidayhousing.com\/es\/wp-json\/wp\/v2\/types\/mphb_room_type"}],"replies":[{"embeddable":true,"href":"https:\/\/www.orangeholidayhousing.com\/es\/wp-json\/wp\/v2\/comments?post=9345"}],"version-history":[{"count":22,"href":"https:\/\/www.orangeholidayhousing.com\/es\/wp-json\/wp\/v2\/mphb_room_type\/9345\/revisions"}],"predecessor-version":[{"id":1273004,"href":"https:\/\/www.orangeholidayhousing.com\/es\/wp-json\/wp\/v2\/mphb_room_type\/9345\/revisions\/1273004"}],"wp:featuredmedia":[{"embeddable":true,"href":"https:\/\/www.orangeholidayhousing.com\/es\/wp-json\/wp\/v2\/media\/9351"}],"wp:attachment":[{"href":"https:\/\/www.orangeholidayhousing.com\/es\/wp-json\/wp\/v2\/media?parent=9345"}],"wp:term":[{"taxonomy":"mphb_room_type_category","embeddable":true,"href":"https:\/\/www.orangeholidayhousing.com\/es\/wp-json\/wp\/v2\/mphb_room_type_category?post=9345"},{"taxonomy":"mphb_room_type_tag","embeddable":true,"href":"https:\/\/www.orangeholidayhousing.com\/es\/wp-json\/wp\/v2\/mphb_room_type_tag?post=9345"},{"taxonomy":"mphb_room_type_facility","embeddable":true,"href":"https:\/\/www.orangeholidayhousing.com\/es\/wp-json\/wp\/v2\/mphb_room_type_facility?post=9345"},{"taxonomy":"kenmerken","embeddable":true,"href":"https:\/\/www.orangeholidayhousing.com\/es\/wp-json\/wp\/v2\/kenmerken?post=9345"}],"curies":[{"name":"wp","href":"https:\/\/api.w.org\/{rel}","templated":true}]}}