{"id":9393,"date":"2019-12-19T12:38:14","date_gmt":"2019-12-19T11:38:14","guid":{"rendered":"https:\/\/www.orangeholidayhousing.com\/?post_type=mphb_room_type&#038;p=9393"},"modified":"2022-03-30T21:37:00","modified_gmt":"2022-03-30T19:37:00","slug":"el-bosque-6002","status":"publish","type":"mphb_room_type","link":"https:\/\/www.orangeholidayhousing.com\/es\/accommodation\/el-bosque-6002\/","title":{"rendered":"El Bosque 6002"},"content":{"rendered":"\t\t<div data-elementor-type=\"wp-post\" data-elementor-id=\"9393\" class=\"elementor elementor-9393\" data-elementor-post-type=\"mphb_room_type\">\n\t\t\t\t\t\t<section class=\"elementor-section elementor-top-section elementor-element elementor-element-7de332a4 elementor-section-full_width elementor-section-height-default elementor-section-height-default\" data-id=\"7de332a4\" data-element_type=\"section\">\n\t\t\t\t\t\t<div class=\"elementor-container elementor-column-gap-default\">\n\t\t\t\t\t<div class=\"elementor-column elementor-col-100 elementor-top-column elementor-element elementor-element-62379578\" data-id=\"62379578\" data-element_type=\"column\">\n\t\t\t<div class=\"elementor-widget-wrap elementor-element-populated\">\n\t\t\t\t\t\t<div class=\"elementor-element elementor-element-74ccd639 elementor-widget elementor-widget-theme-post-featured-image elementor-widget-image\" data-id=\"74ccd639\" data-element_type=\"widget\" data-widget_type=\"theme-post-featured-image.default\">\n\t\t\t\t<div class=\"elementor-widget-container\">\n\t\t\t\t\t\t\t\t\t\t\t\t\t\t\t<img decoding=\"async\" src=\"https:\/\/www.orangeholidayhousing.com\/wp-content\/uploads\/elementor\/thumbs\/El-Bosque-6002-oin8c1q09adirhsvr2fg6xvfw2kf92n3x1l0ois39w.jpeg\" title=\"El Bosque 6002\" alt=\"El Bosque 6002\" loading=\"lazy\" \/>\t\t\t\t\t\t\t\t\t\t\t\t\t\t\t<\/div>\n\t\t\t\t<\/div>\n\t\t\t\t\t<\/div>\n\t\t<\/div>\n\t\t\t\t\t<\/div>\n\t\t<\/section>\n\t\t\t\t<section class=\"elementor-section elementor-top-section elementor-element elementor-element-2957ab41 elementor-section-boxed elementor-section-height-default elementor-section-height-default\" data-id=\"2957ab41\" data-element_type=\"section\">\n\t\t\t\t\t\t<div class=\"elementor-container elementor-column-gap-default\">\n\t\t\t\t\t<div class=\"elementor-column elementor-col-100 elementor-top-column elementor-element elementor-element-5e65e526\" data-id=\"5e65e526\" data-element_type=\"column\">\n\t\t\t<div class=\"elementor-widget-wrap elementor-element-populated\">\n\t\t\t\t\t\t<div class=\"elementor-element elementor-element-589da307 elementor-widget elementor-widget-text-editor\" data-id=\"589da307\" data-element_type=\"widget\" data-widget_type=\"text-editor.default\">\n\t\t\t\t<div class=\"elementor-widget-container\">\n\t\t\t\t\t\t\t\t\t<h2 style=\"margin-top: 0px; margin-bottom: 0px; padding-top: 16px; padding-bottom: 8px; line-height: 4.4rem; font-variant-caps: normal; font-variant-ligatures: normal; font-style: normal; font-size: 2.2rem; font-family: Verdana, Geneva, sans-serif;\">El Bosque 6002<\/h2><div style=\"line-height: 1.4;\"><p style=\"margin-bottom: 0px; line-height: 1.4;\"><span style=\"font-family: Verdana, Geneva, sans-serif;\">Este apartamento no es propiedad de Orange Holiday Housing. Alquilamos esta propiedad para un tercero.<br \/><br \/><\/span><span style=\"font-family: Verdana, Geneva, sans-serif;\">La residencia El Bosque se encuentra entre Punta Prima y Playa Flamenca, a 700 metros del mar. Hay muchos restaurantes y un supermercado a poca distancia de este complejo. El popular centro comercial La Zenia Boulevard est\u00e1 a 2 kil\u00f3metros de distancia. El Bosque tiene una gran piscina rodeada de un bonito jard\u00edn. Este apartamento tiene un balc\u00f3n en el norte, TV, WiFi y cocina con vitroceramica, horno, microondas, frigor\u00edfico y congelador. Hay dos dormitorios. El dormitorio principal tiene una cama doble y el segundo dormitorio tiene dos camas individuales. Hay un amplio cuarto de ba\u00f1o con ducha, toilet y un lavabo doble. Estacionamiento en la calle es gratis.<\/span><\/p><p style=\"margin-bottom: 0px; line-height: 1.4;\"><span style=\"font-family: Verdana, Geneva, sans-serif;\">\u00a0<\/span><\/p><p style=\"margin-bottom: 0px; line-height: 1.4;\"><span style=\"font-family: Verdana, Geneva, sans-serif;\">N\u00famero de licensia: VT-459972-A<\/span><\/p><\/div><div style=\"font-style: normal; font-variant-ligatures: normal; font-variant-caps: normal; font-weight: 400; font-size: 16px; line-height: 1.4; font-family: Verdana, Geneva, sans-serif;\"><p style=\"margin-bottom: 0px; font-size: 1.6rem; line-height: 1.4; font-family: Verdana, Geneva, sans-serif;\">\u00a0<\/p><\/div><div>\u00a0<\/div>\t\t\t\t\t\t\t\t<\/div>\n\t\t\t\t<\/div>\n\t\t\t\t\t<\/div>\n\t\t<\/div>\n\t\t\t\t\t<\/div>\n\t\t<\/section>\n\t\t\t\t<section class=\"elementor-section elementor-top-section elementor-element elementor-element-0a10f93 elementor-section-boxed elementor-section-height-default elementor-section-height-default\" data-id=\"0a10f93\" data-element_type=\"section\">\n\t\t\t\t\t\t<div class=\"elementor-container elementor-column-gap-default\">\n\t\t\t\t\t<div class=\"elementor-column elementor-col-100 elementor-top-column elementor-element elementor-element-aeb8c6a\" data-id=\"aeb8c6a\" data-element_type=\"column\">\n\t\t\t<div class=\"elementor-widget-wrap elementor-element-populated\">\n\t\t\t\t\t\t<div class=\"elementor-element elementor-element-1758169 elementor-widget elementor-widget-shortcode\" data-id=\"1758169\" data-element_type=\"widget\" data-widget_type=\"shortcode.default\">\n\t\t\t\t<div class=\"elementor-widget-container\">\n\t\t\t\t\t\t\t<div class=\"elementor-shortcode\">ngg_shortcode_0_placeholder<\/div>\n\t\t\t\t\t\t<\/div>\n\t\t\t\t<\/div>\n\t\t\t\t\t<\/div>\n\t\t<\/div>\n\t\t\t\t\t<\/div>\n\t\t<\/section>\n\t\t\t\t<section class=\"elementor-section elementor-top-section elementor-element elementor-element-57b7c10 elementor-section-boxed elementor-section-height-default elementor-section-height-default\" data-id=\"57b7c10\" data-element_type=\"section\">\n\t\t\t\t\t\t<div class=\"elementor-container elementor-column-gap-default\">\n\t\t\t\t\t<div class=\"elementor-column elementor-col-100 elementor-top-column elementor-element elementor-element-33e5c226\" data-id=\"33e5c226\" data-element_type=\"column\">\n\t\t\t<div class=\"elementor-widget-wrap elementor-element-populated\">\n\t\t\t\t\t\t<div class=\"elementor-element elementor-element-88083fd elementor-widget elementor-widget-mphbe-room\" data-id=\"88083fd\" data-element_type=\"widget\" data-widget_type=\"mphbe-room.default\">\n\t\t\t\t<div class=\"elementor-widget-container\">\n\t\t\t\t\t<div class=\"mphb_sc_room-wrapper \"><div class=\"mphb-room-type post-9393 mphb_room_type type-mphb_room_type status-publish has-post-thumbnail mphb_room_type_category-espana mphb_room_type_category-orihuela-costa-es mphb_room_type_category-todas-las-categorias mphb_ra_regio-alicante-es mphb_ra_regio-orihuela-costa-es kenmerken-testkenmerk entry has-media mphb-room-type-adults-4 mphb-room-type-children-0 has-taxes-and-fees\">\n\n\t\n\t\n<h3 class=\"mphb-room-type-details-title\">Detalles<\/h3><ul class=\"mphb-loop-room-type-attributes\">\n\n\n\t<li class=\"mphb-room-type-adults-capacity\"><span class=\"mphb-attribute-title mphb-adults-title\">Hu\u00e9spedes:<\/span><span class=\"mphb-attribute-value\">\n\t4\n\t<\/span><\/li>\n\t\n\n\n\n\n\n\n\n\n\t<li class=\"mphb-room-type-categories\"><span class=\"mphb-attribute-title mphb-categories-title\">Categor\u00edas:<\/span><span class=\"mphb-attribute-value\"> <span class=\"category-espana\"><a href=\"https:\/\/www.orangeholidayhousing.com\/es\/accommodation-category\/espana\/\">Espa\u00f1a<\/a><\/span>, <span class=\"category-orihuela-costa-es\"><a href=\"https:\/\/www.orangeholidayhousing.com\/es\/accommodation-category\/espana\/orihuela-costa-es\/\">Orihuela Costa<\/a><\/span>, <span class=\"category-todas-las-categorias\"><a href=\"https:\/\/www.orangeholidayhousing.com\/es\/accommodation-category\/todas-las-categorias\/\">todas las categorias<\/a><\/span><\/span><\/li>\n\t<li class=\"mphb-room-type-gedeelde-faciliteiten mphb-room-type-custom-attribute\"><span class=\"mphb-attribute-title mphb-gedeelde-faciliteiten-title\">Instalaciones comunes:<\/span><span class=\"mphb-attribute-value\"> <span class=\"gedeelde-faciliteiten-jardin-jardines\">Jard\u00edn \/ jardines<\/span>, <span class=\"gedeelde-faciliteiten-piscinas\">Piscina(s)<\/span><\/span><\/li><li class=\"mphb-room-type-algemeen mphb-room-type-custom-attribute\"><span class=\"mphb-attribute-title mphb-algemeen-title\">General:<\/span><span class=\"mphb-attribute-value\"> <span class=\"algemeen-aparcamiento-gratuito-en-la-calle\">Aparcamiento gratuito en la calle<\/span>, <span class=\"algemeen-prohibido-fumar\">Fumar prohibido<\/span>, <span class=\"algemeen-mascotas-prohibidas\">Mascotas prohibidas<\/span>, <span class=\"algemeen-toallas-y-ropa-de-cama-disponible\">Toallas y ropa de cama disponible<\/span>, <span class=\"algemeen-wifi-es\">WiFi<\/span><\/span><\/li><li class=\"mphb-room-type-buiten mphb-room-type-custom-attribute\"><span class=\"mphb-attribute-title mphb-buiten-title\">Afuera:<\/span><span class=\"mphb-attribute-value\"> <span class=\"buiten-balcon\">Balc\u00f3n<\/span><\/span><\/li><li class=\"mphb-room-type-binnen mphb-room-type-custom-attribute\"><span class=\"mphb-attribute-title mphb-binnen-title\">Dentro:<\/span><span class=\"mphb-attribute-value\"> <span class=\"binnen-aire-acondicionado\">Aire acondicionado<\/span>, <span class=\"binnen-calefaccion\">Calefacci\u00f3n<\/span>, <span class=\"binnen-lavadora\">Lavadora<\/span>, <span class=\"binnen-secadora\">Secadora<\/span>, <span class=\"binnen-television-satelital-television-internacional\">Televisi\u00f3n satelital \/ televisi\u00f3n internacional<\/span><\/span><\/li><li class=\"mphb-room-type-keuken mphb-room-type-custom-attribute\"><span class=\"mphb-attribute-title mphb-keuken-title\">Cocina:<\/span><span class=\"mphb-attribute-value\"> <span class=\"keuken-cocina-electrica\">Cocina el\u00e9ctrica<\/span>, <span class=\"keuken-congelador\">Congelador<\/span>, <span class=\"keuken-frigorifico\">Frigor\u00edfico<\/span>, <span class=\"keuken-horno\">Horno<\/span>, <span class=\"keuken-microondas\">Microondas<\/span><\/span><\/li><li class=\"mphb-room-type-slaapkamer-1 mphb-room-type-custom-attribute\"><span class=\"mphb-attribute-title mphb-slaapkamer-1-title\">Dormitorio 1:<\/span><span class=\"mphb-attribute-value\"> <span class=\"slaapkamer-1-cama-doble\">Cama doble<\/span><\/span><\/li><li class=\"mphb-room-type-slaapkamer-2 mphb-room-type-custom-attribute\"><span class=\"mphb-attribute-title mphb-slaapkamer-2-title\">Dormitorio 2:<\/span><span class=\"mphb-attribute-value\"> <span class=\"slaapkamer-2-2-camas-individuales\">2 camas individuales<\/span><\/span><\/li><li class=\"mphb-room-type-badkamer-1 mphb-room-type-custom-attribute\"><span class=\"mphb-attribute-title mphb-badkamer-1-title\">Cuarto de ba\u00f1o 1:<\/span><span class=\"mphb-attribute-value\"> <span class=\"badkamer-1-ducha-es\">Ducha<\/span>, <span class=\"badkamer-1-inodoro\">Inodoro<\/span>, <span class=\"badkamer-1-hundirse\">Lavabo<\/span>, <span class=\"badkamer-1-secador-de-pelo\">Secador de pelo<\/span><\/span><\/li>\n<\/ul>\n<div class=\"mphb-to-book-btn-wrapper\">\n<form action=\"https:\/\/www.orangeholidayhousing.com\/es\/accommodation\/el-bosque-6002\/#booking-form-9393\" method=\"get\" ><button type=\"submit\" class=\"button mphb-book-button\" >Hacer reserva<\/button><\/form>\n<br\/><\/div>\n\t\n<\/div>\n<\/div>\t\t\t\t<\/div>\n\t\t\t\t<\/div>\n\t\t\t\t\t<\/div>\n\t\t<\/div>\n\t\t\t\t\t<\/div>\n\t\t<\/section>\n\t\t\t\t<section class=\"elementor-section elementor-top-section elementor-element elementor-element-a7751e0 elementor-section-full_width elementor-section-height-default elementor-section-height-default\" data-id=\"a7751e0\" data-element_type=\"section\">\n\t\t\t\t\t\t<div class=\"elementor-container elementor-column-gap-default\">\n\t\t\t\t\t<div class=\"elementor-column elementor-col-100 elementor-top-column elementor-element elementor-element-4e7e074a\" data-id=\"4e7e074a\" data-element_type=\"column\">\n\t\t\t<div class=\"elementor-widget-wrap elementor-element-populated\">\n\t\t\t\t\t\t<div class=\"elementor-element elementor-element-6ada991a elementor-widget elementor-widget-google_maps\" data-id=\"6ada991a\" data-element_type=\"widget\" data-widget_type=\"google_maps.default\">\n\t\t\t\t<div class=\"elementor-widget-container\">\n\t\t\t\t\t\t\t<div class=\"elementor-custom-embed\">\n\t\t\t<iframe loading=\"lazy\"\n\t\t\t\t\tsrc=\"https:\/\/maps.google.com\/maps?q=Calle%20Sta.%20Rita%2C%2003189%2C%20Alicante%2C%20Spanje&#038;t=m&#038;z=10&#038;output=embed&#038;iwloc=near\"\n\t\t\t\t\ttitle=\"Calle Sta. Rita, 03189, Alicante, Spanje\"\n\t\t\t\t\taria-label=\"Calle Sta. Rita, 03189, Alicante, Spanje\"\n\t\t\t><\/iframe>\n\t\t<\/div>\n\t\t\t\t\t\t<\/div>\n\t\t\t\t<\/div>\n\t\t\t\t\t<\/div>\n\t\t<\/div>\n\t\t\t\t\t<\/div>\n\t\t<\/section>\n\t\t\t\t<section class=\"elementor-section elementor-top-section elementor-element elementor-element-a3013d8 elementor-section-boxed elementor-section-height-default elementor-section-height-default\" data-id=\"a3013d8\" data-element_type=\"section\">\n\t\t\t\t\t\t<div class=\"elementor-container elementor-column-gap-wide\">\n\t\t\t\t\t<div class=\"elementor-column elementor-col-50 elementor-top-column elementor-element elementor-element-dcee123\" data-id=\"dcee123\" data-element_type=\"column\">\n\t\t\t<div class=\"elementor-widget-wrap elementor-element-populated\">\n\t\t\t\t\t\t<div class=\"elementor-element elementor-element-7c70f35 elementor-widget elementor-widget-text-editor\" data-id=\"7c70f35\" data-element_type=\"widget\" data-widget_type=\"text-editor.default\">\n\t\t\t\t<div class=\"elementor-widget-container\">\n\t\t\t\t\t\t\t\t\t<h3>Tarifas<\/h3><table style=\"width: 100%;\"><thead><tr style=\"background-color: #ff7800; border-color: #ff7800;\"><td style=\"width: 58.27319492833788%;\"><strong><span style=\"color: #ffffff;\">Periodo<\/span><\/strong><\/td><td style=\"width: 3.076923076923077%;\"><strong><span style=\"color: #ffffff;\">Por noche \u00a0\u00a0<\/span><\/strong><\/td><td style=\"width: 16.32924570150207%;\"><strong><span style=\"color: #ffffff;\">Por semana \u00a0\u00a0<\/span><\/strong><\/td><td style=\"width: 33.54589163630554%;\"><strong><span style=\"color: #ffffff;\">Por mes (sin electricidad)<\/span><\/strong><\/td><\/tr><\/thead><tbody><tr><td style=\"width: 58.27319492833788%;\">1 de enero &#8211; 31 de marzo<\/td><td style=\"width: 3.076923076923077%;\">\u20ac55,-<\/td><td style=\"width: 16.32924570150207%;\">\u20ac385,-<\/td><td style=\"width: 33.54589163630554%;\">\u20ac675,-<\/td><\/tr><tr style=\"background-color: #f6f6f6;\"><td style=\"width: 58.27319492833788%;\">1 de abril &#8211; 31 de mayo<\/td><td style=\"width: 3.076923076923077%;\">\u20ac60,-<\/td><td style=\"width: 16.32924570150207%;\">\u20ac420,-<\/td><td style=\"width: 33.54589163630554%;\">\u20ac725,-<\/td><\/tr><tr><td style=\"width: 58.27319492833788%;\">1 de junio &#8211; 30 de junio<\/td><td style=\"width: 3.076923076923077%;\">\u20ac75,-<\/td><td style=\"width: 16.32924570150207%;\">\u20ac525,-<\/td><td style=\"width: 33.54589163630554%;\">\u20ac800,-<\/td><\/tr><tr style=\"background-color: #f6f6f6;\"><td style=\"width: 58.27319492833788%;\">1 de julio &#8211; 31 de agosto<\/td><td style=\"width: 3.076923076923077%;\">\u20ac95,-<\/td><td style=\"width: 16.32924570150207%;\">\u20ac665,-<\/td><td style=\"width: 33.54589163630554%;\">A petici\u00f3n<\/td><\/tr><tr><td style=\"width: 58.27319492833788%;\">1 de septiembre &#8211; 30 de septiembre<\/td><td style=\"width: 3.076923076923077%;\">\u20ac75,-<\/td><td style=\"width: 16.32924570150207%;\">\u20ac525,-<\/td><td style=\"width: 33.54589163630554%;\">\u20ac800,-<\/td><\/tr><tr style=\"background-color: #f6f6f6;\"><td style=\"width: 58.27319492833788%;\">1 de octubre &#8211; 31 de octubre<\/td><td style=\"width: 3.076923076923077%;\">\u20ac60,-<\/td><td style=\"width: 16.32924570150207%;\">\u20ac420,-<\/td><td style=\"width: 33.54589163630554%;\">\u20ac725,-<\/td><\/tr><tr><td style=\"width: 58.27319492833788%;\">1 de noviembre &#8211; 31 de diciembre<\/td><td style=\"width: 3.076923076923077%;\">\u20ac55,-<\/td><td style=\"width: 16.32924570150207%;\">\u20ac385,-<\/td><td style=\"width: 33.54589163630554%;\">\u20ac675,-<\/td><\/tr><\/tbody><\/table>\t\t\t\t\t\t\t\t<\/div>\n\t\t\t\t<\/div>\n\t\t\t\t\t<\/div>\n\t\t<\/div>\n\t\t\t\t<div class=\"elementor-column elementor-col-50 elementor-top-column elementor-element elementor-element-0b4970e\" data-id=\"0b4970e\" data-element_type=\"column\">\n\t\t\t<div class=\"elementor-widget-wrap elementor-element-populated\">\n\t\t\t\t\t\t<div class=\"elementor-element elementor-element-9ff5b3d elementor-widget elementor-widget-text-editor\" data-id=\"9ff5b3d\" data-element_type=\"widget\" data-widget_type=\"text-editor.default\">\n\t\t\t\t<div class=\"elementor-widget-container\">\n\t\t\t\t\t\t\t\t\t<h3>Precios adicionales<\/h3>\t\t\t\t\t\t\t\t<\/div>\n\t\t\t\t<\/div>\n\t\t\t\t<div class=\"elementor-element elementor-element-d99fae7 elementor-icon-list--layout-traditional elementor-list-item-link-full_width elementor-widget elementor-widget-icon-list\" data-id=\"d99fae7\" data-element_type=\"widget\" data-widget_type=\"icon-list.default\">\n\t\t\t\t<div class=\"elementor-widget-container\">\n\t\t\t\t\t\t\t<ul class=\"elementor-icon-list-items\">\n\t\t\t\t\t\t\t<li class=\"elementor-icon-list-item\">\n\t\t\t\t\t\t\t\t\t\t\t<span class=\"elementor-icon-list-icon\">\n\t\t\t\t\t\t\t<i aria-hidden=\"true\" class=\"fas fa-check\"><\/i>\t\t\t\t\t\t<\/span>\n\t\t\t\t\t\t\t\t\t\t<span class=\"elementor-icon-list-text\">Limpieza final: \u20ac95,- (obligatoria)<\/span>\n\t\t\t\t\t\t\t\t\t<\/li>\n\t\t\t\t\t\t\t\t<li class=\"elementor-icon-list-item\">\n\t\t\t\t\t\t\t\t\t\t\t<span class=\"elementor-icon-list-icon\">\n\t\t\t\t\t\t\t<i aria-hidden=\"true\" class=\"fas fa-check\"><\/i>\t\t\t\t\t\t<\/span>\n\t\t\t\t\t\t\t\t\t\t<span class=\"elementor-icon-list-text\">Ropa de cama y toallas: \u20ac5,- por persona por estancia<\/span>\n\t\t\t\t\t\t\t\t\t<\/li>\n\t\t\t\t\t\t\t\t<li class=\"elementor-icon-list-item\">\n\t\t\t\t\t\t\t\t\t\t\t<span class=\"elementor-icon-list-icon\">\n\t\t\t\t\t\t\t<i aria-hidden=\"true\" class=\"fas fa-check\"><\/i>\t\t\t\t\t\t<\/span>\n\t\t\t\t\t\t\t\t\t\t<span class=\"elementor-icon-list-text\">Fianza: \u20ac200,-<\/span>\n\t\t\t\t\t\t\t\t\t<\/li>\n\t\t\t\t\t\t\t\t<li class=\"elementor-icon-list-item\">\n\t\t\t\t\t\t\t\t\t\t\t<span class=\"elementor-icon-list-icon\">\n\t\t\t\t\t\t\t<i aria-hidden=\"true\" class=\"fas fa-check\"><\/i>\t\t\t\t\t\t<\/span>\n\t\t\t\t\t\t\t\t\t\t<span class=\"elementor-icon-list-text\">Transfer del aeropuerto: \u20ac50,- cada forma, necesarios para reservar<\/span>\n\t\t\t\t\t\t\t\t\t<\/li>\n\t\t\t\t\t\t\t\t<li class=\"elementor-icon-list-item\">\n\t\t\t\t\t\t\t\t\t\t\t<span class=\"elementor-icon-list-icon\">\n\t\t\t\t\t\t\t<i aria-hidden=\"true\" class=\"fas fa-check\"><\/i>\t\t\t\t\t\t<\/span>\n\t\t\t\t\t\t\t\t\t\t<span class=\"elementor-icon-list-text\">Cunas \/ asientos para ni\u00f1os\t\u20ac1,50 por art\u00edculo por noche, necesarios para reservar<\/span>\n\t\t\t\t\t\t\t\t\t<\/li>\n\t\t\t\t\t\t\t\t<li class=\"elementor-icon-list-item\">\n\t\t\t\t\t\t\t\t\t\t\t<span class=\"elementor-icon-list-icon\">\n\t\t\t\t\t\t\t<i aria-hidden=\"true\" class=\"fas fa-check\"><\/i>\t\t\t\t\t\t<\/span>\n\t\t\t\t\t\t\t\t\t\t<span class=\"elementor-icon-list-text\">20 kWh por noche est\u00e1 incluido en el precio. Cuando consumes m\u00e1s, pagas \u20ac0,30 por kWh<\/span>\n\t\t\t\t\t\t\t\t\t<\/li>\n\t\t\t\t\t\t\t\t<li class=\"elementor-icon-list-item\">\n\t\t\t\t\t\t\t\t\t\t\t<span class=\"elementor-icon-list-icon\">\n\t\t\t\t\t\t\t<i aria-hidden=\"true\" class=\"fas fa-check\"><\/i>\t\t\t\t\t\t<\/span>\n\t\t\t\t\t\t\t\t\t\t<span class=\"elementor-icon-list-text\">Un recargo de \u20ac30,- se aplica para check-in despu\u00e9s de las 22.00<\/span>\n\t\t\t\t\t\t\t\t\t<\/li>\n\t\t\t\t\t\t<\/ul>\n\t\t\t\t\t\t<\/div>\n\t\t\t\t<\/div>\n\t\t\t\t\t<\/div>\n\t\t<\/div>\n\t\t\t\t\t<\/div>\n\t\t<\/section>\n\t\t\t\t<section class=\"elementor-section elementor-top-section elementor-element elementor-element-7ccfaed elementor-section-boxed elementor-section-height-default elementor-section-height-default\" data-id=\"7ccfaed\" data-element_type=\"section\">\n\t\t\t\t\t\t<div class=\"elementor-container elementor-column-gap-default\">\n\t\t\t\t\t<div class=\"elementor-column elementor-col-100 elementor-top-column elementor-element elementor-element-205ca7a\" data-id=\"205ca7a\" data-element_type=\"column\">\n\t\t\t<div class=\"elementor-widget-wrap elementor-element-populated\">\n\t\t\t\t\t\t<div class=\"elementor-element elementor-element-bd632dc elementor-widget elementor-widget-mphbe-availability-calendar\" data-id=\"bd632dc\" data-element_type=\"widget\" data-widget_type=\"mphbe-availability-calendar.default\">\n\t\t\t\t<div class=\"elementor-widget-container\">\n\t\t\t\t\t<div class=\"mphb_sc_availability_calendar-wrapper\"><p class=\"mphb-calendar__error\">Accommodation 0 not found.<\/p><\/div>\t\t\t\t<\/div>\n\t\t\t\t<\/div>\n\t\t\t\t\t<\/div>\n\t\t<\/div>\n\t\t\t\t\t<\/div>\n\t\t<\/section>\n\t\t\t\t<section class=\"elementor-section elementor-top-section elementor-element elementor-element-3e393a9 elementor-section-boxed elementor-section-height-default elementor-section-height-default\" data-id=\"3e393a9\" data-element_type=\"section\">\n\t\t\t\t\t\t<div class=\"elementor-container elementor-column-gap-default\">\n\t\t\t\t\t<div class=\"elementor-column elementor-col-100 elementor-top-column elementor-element elementor-element-f5c3a9d\" data-id=\"f5c3a9d\" data-element_type=\"column\">\n\t\t\t<div class=\"elementor-widget-wrap\">\n\t\t\t\t\t\t\t<\/div>\n\t\t<\/div>\n\t\t\t\t\t<\/div>\n\t\t<\/section>\n\t\t\t\t<\/div>\n\t\t","protected":false},"excerpt":{"rendered":"<p>Playa Flamenca, Alicante, Espa\u00f1a<br \/>\nApartamento con balc\u00f3n en el norte. <br \/>\n4 personas | 2 dormitorios | 1 ba\u00f1o<\/p>\n","protected":false},"featured_media":9397,"menu_order":28,"comment_status":"closed","ping_status":"closed","template":"elementor_header_footer","meta":{"ngg_post_thumbnail":0},"mphb_room_type_category":[389,393,385],"mphb_room_type_tag":[],"mphb_room_type_facility":[],"kenmerken":[69],"class_list":["post-9393","mphb_room_type","type-mphb_room_type","status-publish","has-post-thumbnail","hentry","mphb_room_type_category-espana","mphb_room_type_category-orihuela-costa-es","mphb_room_type_category-todas-las-categorias","mphb_ra_regio-alicante-es","mphb_ra_regio-orihuela-costa-es","kenmerken-testkenmerk","entry","has-media","mphb-room-type-adults-4","mphb-room-type-children-0","has-taxes-and-fees"],"yoast_head":"<!-- This site is optimized with the Yoast SEO plugin v25.2 - https:\/\/yoast.com\/wordpress\/plugins\/seo\/ -->\n<title>El Bosque 6002 - Orange Holiday Housing<\/title>\n<meta name=\"robots\" content=\"index, follow, max-snippet:-1, max-image-preview:large, max-video-preview:-1\" \/>\n<link rel=\"canonical\" href=\"https:\/\/www.orangeholidayhousing.com\/accommodation\/el-bosque-6002\/\" \/>\n<meta property=\"og:locale\" content=\"es_ES\" \/>\n<meta property=\"og:type\" content=\"article\" \/>\n<meta property=\"og:title\" content=\"El Bosque 6002 - Orange Holiday Housing\" \/>\n<meta property=\"og:description\" content=\"Playa Flamenca, Alicante, Espa\u00f1a Apartamento con balc\u00f3n en el norte.  4 personas | 2 dormitorios | 1 ba\u00f1o\" \/>\n<meta property=\"og:url\" content=\"https:\/\/www.orangeholidayhousing.com\/accommodation\/el-bosque-6002\/\" \/>\n<meta property=\"og:site_name\" content=\"Orange Holiday Housing\" \/>\n<meta property=\"article:modified_time\" content=\"2022-03-30T19:37:00+00:00\" \/>\n<meta property=\"og:image\" content=\"https:\/\/www.orangeholidayhousing.com\/wp-content\/uploads\/2019\/12\/El-Bosque-6002.jpeg\" \/>\n\t<meta property=\"og:image:width\" content=\"1920\" \/>\n\t<meta property=\"og:image:height\" content=\"1280\" \/>\n\t<meta property=\"og:image:type\" content=\"image\/jpeg\" \/>\n<meta name=\"twitter:card\" content=\"summary_large_image\" \/>\n<meta name=\"twitter:label1\" content=\"Tiempo de lectura\" \/>\n\t<meta name=\"twitter:data1\" content=\"4 minutos\" \/>\n<script type=\"application\/ld+json\" class=\"yoast-schema-graph\">{\"@context\":\"https:\/\/schema.org\",\"@graph\":[{\"@type\":\"WebPage\",\"@id\":\"https:\/\/www.orangeholidayhousing.com\/accommodation\/el-bosque-6002\/\",\"url\":\"https:\/\/www.orangeholidayhousing.com\/accommodation\/el-bosque-6002\/\",\"name\":\"El Bosque 6002 - Orange Holiday Housing\",\"isPartOf\":{\"@id\":\"https:\/\/www.orangeholidayhousing.com\/#website\"},\"primaryImageOfPage\":{\"@id\":\"https:\/\/www.orangeholidayhousing.com\/accommodation\/el-bosque-6002\/#primaryimage\"},\"image\":{\"@id\":\"https:\/\/www.orangeholidayhousing.com\/accommodation\/el-bosque-6002\/#primaryimage\"},\"thumbnailUrl\":\"https:\/\/www.orangeholidayhousing.com\/wp-content\/uploads\/2019\/12\/El-Bosque-6002.jpeg\",\"datePublished\":\"2019-12-19T11:38:14+00:00\",\"dateModified\":\"2022-03-30T19:37:00+00:00\",\"breadcrumb\":{\"@id\":\"https:\/\/www.orangeholidayhousing.com\/accommodation\/el-bosque-6002\/#breadcrumb\"},\"inLanguage\":\"es\",\"potentialAction\":[{\"@type\":\"ReadAction\",\"target\":[\"https:\/\/www.orangeholidayhousing.com\/accommodation\/el-bosque-6002\/\"]}]},{\"@type\":\"ImageObject\",\"inLanguage\":\"es\",\"@id\":\"https:\/\/www.orangeholidayhousing.com\/accommodation\/el-bosque-6002\/#primaryimage\",\"url\":\"https:\/\/www.orangeholidayhousing.com\/wp-content\/uploads\/2019\/12\/El-Bosque-6002.jpeg\",\"contentUrl\":\"https:\/\/www.orangeholidayhousing.com\/wp-content\/uploads\/2019\/12\/El-Bosque-6002.jpeg\",\"width\":1920,\"height\":1280},{\"@type\":\"BreadcrumbList\",\"@id\":\"https:\/\/www.orangeholidayhousing.com\/accommodation\/el-bosque-6002\/#breadcrumb\",\"itemListElement\":[{\"@type\":\"ListItem\",\"position\":1,\"name\":\"Home\",\"item\":\"https:\/\/www.orangeholidayhousing.com\/es\/\"},{\"@type\":\"ListItem\",\"position\":2,\"name\":\"Typen accommodaties\",\"item\":\"https:\/\/www.orangeholidayhousing.com\/accommodation\/\"},{\"@type\":\"ListItem\",\"position\":3,\"name\":\"El Bosque 6002\"}]},{\"@type\":\"WebSite\",\"@id\":\"https:\/\/www.orangeholidayhousing.com\/#website\",\"url\":\"https:\/\/www.orangeholidayhousing.com\/\",\"name\":\"Orange Holiday Housing\",\"description\":\"Orange Holiday Housing website\",\"publisher\":{\"@id\":\"https:\/\/www.orangeholidayhousing.com\/#organization\"},\"potentialAction\":[{\"@type\":\"SearchAction\",\"target\":{\"@type\":\"EntryPoint\",\"urlTemplate\":\"https:\/\/www.orangeholidayhousing.com\/?s={search_term_string}\"},\"query-input\":{\"@type\":\"PropertyValueSpecification\",\"valueRequired\":true,\"valueName\":\"search_term_string\"}}],\"inLanguage\":\"es\"},{\"@type\":\"Organization\",\"@id\":\"https:\/\/www.orangeholidayhousing.com\/#organization\",\"name\":\"Orange Holiday Housing\",\"url\":\"https:\/\/www.orangeholidayhousing.com\/\",\"logo\":{\"@type\":\"ImageObject\",\"inLanguage\":\"es\",\"@id\":\"https:\/\/www.orangeholidayhousing.com\/#\/schema\/logo\/image\/\",\"url\":\"https:\/\/www.orangeholidayhousing.com\/wp-content\/uploads\/2019\/10\/Logo.png\",\"contentUrl\":\"https:\/\/www.orangeholidayhousing.com\/wp-content\/uploads\/2019\/10\/Logo.png\",\"width\":250,\"height\":100,\"caption\":\"Orange Holiday Housing\"},\"image\":{\"@id\":\"https:\/\/www.orangeholidayhousing.com\/#\/schema\/logo\/image\/\"}}]}<\/script>\n<!-- \/ Yoast SEO plugin. -->","yoast_head_json":{"title":"El Bosque 6002 - Orange Holiday Housing","robots":{"index":"index","follow":"follow","max-snippet":"max-snippet:-1","max-image-preview":"max-image-preview:large","max-video-preview":"max-video-preview:-1"},"canonical":"https:\/\/www.orangeholidayhousing.com\/accommodation\/el-bosque-6002\/","og_locale":"es_ES","og_type":"article","og_title":"El Bosque 6002 - Orange Holiday Housing","og_description":"Playa Flamenca, Alicante, Espa\u00f1a Apartamento con balc\u00f3n en el norte.  4 personas | 2 dormitorios | 1 ba\u00f1o","og_url":"https:\/\/www.orangeholidayhousing.com\/accommodation\/el-bosque-6002\/","og_site_name":"Orange Holiday Housing","article_modified_time":"2022-03-30T19:37:00+00:00","og_image":[{"width":1920,"height":1280,"url":"https:\/\/www.orangeholidayhousing.com\/wp-content\/uploads\/2019\/12\/El-Bosque-6002.jpeg","type":"image\/jpeg"}],"twitter_card":"summary_large_image","twitter_misc":{"Tiempo de lectura":"4 minutos"},"schema":{"@context":"https:\/\/schema.org","@graph":[{"@type":"WebPage","@id":"https:\/\/www.orangeholidayhousing.com\/accommodation\/el-bosque-6002\/","url":"https:\/\/www.orangeholidayhousing.com\/accommodation\/el-bosque-6002\/","name":"El Bosque 6002 - Orange Holiday Housing","isPartOf":{"@id":"https:\/\/www.orangeholidayhousing.com\/#website"},"primaryImageOfPage":{"@id":"https:\/\/www.orangeholidayhousing.com\/accommodation\/el-bosque-6002\/#primaryimage"},"image":{"@id":"https:\/\/www.orangeholidayhousing.com\/accommodation\/el-bosque-6002\/#primaryimage"},"thumbnailUrl":"https:\/\/www.orangeholidayhousing.com\/wp-content\/uploads\/2019\/12\/El-Bosque-6002.jpeg","datePublished":"2019-12-19T11:38:14+00:00","dateModified":"2022-03-30T19:37:00+00:00","breadcrumb":{"@id":"https:\/\/www.orangeholidayhousing.com\/accommodation\/el-bosque-6002\/#breadcrumb"},"inLanguage":"es","potentialAction":[{"@type":"ReadAction","target":["https:\/\/www.orangeholidayhousing.com\/accommodation\/el-bosque-6002\/"]}]},{"@type":"ImageObject","inLanguage":"es","@id":"https:\/\/www.orangeholidayhousing.com\/accommodation\/el-bosque-6002\/#primaryimage","url":"https:\/\/www.orangeholidayhousing.com\/wp-content\/uploads\/2019\/12\/El-Bosque-6002.jpeg","contentUrl":"https:\/\/www.orangeholidayhousing.com\/wp-content\/uploads\/2019\/12\/El-Bosque-6002.jpeg","width":1920,"height":1280},{"@type":"BreadcrumbList","@id":"https:\/\/www.orangeholidayhousing.com\/accommodation\/el-bosque-6002\/#breadcrumb","itemListElement":[{"@type":"ListItem","position":1,"name":"Home","item":"https:\/\/www.orangeholidayhousing.com\/es\/"},{"@type":"ListItem","position":2,"name":"Typen accommodaties","item":"https:\/\/www.orangeholidayhousing.com\/accommodation\/"},{"@type":"ListItem","position":3,"name":"El Bosque 6002"}]},{"@type":"WebSite","@id":"https:\/\/www.orangeholidayhousing.com\/#website","url":"https:\/\/www.orangeholidayhousing.com\/","name":"Orange Holiday Housing","description":"Orange Holiday Housing website","publisher":{"@id":"https:\/\/www.orangeholidayhousing.com\/#organization"},"potentialAction":[{"@type":"SearchAction","target":{"@type":"EntryPoint","urlTemplate":"https:\/\/www.orangeholidayhousing.com\/?s={search_term_string}"},"query-input":{"@type":"PropertyValueSpecification","valueRequired":true,"valueName":"search_term_string"}}],"inLanguage":"es"},{"@type":"Organization","@id":"https:\/\/www.orangeholidayhousing.com\/#organization","name":"Orange Holiday Housing","url":"https:\/\/www.orangeholidayhousing.com\/","logo":{"@type":"ImageObject","inLanguage":"es","@id":"https:\/\/www.orangeholidayhousing.com\/#\/schema\/logo\/image\/","url":"https:\/\/www.orangeholidayhousing.com\/wp-content\/uploads\/2019\/10\/Logo.png","contentUrl":"https:\/\/www.orangeholidayhousing.com\/wp-content\/uploads\/2019\/10\/Logo.png","width":250,"height":100,"caption":"Orange Holiday Housing"},"image":{"@id":"https:\/\/www.orangeholidayhousing.com\/#\/schema\/logo\/image\/"}}]}},"_links":{"self":[{"href":"https:\/\/www.orangeholidayhousing.com\/es\/wp-json\/wp\/v2\/mphb_room_type\/9393","targetHints":{"allow":["GET"]}}],"collection":[{"href":"https:\/\/www.orangeholidayhousing.com\/es\/wp-json\/wp\/v2\/mphb_room_type"}],"about":[{"href":"https:\/\/www.orangeholidayhousing.com\/es\/wp-json\/wp\/v2\/types\/mphb_room_type"}],"replies":[{"embeddable":true,"href":"https:\/\/www.orangeholidayhousing.com\/es\/wp-json\/wp\/v2\/comments?post=9393"}],"version-history":[{"count":13,"href":"https:\/\/www.orangeholidayhousing.com\/es\/wp-json\/wp\/v2\/mphb_room_type\/9393\/revisions"}],"predecessor-version":[{"id":1049443,"href":"https:\/\/www.orangeholidayhousing.com\/es\/wp-json\/wp\/v2\/mphb_room_type\/9393\/revisions\/1049443"}],"wp:featuredmedia":[{"embeddable":true,"href":"https:\/\/www.orangeholidayhousing.com\/es\/wp-json\/wp\/v2\/media\/9397"}],"wp:attachment":[{"href":"https:\/\/www.orangeholidayhousing.com\/es\/wp-json\/wp\/v2\/media?parent=9393"}],"wp:term":[{"taxonomy":"mphb_room_type_category","embeddable":true,"href":"https:\/\/www.orangeholidayhousing.com\/es\/wp-json\/wp\/v2\/mphb_room_type_category?post=9393"},{"taxonomy":"mphb_room_type_tag","embeddable":true,"href":"https:\/\/www.orangeholidayhousing.com\/es\/wp-json\/wp\/v2\/mphb_room_type_tag?post=9393"},{"taxonomy":"mphb_room_type_facility","embeddable":true,"href":"https:\/\/www.orangeholidayhousing.com\/es\/wp-json\/wp\/v2\/mphb_room_type_facility?post=9393"},{"taxonomy":"kenmerken","embeddable":true,"href":"https:\/\/www.orangeholidayhousing.com\/es\/wp-json\/wp\/v2\/kenmerken?post=9393"}],"curies":[{"name":"wp","href":"https:\/\/api.w.org\/{rel}","templated":true}]}}