{"id":9454,"date":"2019-12-19T13:47:54","date_gmt":"2019-12-19T12:47:54","guid":{"rendered":"https:\/\/www.orangeholidayhousing.com\/?post_type=mphb_room_type&#038;p=9454"},"modified":"2020-06-09T16:13:13","modified_gmt":"2020-06-09T14:13:13","slug":"sabrina-002","status":"publish","type":"mphb_room_type","link":"https:\/\/www.orangeholidayhousing.com\/es\/accommodation\/sabrina-002\/","title":{"rendered":"Sabrina 002"},"content":{"rendered":"\t\t<div data-elementor-type=\"wp-post\" data-elementor-id=\"9454\" class=\"elementor elementor-9454\" data-elementor-post-type=\"mphb_room_type\">\n\t\t\t\t\t\t<section class=\"elementor-section elementor-top-section elementor-element elementor-element-7de332a4 elementor-section-full_width elementor-section-height-default elementor-section-height-default\" data-id=\"7de332a4\" data-element_type=\"section\">\n\t\t\t\t\t\t<div class=\"elementor-container elementor-column-gap-default\">\n\t\t\t\t\t<div class=\"elementor-column elementor-col-100 elementor-top-column elementor-element elementor-element-62379578\" data-id=\"62379578\" data-element_type=\"column\">\n\t\t\t<div class=\"elementor-widget-wrap elementor-element-populated\">\n\t\t\t\t\t\t<div class=\"elementor-element elementor-element-74ccd639 elementor-widget elementor-widget-theme-post-featured-image elementor-widget-image\" data-id=\"74ccd639\" data-element_type=\"widget\" data-widget_type=\"theme-post-featured-image.default\">\n\t\t\t\t<div class=\"elementor-widget-container\">\n\t\t\t\t\t\t\t\t\t\t\t\t\t\t\t<img decoding=\"async\" src=\"https:\/\/www.orangeholidayhousing.com\/wp-content\/uploads\/elementor\/thumbs\/Sabrina-002-oin8bzubvmay49vm21m71ycipatotofn8sa1pyuvmc.jpg\" title=\"Sabrina 002\" alt=\"Sabrina 002\" loading=\"lazy\" \/>\t\t\t\t\t\t\t\t\t\t\t\t\t\t\t<\/div>\n\t\t\t\t<\/div>\n\t\t\t\t\t<\/div>\n\t\t<\/div>\n\t\t\t\t\t<\/div>\n\t\t<\/section>\n\t\t\t\t<section class=\"elementor-section elementor-top-section elementor-element elementor-element-2957ab41 elementor-section-boxed elementor-section-height-default elementor-section-height-default\" data-id=\"2957ab41\" data-element_type=\"section\">\n\t\t\t\t\t\t<div class=\"elementor-container elementor-column-gap-default\">\n\t\t\t\t\t<div class=\"elementor-column elementor-col-100 elementor-top-column elementor-element elementor-element-5e65e526\" data-id=\"5e65e526\" data-element_type=\"column\">\n\t\t\t<div class=\"elementor-widget-wrap elementor-element-populated\">\n\t\t\t\t\t\t<div class=\"elementor-element elementor-element-589da307 elementor-widget elementor-widget-text-editor\" data-id=\"589da307\" data-element_type=\"widget\" data-widget_type=\"text-editor.default\">\n\t\t\t\t<div class=\"elementor-widget-container\">\n\t\t\t\t\t\t\t\t\t<h2 style=\"margin-top: 0px; margin-bottom: 0px; padding-top: 16px; padding-bottom: 8px; font-style: normal; font-variant-ligatures: normal; font-variant-caps: normal; font-size: 2.2rem; line-height: 4.4rem; font-family: Verdana, Geneva, sans-serif;\">Sabrina 002<\/h2><div style=\"line-height: 1.4;\"><p style=\"margin-bottom: 0px; line-height: 1.4;\"><span style=\"font-family: Verdana, Geneva, sans-serif;\">Este apartamento no es propiedad de Orange Holiday Housing. Alquilamos esta propiedad para un tercero.<br \/><br \/><\/span><span style=\"font-family: Verdana, Geneva, sans-serif;\">El residencial Sabrina se encuentra junto al famoso centro comercial La Zenia Boulevard. Playa La Zenia est\u00e1 a un kil\u00f3metro de distancia. Sabrina tiene una piscina y \u00e1reas de c\u00e9sped y un espacio de estacionamiento cerrado. Este lujoso apartamento en la \u00faltima planta ofrece todas las comodidades del hogar. La cocina est\u00e1 equipada con vitrocer\u00e1mica, horno, frigor\u00edfico, congelador y lavavajillas. El dormitorio principal tiene una cama doble, ba\u00f1o en suite y acceso al balc\u00f3n. El segundo dormitorio tiene dos camas individuales y un ba\u00f1o separado. En el sal\u00f3n hay un smart TV. WiFi est\u00e1 disponible en toda la propiedad. Hay aire acondicionado y calefacci\u00f3n en el sal\u00f3n y los dormitorios. La terraza en la azotea es espaciosa y bien equipada y ofrece mucha privacidad y vistas. Hay una lavadora, frigor\u00edfico, barbacoa de gas y ducha tambi\u00e9n. El uso del aparcamiento vallado es gratuito.\u00a0<br \/><br \/><\/span><span style=\"font-family: Verdana, Geneva, sans-serif;\">N\u00famero de licensia: VT-463320-A<\/span><\/p><\/div>\t\t\t\t\t\t\t\t<\/div>\n\t\t\t\t<\/div>\n\t\t\t\t\t<\/div>\n\t\t<\/div>\n\t\t\t\t\t<\/div>\n\t\t<\/section>\n\t\t\t\t<section class=\"elementor-section elementor-top-section elementor-element elementor-element-d85c2d4 elementor-section-boxed elementor-section-height-default elementor-section-height-default\" data-id=\"d85c2d4\" data-element_type=\"section\">\n\t\t\t\t\t\t<div class=\"elementor-container elementor-column-gap-default\">\n\t\t\t\t\t<div class=\"elementor-column elementor-col-100 elementor-top-column elementor-element elementor-element-a85c7fb\" data-id=\"a85c7fb\" data-element_type=\"column\">\n\t\t\t<div class=\"elementor-widget-wrap elementor-element-populated\">\n\t\t\t\t\t\t<div class=\"elementor-element elementor-element-691f383 elementor-widget elementor-widget-shortcode\" data-id=\"691f383\" data-element_type=\"widget\" data-widget_type=\"shortcode.default\">\n\t\t\t\t<div class=\"elementor-widget-container\">\n\t\t\t\t\t\t\t<div class=\"elementor-shortcode\">ngg_shortcode_0_placeholder<\/div>\n\t\t\t\t\t\t<\/div>\n\t\t\t\t<\/div>\n\t\t\t\t\t<\/div>\n\t\t<\/div>\n\t\t\t\t\t<\/div>\n\t\t<\/section>\n\t\t\t\t<section class=\"elementor-section elementor-top-section elementor-element elementor-element-57b7c10 elementor-section-boxed elementor-section-height-default elementor-section-height-default\" data-id=\"57b7c10\" data-element_type=\"section\">\n\t\t\t\t\t\t<div class=\"elementor-container elementor-column-gap-default\">\n\t\t\t\t\t<div class=\"elementor-column elementor-col-100 elementor-top-column elementor-element elementor-element-33e5c226\" data-id=\"33e5c226\" data-element_type=\"column\">\n\t\t\t<div class=\"elementor-widget-wrap elementor-element-populated\">\n\t\t\t\t\t\t<div class=\"elementor-element elementor-element-04a85ff elementor-widget elementor-widget-mphbe-room\" data-id=\"04a85ff\" data-element_type=\"widget\" data-widget_type=\"mphbe-room.default\">\n\t\t\t\t<div class=\"elementor-widget-container\">\n\t\t\t\t\t<div class=\"mphb_sc_room-wrapper \"><div class=\"mphb-room-type post-9454 mphb_room_type type-mphb_room_type status-publish has-post-thumbnail mphb_room_type_category-alicante-es mphb_room_type_category-espana mphb_room_type_category-orihuela-costa-es mphb_room_type_category-todas-las-categorias mphb_ra_regio-alicante-es mphb_ra_regio-orihuela-costa-es kenmerken-testkenmerk entry has-media mphb-room-type-adults-4 mphb-room-type-children-0 has-taxes-and-fees\">\n\n\t\n\t\n<h3 class=\"mphb-room-type-details-title\">Detalles<\/h3><ul class=\"mphb-loop-room-type-attributes\">\n\n\n\t<li class=\"mphb-room-type-adults-capacity\"><span class=\"mphb-attribute-title mphb-adults-title\">Hu\u00e9spedes:<\/span><span class=\"mphb-attribute-value\">\n\t4\n\t<\/span><\/li>\n\t\n\n\n\n\n\n\n\n\n\t<li class=\"mphb-room-type-categories\"><span class=\"mphb-attribute-title mphb-categories-title\">Categor\u00edas:<\/span><span class=\"mphb-attribute-value\"> <span class=\"category-alicante-es\"><a href=\"https:\/\/www.orangeholidayhousing.com\/es\/accommodation-category\/espana\/alicante-es\/\">Alicante<\/a><\/span>, <span class=\"category-espana\"><a href=\"https:\/\/www.orangeholidayhousing.com\/es\/accommodation-category\/espana\/\">Espa\u00f1a<\/a><\/span>, <span class=\"category-orihuela-costa-es\"><a href=\"https:\/\/www.orangeholidayhousing.com\/es\/accommodation-category\/espana\/orihuela-costa-es\/\">Orihuela Costa<\/a><\/span>, <span class=\"category-todas-las-categorias\"><a href=\"https:\/\/www.orangeholidayhousing.com\/es\/accommodation-category\/todas-las-categorias\/\">todas las categorias<\/a><\/span><\/span><\/li>\n\t<li class=\"mphb-room-type-gedeelde-faciliteiten mphb-room-type-custom-attribute\"><span class=\"mphb-attribute-title mphb-gedeelde-faciliteiten-title\">Instalaciones comunes:<\/span><span class=\"mphb-attribute-value\"> <span class=\"gedeelde-faciliteiten-jardin-jardines\">Jard\u00edn \/ jardines<\/span>, <span class=\"gedeelde-faciliteiten-piscinas\">Piscina(s)<\/span><\/span><\/li><li class=\"mphb-room-type-algemeen mphb-room-type-custom-attribute\"><span class=\"mphb-attribute-title mphb-algemeen-title\">General:<\/span><span class=\"mphb-attribute-value\"> <span class=\"algemeen-aparcamiento-gratuito-en-la-calle\">Aparcamiento gratuito en la calle<\/span>, <span class=\"algemeen-prohibido-fumar\">Fumar prohibido<\/span>, <span class=\"algemeen-mascotas-prohibidas\">Mascotas prohibidas<\/span>, <span class=\"algemeen-plaza-de-aparcamiento-privada\">Plaza de aparcamiento privada<\/span>, <span class=\"algemeen-toallas-y-ropa-de-cama-disponible\">Toallas y ropa de cama disponible<\/span>, <span class=\"algemeen-wifi-es\">WiFi<\/span><\/span><\/li><li class=\"mphb-room-type-buiten mphb-room-type-custom-attribute\"><span class=\"mphb-attribute-title mphb-buiten-title\">Afuera:<\/span><span class=\"mphb-attribute-value\"> <span class=\"buiten-balcon\">Balc\u00f3n<\/span>, <span class=\"buiten-cocina-al-aire-libre\">Cocina al aire libre<\/span>, <span class=\"buiten-ducha-al-aire-libre\">Ducha al aire libre<\/span>, <span class=\"buiten-terraza-en-la-azotea-privada\">Terraza en la azotea privada<\/span><\/span><\/li><li class=\"mphb-room-type-binnen mphb-room-type-custom-attribute\"><span class=\"mphb-attribute-title mphb-binnen-title\">Dentro:<\/span><span class=\"mphb-attribute-value\"> <span class=\"binnen-aire-acondicionado\">Aire acondicionado<\/span>, <span class=\"binnen-calefaccion\">Calefacci\u00f3n<\/span>, <span class=\"binnen-hierro\">Hierro<\/span>, <span class=\"binnen-lavadora\">Lavadora<\/span>, <span class=\"binnen-smart-tv-es\">Smart tv<\/span><\/span><\/li><li class=\"mphb-room-type-keuken mphb-room-type-custom-attribute\"><span class=\"mphb-attribute-title mphb-keuken-title\">Cocina:<\/span><span class=\"mphb-attribute-value\"> <span class=\"keuken-cocina-electrica\">Cocina el\u00e9ctrica<\/span>, <span class=\"keuken-congelador\">Congelador<\/span>, <span class=\"keuken-frigorifico\">Frigor\u00edfico<\/span>, <span class=\"keuken-horno\">Horno<\/span>, <span class=\"keuken-lavavajillas\">Lavavajillas<\/span><\/span><\/li><li class=\"mphb-room-type-slaapkamer-1 mphb-room-type-custom-attribute\"><span class=\"mphb-attribute-title mphb-slaapkamer-1-title\">Dormitorio 1:<\/span><span class=\"mphb-attribute-value\"> <span class=\"slaapkamer-1-bano-en-suite-cuarto-de-bano-1\">Ba\u00f1o en suite (= cuarto de ba\u00f1o 1)<\/span>, <span class=\"slaapkamer-1-cama-doble\">Cama doble<\/span><\/span><\/li><li class=\"mphb-room-type-slaapkamer-2 mphb-room-type-custom-attribute\"><span class=\"mphb-attribute-title mphb-slaapkamer-2-title\">Dormitorio 2:<\/span><span class=\"mphb-attribute-value\"> <span class=\"slaapkamer-2-2-camas-individuales\">2 camas individuales<\/span><\/span><\/li><li class=\"mphb-room-type-badkamer-1 mphb-room-type-custom-attribute\"><span class=\"mphb-attribute-title mphb-badkamer-1-title\">Cuarto de ba\u00f1o 1:<\/span><span class=\"mphb-attribute-value\"> <span class=\"badkamer-1-ducha-es\">Ducha<\/span>, <span class=\"badkamer-1-inodoro\">Inodoro<\/span>, <span class=\"badkamer-1-hundirse\">Lavabo<\/span>, <span class=\"badkamer-1-secador-de-pelo\">Secador de pelo<\/span><\/span><\/li><li class=\"mphb-room-type-badkamer-2 mphb-room-type-custom-attribute\"><span class=\"mphb-attribute-title mphb-badkamer-2-title\">Cuarto de ba\u00f1o 2:<\/span><span class=\"mphb-attribute-value\"> <span class=\"badkamer-2-ducha\">Ducha<\/span>, <span class=\"badkamer-2-inodoro\">Inodoro<\/span>, <span class=\"badkamer-2-lavabo\">Lavabo<\/span><\/span><\/li>\n<\/ul>\n<div class=\"mphb-to-book-btn-wrapper\">\n<form action=\"https:\/\/www.orangeholidayhousing.com\/es\/accommodation\/sabrina-002\/#booking-form-9454\" method=\"get\" ><button type=\"submit\" class=\"button mphb-book-button\" >Hacer reserva<\/button><\/form>\n<br\/><\/div>\n\t\n<\/div>\n<\/div>\t\t\t\t<\/div>\n\t\t\t\t<\/div>\n\t\t\t\t\t<\/div>\n\t\t<\/div>\n\t\t\t\t\t<\/div>\n\t\t<\/section>\n\t\t\t\t<section class=\"elementor-section elementor-top-section elementor-element elementor-element-a7751e0 elementor-section-full_width elementor-section-height-default elementor-section-height-default\" data-id=\"a7751e0\" data-element_type=\"section\">\n\t\t\t\t\t\t<div class=\"elementor-container elementor-column-gap-default\">\n\t\t\t\t\t<div class=\"elementor-column elementor-col-100 elementor-top-column elementor-element elementor-element-4e7e074a\" data-id=\"4e7e074a\" data-element_type=\"column\">\n\t\t\t<div class=\"elementor-widget-wrap elementor-element-populated\">\n\t\t\t\t\t\t<div class=\"elementor-element elementor-element-6ada991a elementor-widget elementor-widget-google_maps\" data-id=\"6ada991a\" data-element_type=\"widget\" data-widget_type=\"google_maps.default\">\n\t\t\t\t<div class=\"elementor-widget-container\">\n\t\t\t\t\t\t\t<div class=\"elementor-custom-embed\">\n\t\t\t<iframe loading=\"lazy\"\n\t\t\t\t\tsrc=\"https:\/\/maps.google.com\/maps?q=Calle%20Naranjo%202%20La%20Zenia%20Alicante%20Spanje&#038;t=m&#038;z=10&#038;output=embed&#038;iwloc=near\"\n\t\t\t\t\ttitle=\"Calle Naranjo 2 La Zenia Alicante Spanje\"\n\t\t\t\t\taria-label=\"Calle Naranjo 2 La Zenia Alicante Spanje\"\n\t\t\t><\/iframe>\n\t\t<\/div>\n\t\t\t\t\t\t<\/div>\n\t\t\t\t<\/div>\n\t\t\t\t\t<\/div>\n\t\t<\/div>\n\t\t\t\t\t<\/div>\n\t\t<\/section>\n\t\t\t\t<section class=\"elementor-section elementor-top-section elementor-element elementor-element-a3013d8 elementor-section-boxed elementor-section-height-default elementor-section-height-default\" data-id=\"a3013d8\" data-element_type=\"section\">\n\t\t\t\t\t\t<div class=\"elementor-container elementor-column-gap-wide\">\n\t\t\t\t\t<div class=\"elementor-column elementor-col-50 elementor-top-column elementor-element elementor-element-dcee123\" data-id=\"dcee123\" data-element_type=\"column\">\n\t\t\t<div class=\"elementor-widget-wrap elementor-element-populated\">\n\t\t\t\t\t\t<div class=\"elementor-element elementor-element-7c70f35 elementor-widget elementor-widget-text-editor\" data-id=\"7c70f35\" data-element_type=\"widget\" data-widget_type=\"text-editor.default\">\n\t\t\t\t<div class=\"elementor-widget-container\">\n\t\t\t\t\t\t\t\t\t<h3>Tarifas<\/h3><table style=\"width: 100%;\"><thead><tr style=\"background-color: #ff7800; border-color: #ff7800;\"><td style=\"width: 53.92857142857143%;\"><strong><span style=\"color: #ffffff;\">Periodo<\/span><\/strong><\/td><td style=\"width: 9.642857142857142%;\"><span style=\"color: #ffffff;\"><b>Por noche<\/b><\/span><\/td><td style=\"width: 3.9285714285714297%;\"><span style=\"color: #ffffff;\"><b>Por semena<\/b><\/span><\/td><td style=\"width: 34.285714285714285%;\"><strong><span style=\"color: #ffffff;\">Per mes<\/span><\/strong><\/td><\/tr><\/thead><tbody><tr><td style=\"width: 53.92857142857143%;\">3 de enero &#8211; 21 de febrero<\/td><td style=\"width: 9.642857142857142%;\">\u00a0\u20ac58,-<\/td><td style=\"width: 3.9285714285714297%;\">\u00a0\u20ac406,-<\/td><td style=\"width: 34.285714285714285%;\">\u20ac225,- por semana<\/td><\/tr><tr style=\"background-color: #f6f6f6;\"><td style=\"width: 53.92857142857143%;\">22 de febrero &#8211; 29 de febrero<\/td><td style=\"width: 9.642857142857142%;\">\u00a0\u20ac86,-<\/td><td style=\"width: 3.9285714285714297%;\">\u00a0\u20ac602,-<\/td><td style=\"width: 34.285714285714285%;\">\u20ac225,- por semana<\/td><\/tr><tr><td style=\"width: 53.92857142857143%;\">1 de marzo &#8211; 31 de marzo<\/td><td style=\"width: 9.642857142857142%;\">\u00a0\u20ac58,-<\/td><td style=\"width: 3.9285714285714297%;\">\u00a0\u20ac406,-<\/td><td style=\"width: 34.285714285714285%;\">\u20ac225,- por semana<\/td><\/tr><tr style=\"background-color: #f6f6f6;\"><td style=\"width: 53.92857142857143%;\">1 de abril &#8211; 30 de junio<\/td><td style=\"width: 9.642857142857142%;\">\u00a0\u20ac72,-<\/td><td style=\"width: 3.9285714285714297%;\">\u00a0\u20ac504,-<\/td><td style=\"width: 34.285714285714285%;\">A petici\u00f3n<\/td><\/tr><tr><td style=\"width: 53.92857142857143%;\">1 de julio &#8211; 31 de agosto<\/td><td style=\"width: 9.642857142857142%;\">\u00a0\u20ac86,-<\/td><td style=\"width: 3.9285714285714297%;\">\u00a0\u20ac602,-<\/td><td style=\"width: 34.285714285714285%;\">A petici\u00f3n<\/td><\/tr><tr style=\"background-color: #f6f6f6;\"><td style=\"width: 53.92857142857143%;\">1 de septiembre &#8211; 31 de octubre<\/td><td style=\"width: 9.642857142857142%;\">\u00a0\u20ac72,-<\/td><td style=\"width: 3.9285714285714297%;\">\u20ac504,-<\/td><td style=\"width: 34.285714285714285%;\">A petici\u00f3n<\/td><\/tr><tr><td style=\"width: 53.92857142857143%;\">1 de noviembre &#8211; 7 de noviembre<\/td><td style=\"width: 9.642857142857142%;\">\u00a0\u20ac86,-<\/td><td style=\"width: 3.9285714285714297%;\">\u00a0\u20ac602,-<\/td><td style=\"width: 34.285714285714285%;\"><p>\u20ac225,- por semana<\/p><\/td><\/tr><tr style=\"background-color: #f6f6f6;\"><td style=\"width: 53.92857142857143%;\">8 de noviembre- 18 de diciembre<\/td><td style=\"width: 9.642857142857142%;\">\u20ac58,-<\/td><td style=\"width: 3.9285714285714297%;\">\u20ac406,-<\/td><td style=\"width: 34.285714285714285%;\">\u20ac225,- por semana<\/td><\/tr><tr><td style=\"width: 53.92857142857143%;\">19 de diciembre &#8211; 2 de enero<\/td><td style=\"width: 9.642857142857142%;\">\u00a0\u20ac65,-<\/td><td style=\"width: 3.9285714285714297%;\">\u00a0\u20ac455,-<\/td><td style=\"width: 34.285714285714285%;\">\u20ac225,- por semana<\/td><\/tr><\/tbody><\/table>\t\t\t\t\t\t\t\t<\/div>\n\t\t\t\t<\/div>\n\t\t\t\t\t<\/div>\n\t\t<\/div>\n\t\t\t\t<div class=\"elementor-column elementor-col-50 elementor-top-column elementor-element elementor-element-0b4970e\" data-id=\"0b4970e\" data-element_type=\"column\">\n\t\t\t<div class=\"elementor-widget-wrap elementor-element-populated\">\n\t\t\t\t\t\t<div class=\"elementor-element elementor-element-9ff5b3d elementor-widget elementor-widget-text-editor\" data-id=\"9ff5b3d\" data-element_type=\"widget\" data-widget_type=\"text-editor.default\">\n\t\t\t\t<div class=\"elementor-widget-container\">\n\t\t\t\t\t\t\t\t\t<h3>Precios adicionales<\/h3>\t\t\t\t\t\t\t\t<\/div>\n\t\t\t\t<\/div>\n\t\t\t\t<div class=\"elementor-element elementor-element-d99fae7 elementor-icon-list--layout-traditional elementor-list-item-link-full_width elementor-widget elementor-widget-icon-list\" data-id=\"d99fae7\" data-element_type=\"widget\" data-widget_type=\"icon-list.default\">\n\t\t\t\t<div class=\"elementor-widget-container\">\n\t\t\t\t\t\t\t<ul class=\"elementor-icon-list-items\">\n\t\t\t\t\t\t\t<li class=\"elementor-icon-list-item\">\n\t\t\t\t\t\t\t\t\t\t\t<span class=\"elementor-icon-list-icon\">\n\t\t\t\t\t\t\t<i aria-hidden=\"true\" class=\"fas fa-check\"><\/i>\t\t\t\t\t\t<\/span>\n\t\t\t\t\t\t\t\t\t\t<span class=\"elementor-icon-list-text\">Limpieza final (obligatoria): \u20ac85,-<\/span>\n\t\t\t\t\t\t\t\t\t<\/li>\n\t\t\t\t\t\t\t\t<li class=\"elementor-icon-list-item\">\n\t\t\t\t\t\t\t\t\t\t\t<span class=\"elementor-icon-list-icon\">\n\t\t\t\t\t\t\t<i aria-hidden=\"true\" class=\"fas fa-check\"><\/i>\t\t\t\t\t\t<\/span>\n\t\t\t\t\t\t\t\t\t\t<span class=\"elementor-icon-list-text\">Ropa de cama y toallas:\tIncluido<\/span>\n\t\t\t\t\t\t\t\t\t<\/li>\n\t\t\t\t\t\t\t\t<li class=\"elementor-icon-list-item\">\n\t\t\t\t\t\t\t\t\t\t\t<span class=\"elementor-icon-list-icon\">\n\t\t\t\t\t\t\t<i aria-hidden=\"true\" class=\"fas fa-check\"><\/i>\t\t\t\t\t\t<\/span>\n\t\t\t\t\t\t\t\t\t\t<span class=\"elementor-icon-list-text\">Fianza: \u20ac250,-<\/span>\n\t\t\t\t\t\t\t\t\t<\/li>\n\t\t\t\t\t\t\t\t<li class=\"elementor-icon-list-item\">\n\t\t\t\t\t\t\t\t\t\t\t<span class=\"elementor-icon-list-icon\">\n\t\t\t\t\t\t\t<i aria-hidden=\"true\" class=\"fas fa-check\"><\/i>\t\t\t\t\t\t<\/span>\n\t\t\t\t\t\t\t\t\t\t<span class=\"elementor-icon-list-text\">Transfer del aeropuerto: \u20ac50,- cada forma, necarios para reservar<\/span>\n\t\t\t\t\t\t\t\t\t<\/li>\n\t\t\t\t\t\t\t\t<li class=\"elementor-icon-list-item\">\n\t\t\t\t\t\t\t\t\t\t\t<span class=\"elementor-icon-list-icon\">\n\t\t\t\t\t\t\t<i aria-hidden=\"true\" class=\"fas fa-check\"><\/i>\t\t\t\t\t\t<\/span>\n\t\t\t\t\t\t\t\t\t\t<span class=\"elementor-icon-list-text\">Cunas \/ asientos para ni\u00f1os: \u20ac15,- por art\u00edculo por estancia, necesarios para reservar<\/span>\n\t\t\t\t\t\t\t\t\t<\/li>\n\t\t\t\t\t\t\t\t<li class=\"elementor-icon-list-item\">\n\t\t\t\t\t\t\t\t\t\t\t<span class=\"elementor-icon-list-icon\">\n\t\t\t\t\t\t\t<i aria-hidden=\"true\" class=\"fas fa-check\"><\/i>\t\t\t\t\t\t<\/span>\n\t\t\t\t\t\t\t\t\t\t<span class=\"elementor-icon-list-text\">80 kWh por semana est\u00e1 incluido en el precio. Cuando consumes m\u00e1s, pagas \u20ac0,50 por kWh<\/span>\n\t\t\t\t\t\t\t\t\t<\/li>\n\t\t\t\t\t\t\t\t<li class=\"elementor-icon-list-item\">\n\t\t\t\t\t\t\t\t\t\t\t<span class=\"elementor-icon-list-icon\">\n\t\t\t\t\t\t\t<i aria-hidden=\"true\" class=\"fas fa-check\"><\/i>\t\t\t\t\t\t<\/span>\n\t\t\t\t\t\t\t\t\t\t<span class=\"elementor-icon-list-text\">Un recargo de \u20ac15,- se aplica para check-in\/out entre las 22.00 y 07.00 (a pagar en efectivo a la llegada)<\/span>\n\t\t\t\t\t\t\t\t\t<\/li>\n\t\t\t\t\t\t<\/ul>\n\t\t\t\t\t\t<\/div>\n\t\t\t\t<\/div>\n\t\t\t\t\t<\/div>\n\t\t<\/div>\n\t\t\t\t\t<\/div>\n\t\t<\/section>\n\t\t\t\t<section class=\"elementor-section elementor-top-section elementor-element elementor-element-7ccfaed elementor-section-boxed elementor-section-height-default elementor-section-height-default\" data-id=\"7ccfaed\" data-element_type=\"section\">\n\t\t\t\t\t\t<div class=\"elementor-container elementor-column-gap-default\">\n\t\t\t\t\t<div class=\"elementor-column elementor-col-100 elementor-top-column elementor-element elementor-element-205ca7a\" data-id=\"205ca7a\" data-element_type=\"column\">\n\t\t\t<div class=\"elementor-widget-wrap elementor-element-populated\">\n\t\t\t\t\t\t<div class=\"elementor-element elementor-element-bd632dc elementor-widget elementor-widget-mphbe-availability-calendar\" data-id=\"bd632dc\" data-element_type=\"widget\" data-widget_type=\"mphbe-availability-calendar.default\">\n\t\t\t\t<div class=\"elementor-widget-container\">\n\t\t\t\t\t<div class=\"mphb_sc_availability_calendar-wrapper\"><p class=\"mphb-calendar__error\">Accommodation 0 not found.<\/p><\/div>\t\t\t\t<\/div>\n\t\t\t\t<\/div>\n\t\t\t\t\t<\/div>\n\t\t<\/div>\n\t\t\t\t\t<\/div>\n\t\t<\/section>\n\t\t\t\t<\/div>\n\t\t","protected":false},"excerpt":{"rendered":"<p>La Zenia, Alicante, Espa\u00f1a<br \/>\nApartemento en planta superior con balc\u00f3n y lujosa terraza en la azotea. <br \/>\n4 personas | 2 dormitorios | 2 ba\u00f1os<\/p>\n","protected":false},"featured_media":7842,"menu_order":49,"comment_status":"closed","ping_status":"closed","template":"elementor_header_footer","meta":{"ngg_post_thumbnail":0},"mphb_room_type_category":[391,389,393,385],"mphb_room_type_tag":[],"mphb_room_type_facility":[],"kenmerken":[69],"class_list":["post-9454","mphb_room_type","type-mphb_room_type","status-publish","has-post-thumbnail","hentry","mphb_room_type_category-alicante-es","mphb_room_type_category-espana","mphb_room_type_category-orihuela-costa-es","mphb_room_type_category-todas-las-categorias","mphb_ra_regio-alicante-es","mphb_ra_regio-orihuela-costa-es","kenmerken-testkenmerk","entry","has-media","mphb-room-type-adults-4","mphb-room-type-children-0","has-taxes-and-fees"],"yoast_head":"<!-- This site is optimized with the Yoast SEO plugin v25.2 - https:\/\/yoast.com\/wordpress\/plugins\/seo\/ -->\n<title>Sabrina 002 - Orange Holiday Housing<\/title>\n<meta name=\"robots\" content=\"index, follow, max-snippet:-1, max-image-preview:large, max-video-preview:-1\" \/>\n<link rel=\"canonical\" href=\"https:\/\/www.orangeholidayhousing.com\/accommodation\/sabrina002\/\" \/>\n<meta property=\"og:locale\" content=\"es_ES\" \/>\n<meta property=\"og:type\" content=\"article\" \/>\n<meta property=\"og:title\" content=\"Sabrina 002 - Orange Holiday Housing\" \/>\n<meta property=\"og:description\" content=\"La Zenia, Alicante, Espa\u00f1a Apartemento en planta superior con balc\u00f3n y lujosa terraza en la azotea.  4 personas | 2 dormitorios | 2 ba\u00f1os\" \/>\n<meta property=\"og:url\" content=\"https:\/\/www.orangeholidayhousing.com\/accommodation\/sabrina002\/\" \/>\n<meta property=\"og:site_name\" content=\"Orange Holiday Housing\" \/>\n<meta property=\"article:modified_time\" content=\"2020-06-09T14:13:13+00:00\" \/>\n<meta property=\"og:image\" content=\"https:\/\/www.orangeholidayhousing.com\/wp-content\/uploads\/2019\/12\/Sabrina-002.jpg\" \/>\n\t<meta property=\"og:image:width\" content=\"1920\" \/>\n\t<meta property=\"og:image:height\" content=\"2560\" \/>\n\t<meta property=\"og:image:type\" content=\"image\/jpeg\" \/>\n<meta name=\"twitter:card\" content=\"summary_large_image\" \/>\n<meta name=\"twitter:label1\" content=\"Tiempo de lectura\" \/>\n\t<meta name=\"twitter:data1\" content=\"2 minutos\" \/>\n<script type=\"application\/ld+json\" class=\"yoast-schema-graph\">{\"@context\":\"https:\/\/schema.org\",\"@graph\":[{\"@type\":\"WebPage\",\"@id\":\"https:\/\/www.orangeholidayhousing.com\/accommodation\/sabrina002\/\",\"url\":\"https:\/\/www.orangeholidayhousing.com\/accommodation\/sabrina002\/\",\"name\":\"Sabrina 002 - Orange Holiday Housing\",\"isPartOf\":{\"@id\":\"https:\/\/www.orangeholidayhousing.com\/#website\"},\"primaryImageOfPage\":{\"@id\":\"https:\/\/www.orangeholidayhousing.com\/accommodation\/sabrina002\/#primaryimage\"},\"image\":{\"@id\":\"https:\/\/www.orangeholidayhousing.com\/accommodation\/sabrina002\/#primaryimage\"},\"thumbnailUrl\":\"https:\/\/www.orangeholidayhousing.com\/wp-content\/uploads\/2019\/12\/Sabrina-002.jpg\",\"datePublished\":\"2019-12-19T12:47:54+00:00\",\"dateModified\":\"2020-06-09T14:13:13+00:00\",\"breadcrumb\":{\"@id\":\"https:\/\/www.orangeholidayhousing.com\/accommodation\/sabrina002\/#breadcrumb\"},\"inLanguage\":\"es\",\"potentialAction\":[{\"@type\":\"ReadAction\",\"target\":[\"https:\/\/www.orangeholidayhousing.com\/accommodation\/sabrina002\/\"]}]},{\"@type\":\"ImageObject\",\"inLanguage\":\"es\",\"@id\":\"https:\/\/www.orangeholidayhousing.com\/accommodation\/sabrina002\/#primaryimage\",\"url\":\"https:\/\/www.orangeholidayhousing.com\/wp-content\/uploads\/2019\/12\/Sabrina-002.jpg\",\"contentUrl\":\"https:\/\/www.orangeholidayhousing.com\/wp-content\/uploads\/2019\/12\/Sabrina-002.jpg\",\"width\":1920,\"height\":2560},{\"@type\":\"BreadcrumbList\",\"@id\":\"https:\/\/www.orangeholidayhousing.com\/accommodation\/sabrina002\/#breadcrumb\",\"itemListElement\":[{\"@type\":\"ListItem\",\"position\":1,\"name\":\"Home\",\"item\":\"https:\/\/www.orangeholidayhousing.com\/es\/\"},{\"@type\":\"ListItem\",\"position\":2,\"name\":\"Typen accommodaties\",\"item\":\"https:\/\/www.orangeholidayhousing.com\/accommodation\/\"},{\"@type\":\"ListItem\",\"position\":3,\"name\":\"Sabrina 002\"}]},{\"@type\":\"WebSite\",\"@id\":\"https:\/\/www.orangeholidayhousing.com\/#website\",\"url\":\"https:\/\/www.orangeholidayhousing.com\/\",\"name\":\"Orange Holiday Housing\",\"description\":\"Orange Holiday Housing website\",\"publisher\":{\"@id\":\"https:\/\/www.orangeholidayhousing.com\/#organization\"},\"potentialAction\":[{\"@type\":\"SearchAction\",\"target\":{\"@type\":\"EntryPoint\",\"urlTemplate\":\"https:\/\/www.orangeholidayhousing.com\/?s={search_term_string}\"},\"query-input\":{\"@type\":\"PropertyValueSpecification\",\"valueRequired\":true,\"valueName\":\"search_term_string\"}}],\"inLanguage\":\"es\"},{\"@type\":\"Organization\",\"@id\":\"https:\/\/www.orangeholidayhousing.com\/#organization\",\"name\":\"Orange Holiday Housing\",\"url\":\"https:\/\/www.orangeholidayhousing.com\/\",\"logo\":{\"@type\":\"ImageObject\",\"inLanguage\":\"es\",\"@id\":\"https:\/\/www.orangeholidayhousing.com\/#\/schema\/logo\/image\/\",\"url\":\"https:\/\/www.orangeholidayhousing.com\/wp-content\/uploads\/2019\/10\/Logo.png\",\"contentUrl\":\"https:\/\/www.orangeholidayhousing.com\/wp-content\/uploads\/2019\/10\/Logo.png\",\"width\":250,\"height\":100,\"caption\":\"Orange Holiday Housing\"},\"image\":{\"@id\":\"https:\/\/www.orangeholidayhousing.com\/#\/schema\/logo\/image\/\"}}]}<\/script>\n<!-- \/ Yoast SEO plugin. -->","yoast_head_json":{"title":"Sabrina 002 - Orange Holiday Housing","robots":{"index":"index","follow":"follow","max-snippet":"max-snippet:-1","max-image-preview":"max-image-preview:large","max-video-preview":"max-video-preview:-1"},"canonical":"https:\/\/www.orangeholidayhousing.com\/accommodation\/sabrina002\/","og_locale":"es_ES","og_type":"article","og_title":"Sabrina 002 - Orange Holiday Housing","og_description":"La Zenia, Alicante, Espa\u00f1a Apartemento en planta superior con balc\u00f3n y lujosa terraza en la azotea.  4 personas | 2 dormitorios | 2 ba\u00f1os","og_url":"https:\/\/www.orangeholidayhousing.com\/accommodation\/sabrina002\/","og_site_name":"Orange Holiday Housing","article_modified_time":"2020-06-09T14:13:13+00:00","og_image":[{"width":1920,"height":2560,"url":"https:\/\/www.orangeholidayhousing.com\/wp-content\/uploads\/2019\/12\/Sabrina-002.jpg","type":"image\/jpeg"}],"twitter_card":"summary_large_image","twitter_misc":{"Tiempo de lectura":"2 minutos"},"schema":{"@context":"https:\/\/schema.org","@graph":[{"@type":"WebPage","@id":"https:\/\/www.orangeholidayhousing.com\/accommodation\/sabrina002\/","url":"https:\/\/www.orangeholidayhousing.com\/accommodation\/sabrina002\/","name":"Sabrina 002 - Orange Holiday Housing","isPartOf":{"@id":"https:\/\/www.orangeholidayhousing.com\/#website"},"primaryImageOfPage":{"@id":"https:\/\/www.orangeholidayhousing.com\/accommodation\/sabrina002\/#primaryimage"},"image":{"@id":"https:\/\/www.orangeholidayhousing.com\/accommodation\/sabrina002\/#primaryimage"},"thumbnailUrl":"https:\/\/www.orangeholidayhousing.com\/wp-content\/uploads\/2019\/12\/Sabrina-002.jpg","datePublished":"2019-12-19T12:47:54+00:00","dateModified":"2020-06-09T14:13:13+00:00","breadcrumb":{"@id":"https:\/\/www.orangeholidayhousing.com\/accommodation\/sabrina002\/#breadcrumb"},"inLanguage":"es","potentialAction":[{"@type":"ReadAction","target":["https:\/\/www.orangeholidayhousing.com\/accommodation\/sabrina002\/"]}]},{"@type":"ImageObject","inLanguage":"es","@id":"https:\/\/www.orangeholidayhousing.com\/accommodation\/sabrina002\/#primaryimage","url":"https:\/\/www.orangeholidayhousing.com\/wp-content\/uploads\/2019\/12\/Sabrina-002.jpg","contentUrl":"https:\/\/www.orangeholidayhousing.com\/wp-content\/uploads\/2019\/12\/Sabrina-002.jpg","width":1920,"height":2560},{"@type":"BreadcrumbList","@id":"https:\/\/www.orangeholidayhousing.com\/accommodation\/sabrina002\/#breadcrumb","itemListElement":[{"@type":"ListItem","position":1,"name":"Home","item":"https:\/\/www.orangeholidayhousing.com\/es\/"},{"@type":"ListItem","position":2,"name":"Typen accommodaties","item":"https:\/\/www.orangeholidayhousing.com\/accommodation\/"},{"@type":"ListItem","position":3,"name":"Sabrina 002"}]},{"@type":"WebSite","@id":"https:\/\/www.orangeholidayhousing.com\/#website","url":"https:\/\/www.orangeholidayhousing.com\/","name":"Orange Holiday Housing","description":"Orange Holiday Housing website","publisher":{"@id":"https:\/\/www.orangeholidayhousing.com\/#organization"},"potentialAction":[{"@type":"SearchAction","target":{"@type":"EntryPoint","urlTemplate":"https:\/\/www.orangeholidayhousing.com\/?s={search_term_string}"},"query-input":{"@type":"PropertyValueSpecification","valueRequired":true,"valueName":"search_term_string"}}],"inLanguage":"es"},{"@type":"Organization","@id":"https:\/\/www.orangeholidayhousing.com\/#organization","name":"Orange Holiday Housing","url":"https:\/\/www.orangeholidayhousing.com\/","logo":{"@type":"ImageObject","inLanguage":"es","@id":"https:\/\/www.orangeholidayhousing.com\/#\/schema\/logo\/image\/","url":"https:\/\/www.orangeholidayhousing.com\/wp-content\/uploads\/2019\/10\/Logo.png","contentUrl":"https:\/\/www.orangeholidayhousing.com\/wp-content\/uploads\/2019\/10\/Logo.png","width":250,"height":100,"caption":"Orange Holiday Housing"},"image":{"@id":"https:\/\/www.orangeholidayhousing.com\/#\/schema\/logo\/image\/"}}]}},"_links":{"self":[{"href":"https:\/\/www.orangeholidayhousing.com\/es\/wp-json\/wp\/v2\/mphb_room_type\/9454","targetHints":{"allow":["GET"]}}],"collection":[{"href":"https:\/\/www.orangeholidayhousing.com\/es\/wp-json\/wp\/v2\/mphb_room_type"}],"about":[{"href":"https:\/\/www.orangeholidayhousing.com\/es\/wp-json\/wp\/v2\/types\/mphb_room_type"}],"replies":[{"embeddable":true,"href":"https:\/\/www.orangeholidayhousing.com\/es\/wp-json\/wp\/v2\/comments?post=9454"}],"version-history":[{"count":9,"href":"https:\/\/www.orangeholidayhousing.com\/es\/wp-json\/wp\/v2\/mphb_room_type\/9454\/revisions"}],"predecessor-version":[{"id":237199,"href":"https:\/\/www.orangeholidayhousing.com\/es\/wp-json\/wp\/v2\/mphb_room_type\/9454\/revisions\/237199"}],"wp:featuredmedia":[{"embeddable":true,"href":"https:\/\/www.orangeholidayhousing.com\/es\/wp-json\/wp\/v2\/media\/7842"}],"wp:attachment":[{"href":"https:\/\/www.orangeholidayhousing.com\/es\/wp-json\/wp\/v2\/media?parent=9454"}],"wp:term":[{"taxonomy":"mphb_room_type_category","embeddable":true,"href":"https:\/\/www.orangeholidayhousing.com\/es\/wp-json\/wp\/v2\/mphb_room_type_category?post=9454"},{"taxonomy":"mphb_room_type_tag","embeddable":true,"href":"https:\/\/www.orangeholidayhousing.com\/es\/wp-json\/wp\/v2\/mphb_room_type_tag?post=9454"},{"taxonomy":"mphb_room_type_facility","embeddable":true,"href":"https:\/\/www.orangeholidayhousing.com\/es\/wp-json\/wp\/v2\/mphb_room_type_facility?post=9454"},{"taxonomy":"kenmerken","embeddable":true,"href":"https:\/\/www.orangeholidayhousing.com\/es\/wp-json\/wp\/v2\/kenmerken?post=9454"}],"curies":[{"name":"wp","href":"https:\/\/api.w.org\/{rel}","templated":true}]}}