{"id":10007,"date":"2019-12-24T11:55:02","date_gmt":"2019-12-24T10:55:02","guid":{"rendered":"https:\/\/www.orangeholidayhousing.com\/villa-amalia\/"},"modified":"2022-07-28T11:24:25","modified_gmt":"2022-07-28T09:24:25","slug":"villa-amalia","status":"publish","type":"page","link":"https:\/\/www.orangeholidayhousing.com\/es\/villa-amalia\/","title":{"rendered":"Villa Amalia"},"content":{"rendered":"<div class=\"wpb-content-wrapper\">[vc_row][vc_column][vc_column_text]Algunas de las viviendas que alquilamos se sit\u00faan en el complejo de Villa Amalia. Este complejo (muy popular despu\u00e9s de aparecer en la televisi\u00f3n holandesa) es nuevo y se encuentra en la zona destacada de La Veleta en el sur de Torrevieja. El mar est\u00e1 a 200 metros y la playa de arena blanca m\u00e1s cercana es la Playa de los N\u00e1ufragos a 800 metros. Esta playa est\u00e1 en la ruta hacia el centro, que se ubica a 1,5 kil\u00f3metros del complejo.<\/p>\n<p>M\u00e1s al sur en la direcci\u00f3n de La Zenia (Orihuela Costa), tambi\u00e9n puede pasar a pie o en bicicleta o coche por varias playas bonitas. A 200 metros del complejo se encuentran dos supermercados grandes, algunos restaurantes, bares y chiringuitos y una parada de bus. \u00a1En un entorno relativamente tranquilo, todos los equipamientos est\u00e1n al alcance de la mano![\/vc_column_text]<div class=\"vcex-spacing wpex-w-100 wpex-clear\" style=\"height:15px;\"><\/div>[vc_column_text color=\u00bb#ff7701&#8243;]\u00a1Villa Amalia ser\u00e1 duplicada y se completar\u00e1 en junio de 2019! \u00bfEst\u00e1 interesado en comprar una propiedad en Villa Amalia? Sabemos exactamente c\u00f3mo (no) actuar. Cont\u00e1ctenos sin compromiso y ahorre mucho dinero y estr\u00e9s![\/vc_column_text][\/vc_column][\/vc_row][vc_row][vc_column]<div class=\"vcex-image-grid-wrap\"><div class=\"vcex-module vcex-image-grid grid-style-default wpex-row wpex-clr wpex-lightbox-group\"><div class=\"id-9985 vcex-image-grid-entry vcex-grid-item wpex-text-center span_1_of_4 col col-1\"><figure class=\"vcex-image-grid-entry-figure wpex-last-mb-0 wpex-clr\"><div class=\"vcex-image-grid-entry-img entry-media wpex-relative wpex-mb-20\"><a href=\"https:\/\/www.orangeholidayhousing.com\/wp-content\/uploads\/2019\/12\/Gang-beneden-1.jpg\" class=\"vcex-image-grid-entry-link wpex-lightbox-group-item\" ><img loading=\"lazy\" class=\"wpex-align-middle\" decoding=\"async\" src=\"https:\/\/www.orangeholidayhousing.com\/wp-content\/uploads\/2019\/12\/Gang-beneden-1.jpg\" alt=\"\" srcset=\"https:\/\/www.orangeholidayhousing.com\/wp-content\/uploads\/2019\/12\/Gang-beneden-1.jpg 1000w, https:\/\/www.orangeholidayhousing.com\/wp-content\/uploads\/2019\/12\/Gang-beneden-1-300x200.jpg 300w, https:\/\/www.orangeholidayhousing.com\/wp-content\/uploads\/2019\/12\/Gang-beneden-1-768x512.jpg 768w\" width=\"1000\" height=\"667\"><\/a><\/div><\/figure><\/div><div class=\"id-9819 vcex-image-grid-entry vcex-grid-item wpex-text-center span_1_of_4 col col-2\"><figure class=\"vcex-image-grid-entry-figure wpex-last-mb-0 wpex-clr\"><div class=\"vcex-image-grid-entry-img entry-media wpex-relative wpex-mb-20\"><a href=\"https:\/\/www.orangeholidayhousing.com\/wp-content\/uploads\/2019\/11\/VillaAmalia-1500x1053.jpeg\" class=\"vcex-image-grid-entry-link wpex-lightbox-group-item\" ><img loading=\"lazy\" class=\"wpex-align-middle\" decoding=\"async\" src=\"https:\/\/www.orangeholidayhousing.com\/wp-content\/uploads\/2019\/11\/VillaAmalia-1000x667.jpeg\" alt=\"\" width=\"1000\" height=\"667\"><\/a><\/div><\/figure><\/div><div class=\"id-10004 vcex-image-grid-entry vcex-grid-item wpex-text-center span_1_of_4 col col-3\"><figure class=\"vcex-image-grid-entry-figure wpex-last-mb-0 wpex-clr\"><div class=\"vcex-image-grid-entry-img entry-media wpex-relative wpex-mb-20\"><a href=\"https:\/\/www.orangeholidayhousing.com\/wp-content\/uploads\/2019\/12\/AmliaVilla-en-1500x844.jpg\" class=\"vcex-image-grid-entry-link wpex-lightbox-group-item\" ><img loading=\"lazy\" class=\"wpex-align-middle\" decoding=\"async\" src=\"https:\/\/www.orangeholidayhousing.com\/wp-content\/uploads\/2019\/12\/AmliaVilla-en-1000x667.jpg\" alt=\"\" width=\"1000\" height=\"667\"><\/a><\/div><\/figure><\/div><div class=\"id-9990 vcex-image-grid-entry vcex-grid-item wpex-text-center span_1_of_4 col col-4\"><figure class=\"vcex-image-grid-entry-figure wpex-last-mb-0 wpex-clr\"><div class=\"vcex-image-grid-entry-img entry-media wpex-relative wpex-mb-20\"><a href=\"https:\/\/www.orangeholidayhousing.com\/wp-content\/uploads\/2019\/12\/Nacht-1-1.jpg\" class=\"vcex-image-grid-entry-link wpex-lightbox-group-item\" ><img loading=\"lazy\" class=\"wpex-align-middle\" decoding=\"async\" src=\"https:\/\/www.orangeholidayhousing.com\/wp-content\/uploads\/2019\/12\/Nacht-1-1.jpg\" alt=\"\" srcset=\"https:\/\/www.orangeholidayhousing.com\/wp-content\/uploads\/2019\/12\/Nacht-1-1.jpg 1000w, https:\/\/www.orangeholidayhousing.com\/wp-content\/uploads\/2019\/12\/Nacht-1-1-300x200.jpg 300w, https:\/\/www.orangeholidayhousing.com\/wp-content\/uploads\/2019\/12\/Nacht-1-1-768x512.jpg 768w\" width=\"1000\" height=\"667\"><\/a><\/div><\/figure><\/div><\/div><\/div>[\/vc_column][\/vc_row][vc_row][vc_column][vc_column_text]El complejo de Villa Amalia es una ecoresidencia que se complet\u00f3 en 2017 y es un verdadero para\u00edso vacacional. Las viviendas lujosas cuentan con un sal\u00f3n, dos o tres dormitorios, dos salas de ba\u00f1o con suelo radiante, espacio privado al aire libre (balc\u00f3n y \/ o (techo) terraza), una cocina completamente equipada, televisi\u00f3n, climatizador (tanto aire caliente como fr\u00edo por toda la vivienda) y una lavadora.<\/p>\n<p>El complejo dispone de ascensores, Wi-Fi, 3 piscinas (de las cuales 1 es climatizada) y una sala de fitness. Como hu\u00e9sped, puede utilizar todos los equipamientos gratuitamente. Debajo del complejo hay un amplio garaje. Una plaza de aparcamiento cuesta \u20ac5,- por noche o \u20ac90,- por mes. Aparcar el coche al lado de la calle es gratuito. Si desea alquilar un coche, un barco o bicicletas, nos encargaremos del servicio. Tambi\u00e9n ofrecemos el transfer al aeropuerto (solo ida o ida y vuelta) bajo petici\u00f3n.[\/vc_column_text][\/vc_column][\/vc_row][vc_row][vc_column width=\u00bb2\/3&#8243;][vc_column_text]Villa Amalia es totalmente cerrado. Tambi\u00e9n alrededor de las piscinas hay una valla, para que los ni\u00f1os puedan jugar al aire libre de forma segura. La construcci\u00f3n del complejo est\u00e1 adaptada para aprovechar el sol al m\u00e1ximo. De esta forma, las viviendas aprovechan tambi\u00e9n en el invierno \u00f3ptimamente del sol. El aislamiento y la ventilaci\u00f3n interna son \u00f3ptimas, por lo cual la temperatura dentro de la vivienda se mantiene agradable.<\/p>\n<p>\u00bfNo est\u00e1 disponible su vivienda deseada? No dude en contactarnos. Intermediamos de forma gratuita a otros propietarios en el complejo.[\/vc_column_text][\/vc_column][vc_column width=\u00bb1\/3&#8243; css=\u00bb.vc_custom_1577182319203{padding-top: 15px !important;padding-right: 15px !important;padding-bottom: 15px !important;padding-left: 15px !important;background-color: #efefef !important;}\u00bb][vc_column_text]Toallas y ropa de cama incluidas. Asientos para ni\u00f1os y cunas est\u00e1n sujetas a disponibilidad, con reserva previa.[\/vc_column_text][\/vc_column][\/vc_row][vc_row][vc_column][vc_video link=\u00bbhttps:\/\/vimeo.com\/162045815&#8243;][\/vc_column][\/vc_row][vc_row][vc_column]<h2 class=\"vcex-heading vcex-heading-plain vcex-module wpex-heading wpex-text-2xl wpex-h2\"><span class=\"vcex-heading-inner wpex-inline-block\">Propiedades en alquiler en Villa Amalia<\/span><\/h2>[vc_column_text color=\u00bb#ff7701&#8243;]\u00bfSu alojamiento deseado ya no est\u00e1 disponible? Por favor, si\u00e9ntase libre de contactarnos. Meditamos sin cargo a otros propietarios en el complejo.[\/vc_column_text][\/vc_column][\/vc_row][vc_row][vc_column]<style>.vcex-post-type-grid-wrap.vcex_69f2c6c1911f3 .entry-title{margin-block-start:20px;font-weight:600;}<\/style><div class=\"vcex-module vcex-post-type-grid-wrap wpex-clr vcex_69f2c6c1911f3\"><div class=\"wpex-row vcex-post-type-grid entries wpex-clr gap-5 match-height-grid\"><div class=\"vcex-post-type-entry vcex-grid-item wpex-clr col span_1_of_5 textcenter col-1 entry post-1114095 type-mphb_room_type has-media mphb_room_type_category-391 mphb_room_type_category-389 mphb_room_type_category-433 mphb_room_type_category-385 mphb_ra_regio-395 mphb_ra_gedeelde-faciliteiten-237 mphb_ra_gedeelde-faciliteiten-239 mphb_ra_gedeelde-faciliteiten-241 mphb_ra_gedeelde-faciliteiten-231 mphb_ra_algemeen-211 mphb_ra_algemeen-223 mphb_ra_algemeen-221 mphb_ra_algemeen-453 mphb_ra_algemeen-213 mphb_ra_algemeen-227 mphb_ra_buiten-253 mphb_ra_buiten-251 mphb_ra_binnen-257 mphb_ra_binnen-269 mphb_ra_binnen-267 mphb_ra_binnen-273 mphb_ra_binnen-265 mphb_ra_binnen-263 mphb_ra_keuken-277 mphb_ra_keuken-283 mphb_ra_keuken-275 mphb_ra_keuken-281 mphb_ra_keuken-285 mphb_ra_keuken-279 mphb_ra_slaapkamer-1-287 mphb_ra_slaapkamer-1-299 mphb_ra_type-vakantiehuis-406 mphb_ra_slaapkamer-2-301 mphb_ra_badkamer-1-351 mphb_ra_badkamer-1-343 mphb_ra_badkamer-1-347 mphb_ra_badkamer-1-349 mphb_ra_badkamer-1-353 mphb_ra_badkamer-1-345 mphb_ra_badkamer-2-365 mphb_ra_badkamer-2-357 mphb_ra_badkamer-2-363 mphb_ra_badkamer-2-367 mphb_ra_woning-met-korting-417 mphb_ra_woning-met-korting-422 mphb_ra_woning-met-korting-418 kenmerken-69\"><div class=\"vcex-post-type-entry-inner entry-inner wpex-first-mt-0 wpex-last-mb-0 wpex-clr\"><div class=\"vcex-post-type-entry-media entry-media wpex-relative\"><a href=\"https:\/\/www.orangeholidayhousing.com\/es\/accommodation\/amalia-3\/\" title=\"Amalia-3\"><img loading=\"lazy\" class=\"vcex-blog-entry-img wpex-align-middle\" decoding=\"async\" src=\"https:\/\/www.orangeholidayhousing.com\/wp-content\/uploads\/2022\/07\/1-1000x667.jpg\" alt=\"\" srcset=\"https:\/\/www.orangeholidayhousing.com\/wp-content\/uploads\/2022\/07\/1-1000x667.jpg 1000w, https:\/\/www.orangeholidayhousing.com\/wp-content\/uploads\/2022\/07\/1-300x200.jpg 300w, https:\/\/www.orangeholidayhousing.com\/wp-content\/uploads\/2022\/07\/1-1024x682.jpg 1024w, https:\/\/www.orangeholidayhousing.com\/wp-content\/uploads\/2022\/07\/1-768x512.jpg 768w, https:\/\/www.orangeholidayhousing.com\/wp-content\/uploads\/2022\/07\/1-1536x1024.jpg 1536w, https:\/\/www.orangeholidayhousing.com\/wp-content\/uploads\/2022\/07\/1-1500x1000.jpg 1500w, https:\/\/www.orangeholidayhousing.com\/wp-content\/uploads\/2022\/07\/1.jpg 2000w\" width=\"1000\" height=\"667\"><\/a><\/div><div class=\"vcex-post-type-entry-details entry-details wpex-bordered wpex-first-mt-0 wpex-last-mb-0 wpex-clr vc_custom_1659000261617\"><div class=\"match-height-content\"><h2 class=\"vcex-post-type-entry-title entry-title wpex-mb-5\"><a href=\"https:\/\/www.orangeholidayhousing.com\/es\/accommodation\/amalia-3\/\">Amalia-3<\/a><\/h2 ><div class=\"vcex-post-type-entry-readmore-wrap entry-readmore-wrap wpex-my-15 wpex-clr\"><a href=\"https:\/\/www.orangeholidayhousing.com\/es\/accommodation\/amalia-3\/\" class=\"entry-readmore theme-button\" aria-label=\"Boeken about Amalia-3\">Boeken<\/a><\/div><\/div><\/div><\/div><\/div><div class=\"vcex-post-type-entry vcex-grid-item wpex-clr col span_1_of_5 textcenter col-2 entry post-9294 type-mphb_room_type has-media mphb_room_type_category-391 mphb_room_type_category-389 mphb_room_type_category-433 mphb_room_type_category-385 mphb_ra_regio-395 mphb_ra_gedeelde-faciliteiten-237 mphb_ra_gedeelde-faciliteiten-239 mphb_ra_gedeelde-faciliteiten-241 mphb_ra_gedeelde-faciliteiten-231 mphb_ra_algemeen-211 mphb_ra_algemeen-221 mphb_ra_algemeen-425 mphb_ra_algemeen-217 mphb_ra_algemeen-213 mphb_ra_algemeen-227 mphb_ra_buiten-243 mphb_ra_buiten-245 mphb_ra_buiten-249 mphb_ra_binnen-257 mphb_ra_binnen-269 mphb_ra_binnen-267 mphb_ra_binnen-273 mphb_ra_binnen-261 mphb_ra_keuken-277 mphb_ra_keuken-283 mphb_ra_keuken-275 mphb_ra_keuken-281 mphb_ra_keuken-285 mphb_ra_keuken-279 mphb_ra_slaapkamer-1-287 mphb_ra_slaapkamer-1-299 mphb_ra_type-vakantiehuis-406 mphb_ra_slaapkamer-2-301 mphb_ra_badkamer-1-351 mphb_ra_badkamer-1-343 mphb_ra_badkamer-1-347 mphb_ra_badkamer-1-349 mphb_ra_badkamer-1-353 mphb_ra_badkamer-1-345 mphb_ra_badkamer-2-365 mphb_ra_badkamer-2-357 mphb_ra_badkamer-2-363 mphb_ra_badkamer-2-367 mphb_ra_woning-met-korting-417 mphb_ra_woning-met-korting-422 mphb_ra_woning-met-korting-418 kenmerken-69\"><div class=\"vcex-post-type-entry-inner entry-inner wpex-first-mt-0 wpex-last-mb-0 wpex-clr\"><div class=\"vcex-post-type-entry-media entry-media wpex-relative\"><a href=\"https:\/\/www.orangeholidayhousing.com\/es\/accommodation\/amalia-12\/\" title=\"Amalia-12\"><img loading=\"lazy\" class=\"vcex-blog-entry-img wpex-align-middle\" decoding=\"async\" src=\"https:\/\/www.orangeholidayhousing.com\/wp-content\/uploads\/2019\/12\/69a9f96e-756f-4363-afcc-28b40980033e-1000x667.jpg\" alt=\"\" width=\"1000\" height=\"667\"><\/a><\/div><div class=\"vcex-post-type-entry-details entry-details wpex-bordered wpex-first-mt-0 wpex-last-mb-0 wpex-clr vc_custom_1659000261617\"><div class=\"match-height-content\"><h2 class=\"vcex-post-type-entry-title entry-title wpex-mb-5\"><a href=\"https:\/\/www.orangeholidayhousing.com\/es\/accommodation\/amalia-12\/\">Amalia-12<\/a><\/h2 ><div class=\"vcex-post-type-entry-readmore-wrap entry-readmore-wrap wpex-my-15 wpex-clr\"><a href=\"https:\/\/www.orangeholidayhousing.com\/es\/accommodation\/amalia-12\/\" class=\"entry-readmore theme-button\" aria-label=\"Boeken about Amalia-12\">Boeken<\/a><\/div><\/div><\/div><\/div><\/div><div class=\"vcex-post-type-entry vcex-grid-item wpex-clr col span_1_of_5 textcenter col-3 entry post-9310 type-mphb_room_type has-media mphb_room_type_category-391 mphb_room_type_category-389 mphb_room_type_category-433 mphb_room_type_category-385 mphb_ra_regio-395 mphb_ra_gedeelde-faciliteiten-237 mphb_ra_gedeelde-faciliteiten-239 mphb_ra_gedeelde-faciliteiten-241 mphb_ra_gedeelde-faciliteiten-231 mphb_ra_algemeen-211 mphb_ra_algemeen-223 mphb_ra_algemeen-221 mphb_ra_algemeen-425 mphb_ra_algemeen-215 mphb_ra_algemeen-213 mphb_ra_algemeen-227 mphb_ra_buiten-251 mphb_ra_binnen-257 mphb_ra_binnen-269 mphb_ra_binnen-267 mphb_ra_binnen-273 mphb_ra_binnen-263 mphb_ra_binnen-261 mphb_ra_keuken-277 mphb_ra_keuken-283 mphb_ra_keuken-275 mphb_ra_keuken-281 mphb_ra_keuken-285 mphb_ra_keuken-279 mphb_ra_slaapkamer-1-287 mphb_ra_slaapkamer-1-299 mphb_ra_type-vakantiehuis-406 mphb_ra_slaapkamer-2-301 mphb_ra_badkamer-1-351 mphb_ra_badkamer-1-343 mphb_ra_badkamer-1-347 mphb_ra_badkamer-1-349 mphb_ra_badkamer-1-353 mphb_ra_badkamer-1-345 mphb_ra_badkamer-2-365 mphb_ra_badkamer-2-357 mphb_ra_badkamer-2-363 mphb_ra_badkamer-2-367 mphb_ra_woning-met-korting-417 mphb_ra_woning-met-korting-422 mphb_ra_woning-met-korting-418 kenmerken-69\"><div class=\"vcex-post-type-entry-inner entry-inner wpex-first-mt-0 wpex-last-mb-0 wpex-clr\"><div class=\"vcex-post-type-entry-media entry-media wpex-relative\"><a href=\"https:\/\/www.orangeholidayhousing.com\/es\/accommodation\/amalia-13\/\" title=\"Amalia-13\"><img loading=\"lazy\" class=\"vcex-blog-entry-img wpex-align-middle\" decoding=\"async\" src=\"https:\/\/www.orangeholidayhousing.com\/wp-content\/uploads\/2019\/12\/amalia-13-1000x667.jpg\" alt=\"\" width=\"1000\" height=\"667\"><\/a><\/div><div class=\"vcex-post-type-entry-details entry-details wpex-bordered wpex-first-mt-0 wpex-last-mb-0 wpex-clr vc_custom_1659000261617\"><div class=\"match-height-content\"><h2 class=\"vcex-post-type-entry-title entry-title wpex-mb-5\"><a href=\"https:\/\/www.orangeholidayhousing.com\/es\/accommodation\/amalia-13\/\">Amalia-13<\/a><\/h2 ><div class=\"vcex-post-type-entry-readmore-wrap entry-readmore-wrap wpex-my-15 wpex-clr\"><a href=\"https:\/\/www.orangeholidayhousing.com\/es\/accommodation\/amalia-13\/\" class=\"entry-readmore theme-button\" aria-label=\"Boeken about Amalia-13\">Boeken<\/a><\/div><\/div><\/div><\/div><\/div><div class=\"vcex-post-type-entry vcex-grid-item wpex-clr col span_1_of_5 textcenter col-4 entry post-9415 type-mphb_room_type has-media mphb_room_type_category-391 mphb_room_type_category-389 mphb_room_type_category-433 mphb_room_type_category-385 mphb_ra_regio-395 mphb_ra_gedeelde-faciliteiten-237 mphb_ra_gedeelde-faciliteiten-239 mphb_ra_gedeelde-faciliteiten-241 mphb_ra_gedeelde-faciliteiten-231 mphb_ra_algemeen-211 mphb_ra_algemeen-223 mphb_ra_algemeen-221 mphb_ra_algemeen-425 mphb_ra_algemeen-217 mphb_ra_algemeen-213 mphb_ra_algemeen-227 mphb_ra_buiten-243 mphb_ra_buiten-249 mphb_ra_binnen-257 mphb_ra_binnen-269 mphb_ra_binnen-267 mphb_ra_binnen-273 mphb_ra_binnen-261 mphb_ra_keuken-277 mphb_ra_keuken-283 mphb_ra_keuken-275 mphb_ra_keuken-281 mphb_ra_keuken-285 mphb_ra_slaapkamer-1-287 mphb_ra_slaapkamer-1-299 mphb_ra_type-vakantiehuis-406 mphb_ra_slaapkamer-2-301 mphb_ra_badkamer-1-351 mphb_ra_badkamer-1-343 mphb_ra_badkamer-1-347 mphb_ra_badkamer-1-349 mphb_ra_badkamer-1-353 mphb_ra_badkamer-1-345 mphb_ra_badkamer-2-365 mphb_ra_badkamer-2-357 mphb_ra_badkamer-2-363 mphb_ra_badkamer-2-367 mphb_ra_woning-met-korting-417 mphb_ra_woning-met-korting-422 mphb_ra_woning-met-korting-418 kenmerken-69\"><div class=\"vcex-post-type-entry-inner entry-inner wpex-first-mt-0 wpex-last-mb-0 wpex-clr\"><div class=\"vcex-post-type-entry-media entry-media wpex-relative\"><a href=\"https:\/\/www.orangeholidayhousing.com\/es\/accommodation\/amalia-34\/\" title=\"Amalia-34\"><img loading=\"lazy\" class=\"vcex-blog-entry-img wpex-align-middle\" decoding=\"async\" src=\"https:\/\/www.orangeholidayhousing.com\/wp-content\/uploads\/2019\/11\/VillaAmalia-1000x667.jpeg\" alt=\"\" width=\"1000\" height=\"667\"><\/a><\/div><div class=\"vcex-post-type-entry-details entry-details wpex-bordered wpex-first-mt-0 wpex-last-mb-0 wpex-clr vc_custom_1659000261617\"><div class=\"match-height-content\"><h2 class=\"vcex-post-type-entry-title entry-title wpex-mb-5\"><a href=\"https:\/\/www.orangeholidayhousing.com\/es\/accommodation\/amalia-34\/\">Amalia-34<\/a><\/h2 ><div class=\"vcex-post-type-entry-readmore-wrap entry-readmore-wrap wpex-my-15 wpex-clr\"><a href=\"https:\/\/www.orangeholidayhousing.com\/es\/accommodation\/amalia-34\/\" class=\"entry-readmore theme-button\" aria-label=\"Boeken about Amalia-34\">Boeken<\/a><\/div><\/div><\/div><\/div><\/div><div class=\"vcex-post-type-entry vcex-grid-item wpex-clr col span_1_of_5 textcenter col-5 entry post-1273832 type-mphb_room_type has-media mphb_room_type_category-391 mphb_room_type_category-389 mphb_room_type_category-385 mphb_ra_regio-395 mphb_ra_gedeelde-faciliteiten-233 mphb_ra_gedeelde-faciliteiten-237 mphb_ra_gedeelde-faciliteiten-239 mphb_ra_gedeelde-faciliteiten-241 mphb_ra_gedeelde-faciliteiten-235 mphb_ra_algemeen-211 mphb_ra_algemeen-223 mphb_ra_algemeen-221 mphb_ra_algemeen-462 mphb_ra_algemeen-217 mphb_ra_algemeen-213 mphb_ra_algemeen-227 mphb_ra_buiten-243 mphb_ra_buiten-245 mphb_ra_buiten-249 mphb_ra_binnen-257 mphb_ra_binnen-269 mphb_ra_binnen-273 mphb_ra_binnen-265 mphb_ra_binnen-261 mphb_ra_keuken-277 mphb_ra_keuken-283 mphb_ra_keuken-275 mphb_ra_keuken-281 mphb_ra_keuken-285 mphb_ra_keuken-279 mphb_ra_slaapkamer-1-287 mphb_ra_slaapkamer-1-299 mphb_ra_type-vakantiehuis-406 mphb_ra_slaapkamer-2-301 mphb_ra_badkamer-1-351 mphb_ra_badkamer-1-343 mphb_ra_badkamer-1-347 mphb_ra_badkamer-1-349 mphb_ra_badkamer-1-353 mphb_ra_badkamer-1-345 mphb_ra_badkamer-2-365 mphb_ra_badkamer-2-357 mphb_ra_badkamer-2-363 mphb_ra_badkamer-2-367 mphb_ra_woning-met-korting-417 mphb_ra_woning-met-korting-422 mphb_ra_woning-met-korting-418 kenmerken-69 kenmerken-383\"><div class=\"vcex-post-type-entry-inner entry-inner wpex-first-mt-0 wpex-last-mb-0 wpex-clr\"><div class=\"vcex-post-type-entry-media entry-media wpex-relative\"><a href=\"https:\/\/www.orangeholidayhousing.com\/es\/accommodation\/amalia-2-34\/\" title=\"Amalia-2.34\"><img loading=\"lazy\" class=\"vcex-blog-entry-img wpex-align-middle\" decoding=\"async\" src=\"https:\/\/www.orangeholidayhousing.com\/wp-content\/uploads\/2024\/07\/01-en-omslag-1000x667.jpg\" alt=\"\" srcset=\"https:\/\/www.orangeholidayhousing.com\/wp-content\/uploads\/2024\/07\/01-en-omslag-1000x667.jpg 1000w, https:\/\/www.orangeholidayhousing.com\/wp-content\/uploads\/2024\/07\/01-en-omslag-300x200.jpg 300w, https:\/\/www.orangeholidayhousing.com\/wp-content\/uploads\/2024\/07\/01-en-omslag-1024x683.jpg 1024w, https:\/\/www.orangeholidayhousing.com\/wp-content\/uploads\/2024\/07\/01-en-omslag-768x512.jpg 768w, https:\/\/www.orangeholidayhousing.com\/wp-content\/uploads\/2024\/07\/01-en-omslag-1536x1024.jpg 1536w, https:\/\/www.orangeholidayhousing.com\/wp-content\/uploads\/2024\/07\/01-en-omslag-1500x1000.jpg 1500w, https:\/\/www.orangeholidayhousing.com\/wp-content\/uploads\/2024\/07\/01-en-omslag.jpg 1920w\" width=\"1000\" height=\"667\"><\/a><\/div><div class=\"vcex-post-type-entry-details entry-details wpex-bordered wpex-first-mt-0 wpex-last-mb-0 wpex-clr vc_custom_1659000261617\"><div class=\"match-height-content\"><h2 class=\"vcex-post-type-entry-title entry-title wpex-mb-5\"><a href=\"https:\/\/www.orangeholidayhousing.com\/es\/accommodation\/amalia-2-34\/\">Amalia-2.34<\/a><\/h2 ><div class=\"vcex-post-type-entry-readmore-wrap entry-readmore-wrap wpex-my-15 wpex-clr\"><a href=\"https:\/\/www.orangeholidayhousing.com\/es\/accommodation\/amalia-2-34\/\" class=\"entry-readmore theme-button\" aria-label=\"Boeken about Amalia-2.34\">Boeken<\/a><\/div><\/div><\/div><\/div><\/div><div class=\"vcex-post-type-entry vcex-grid-item wpex-clr col span_1_of_5 textcenter col-1 entry post-9276 type-mphb_room_type has-media mphb_room_type_category-389 mphb_room_type_category-393 mphb_room_type_category-385 mphb_ra_regio-395 mphb_ra_regio-401 mphb_ra_algemeen-211 mphb_ra_algemeen-221 mphb_ra_algemeen-215 mphb_ra_algemeen-213 mphb_ra_algemeen-227 mphb_ra_buiten-253 mphb_ra_buiten-255 mphb_ra_buiten-249 mphb_ra_buiten-251 mphb_ra_binnen-257 mphb_ra_binnen-269 mphb_ra_binnen-267 mphb_ra_binnen-273 mphb_ra_binnen-259 mphb_ra_binnen-261 mphb_ra_keuken-277 mphb_ra_keuken-283 mphb_ra_keuken-275 mphb_ra_keuken-281 mphb_ra_keuken-285 mphb_ra_keuken-279 mphb_ra_slaapkamer-1-299 mphb_ra_type-vakantiehuis-408 mphb_ra_type-vakantiehuis-409 mphb_ra_slaapkamer-2-311 mphb_ra_slaapkamer-3-313 mphb_ra_badkamer-1-341 mphb_ra_badkamer-1-343 mphb_ra_badkamer-1-349 mphb_ra_badkamer-1-353 mphb_ra_badkamer-1-345 mphb_ra_badkamer-2-357 mphb_ra_badkamer-2-363 mphb_ra_badkamer-2-367 kenmerken-69\"><div class=\"vcex-post-type-entry-inner entry-inner wpex-first-mt-0 wpex-last-mb-0 wpex-clr\"><div class=\"vcex-post-type-entry-media entry-media wpex-relative\"><a href=\"https:\/\/www.orangeholidayhousing.com\/es\/accommodation\/casa-loeka\/\" title=\"Casa Loeka\"><img loading=\"lazy\" class=\"vcex-blog-entry-img wpex-align-middle\" decoding=\"async\" src=\"https:\/\/www.orangeholidayhousing.com\/wp-content\/uploads\/2019\/12\/casa-loeka-1000x667.jpeg\" alt=\"\" width=\"1000\" height=\"667\"><\/a><\/div><div class=\"vcex-post-type-entry-details entry-details wpex-bordered wpex-first-mt-0 wpex-last-mb-0 wpex-clr vc_custom_1659000261617\"><div class=\"match-height-content\"><h2 class=\"vcex-post-type-entry-title entry-title wpex-mb-5\"><a href=\"https:\/\/www.orangeholidayhousing.com\/es\/accommodation\/casa-loeka\/\">Casa Loeka<\/a><\/h2 ><div class=\"vcex-post-type-entry-readmore-wrap entry-readmore-wrap wpex-my-15 wpex-clr\"><a href=\"https:\/\/www.orangeholidayhousing.com\/es\/accommodation\/casa-loeka\/\" class=\"entry-readmore theme-button\" aria-label=\"Boeken about Casa Loeka\">Boeken<\/a><\/div><\/div><\/div><\/div><\/div><div class=\"vcex-post-type-entry vcex-grid-item wpex-clr col span_1_of_5 textcenter col-2 entry post-1269646 type-mphb_room_type has-media mphb_room_type_category-391 mphb_room_type_category-389 mphb_room_type_category-433 mphb_room_type_category-385 mphb_ra_regio-395 mphb_ra_algemeen-211 mphb_ra_algemeen-223 mphb_ra_algemeen-221 mphb_ra_algemeen-215 mphb_ra_algemeen-213 mphb_ra_algemeen-227 mphb_ra_buiten-253 mphb_ra_buiten-249 mphb_ra_binnen-257 mphb_ra_binnen-269 mphb_ra_binnen-267 mphb_ra_binnen-273 mphb_ra_binnen-271 mphb_ra_binnen-265 mphb_ra_binnen-263 mphb_ra_binnen-261 mphb_ra_keuken-277 mphb_ra_keuken-283 mphb_ra_keuken-275 mphb_ra_keuken-281 mphb_ra_keuken-285 mphb_ra_keuken-279 mphb_ra_slaapkamer-1-287 mphb_ra_slaapkamer-1-299 mphb_ra_type-vakantiehuis-406 mphb_ra_slaapkamer-2-311 mphb_ra_slaapkamer-2-303 mphb_ra_slaapkamer-3-313 mphb_ra_slaapkamer-3-315 mphb_ra_badkamer-1-343 mphb_ra_badkamer-1-349 mphb_ra_badkamer-1-353 mphb_ra_badkamer-1-345 mphb_ra_badkamer-2-357 mphb_ra_badkamer-2-363 mphb_ra_badkamer-2-367 mphb_ra_badkamer-2-359 mphb_ra_woning-met-korting-422 mphb_ra_woning-met-korting-418 kenmerken-69\"><div class=\"vcex-post-type-entry-inner entry-inner wpex-first-mt-0 wpex-last-mb-0 wpex-clr\"><div class=\"vcex-post-type-entry-media entry-media wpex-relative\"><a href=\"https:\/\/www.orangeholidayhousing.com\/es\/accommodation\/casa-plugge\/\" title=\"Casa Plugge\"><img loading=\"lazy\" class=\"vcex-blog-entry-img wpex-align-middle\" decoding=\"async\" src=\"https:\/\/www.orangeholidayhousing.com\/wp-content\/uploads\/2024\/06\/29.jpg\" alt=\"\" srcset=\"https:\/\/www.orangeholidayhousing.com\/wp-content\/uploads\/2024\/06\/29.jpg 900w, https:\/\/www.orangeholidayhousing.com\/wp-content\/uploads\/2024\/06\/29-300x200.jpg 300w, https:\/\/www.orangeholidayhousing.com\/wp-content\/uploads\/2024\/06\/29-768x512.jpg 768w\" width=\"900\" height=\"600\"><\/a><\/div><div class=\"vcex-post-type-entry-details entry-details wpex-bordered wpex-first-mt-0 wpex-last-mb-0 wpex-clr vc_custom_1659000261617\"><div class=\"match-height-content\"><h2 class=\"vcex-post-type-entry-title entry-title wpex-mb-5\"><a href=\"https:\/\/www.orangeholidayhousing.com\/es\/accommodation\/casa-plugge\/\">Casa Plugge<\/a><\/h2 ><div class=\"vcex-post-type-entry-readmore-wrap entry-readmore-wrap wpex-my-15 wpex-clr\"><a href=\"https:\/\/www.orangeholidayhousing.com\/es\/accommodation\/casa-plugge\/\" class=\"entry-readmore theme-button\" aria-label=\"Boeken about Casa Plugge\">Boeken<\/a><\/div><\/div><\/div><\/div><\/div><\/div><\/div>[\/vc_column][\/vc_row]\n<\/div>","protected":false},"excerpt":{"rendered":"<p>[vc_row][vc_column][vc_column_text]Algunas de las viviendas que alquilamos se sit\u00faan en el complejo de Villa Amalia. Este complejo (muy popular despu\u00e9s de aparecer en la televisi\u00f3n holandesa) es nuevo y se encuentra en la zona destacada de La Veleta en el sur de Torrevieja. El mar est\u00e1 a 200 metros y la playa de arena blanca m\u00e1s&hellip;<\/p>\n","protected":false},"author":2,"featured_media":0,"parent":0,"menu_order":0,"comment_status":"closed","ping_status":"closed","template":"","meta":{"ngg_post_thumbnail":0,"footnotes":""},"class_list":["post-10007","page","type-page","status-publish","hentry","entry","has-media"],"yoast_head":"<!-- This site is optimized with the Yoast SEO plugin v25.2 - https:\/\/yoast.com\/wordpress\/plugins\/seo\/ -->\n<title>Villa Amalia - Orange Holiday Housing<\/title>\n<meta name=\"robots\" content=\"index, follow, max-snippet:-1, max-image-preview:large, max-video-preview:-1\" \/>\n<link rel=\"canonical\" href=\"https:\/\/www.orangeholidayhousing.com\/villa-amalia\/\" \/>\n<meta property=\"og:locale\" content=\"es_ES\" \/>\n<meta property=\"og:type\" content=\"article\" \/>\n<meta property=\"og:title\" content=\"Villa Amalia - Orange Holiday Housing\" \/>\n<meta property=\"og:description\" content=\"[vc_row][vc_column][vc_column_text]Algunas de las viviendas que alquilamos se sit\u00faan en el complejo de Villa Amalia. Este complejo (muy popular despu\u00e9s de aparecer en la televisi\u00f3n holandesa) es nuevo y se encuentra en la zona destacada de La Veleta en el sur de Torrevieja. El mar est\u00e1 a 200 metros y la playa de arena blanca m\u00e1s&hellip;\" \/>\n<meta property=\"og:url\" content=\"https:\/\/www.orangeholidayhousing.com\/villa-amalia\/\" \/>\n<meta property=\"og:site_name\" content=\"Orange Holiday Housing\" \/>\n<meta property=\"article:modified_time\" content=\"2022-07-28T09:24:25+00:00\" \/>\n<meta name=\"twitter:card\" content=\"summary_large_image\" \/>\n<meta name=\"twitter:label1\" content=\"Tiempo de lectura\" \/>\n\t<meta name=\"twitter:data1\" content=\"3 minutos\" \/>\n<script type=\"application\/ld+json\" class=\"yoast-schema-graph\">{\"@context\":\"https:\/\/schema.org\",\"@graph\":[{\"@type\":\"WebPage\",\"@id\":\"https:\/\/www.orangeholidayhousing.com\/villa-amalia\/\",\"url\":\"https:\/\/www.orangeholidayhousing.com\/villa-amalia\/\",\"name\":\"Villa Amalia - Orange Holiday Housing\",\"isPartOf\":{\"@id\":\"https:\/\/www.orangeholidayhousing.com\/#website\"},\"datePublished\":\"2019-12-24T10:55:02+00:00\",\"dateModified\":\"2022-07-28T09:24:25+00:00\",\"breadcrumb\":{\"@id\":\"https:\/\/www.orangeholidayhousing.com\/villa-amalia\/#breadcrumb\"},\"inLanguage\":\"es\",\"potentialAction\":[{\"@type\":\"ReadAction\",\"target\":[\"https:\/\/www.orangeholidayhousing.com\/villa-amalia\/\"]}]},{\"@type\":\"BreadcrumbList\",\"@id\":\"https:\/\/www.orangeholidayhousing.com\/villa-amalia\/#breadcrumb\",\"itemListElement\":[{\"@type\":\"ListItem\",\"position\":1,\"name\":\"Home\",\"item\":\"https:\/\/www.orangeholidayhousing.com\/es\/\"},{\"@type\":\"ListItem\",\"position\":2,\"name\":\"Villa Amalia\"}]},{\"@type\":\"WebSite\",\"@id\":\"https:\/\/www.orangeholidayhousing.com\/#website\",\"url\":\"https:\/\/www.orangeholidayhousing.com\/\",\"name\":\"Orange Holiday Housing\",\"description\":\"Orange Holiday Housing website\",\"publisher\":{\"@id\":\"https:\/\/www.orangeholidayhousing.com\/#organization\"},\"potentialAction\":[{\"@type\":\"SearchAction\",\"target\":{\"@type\":\"EntryPoint\",\"urlTemplate\":\"https:\/\/www.orangeholidayhousing.com\/?s={search_term_string}\"},\"query-input\":{\"@type\":\"PropertyValueSpecification\",\"valueRequired\":true,\"valueName\":\"search_term_string\"}}],\"inLanguage\":\"es\"},{\"@type\":\"Organization\",\"@id\":\"https:\/\/www.orangeholidayhousing.com\/#organization\",\"name\":\"Orange Holiday Housing\",\"url\":\"https:\/\/www.orangeholidayhousing.com\/\",\"logo\":{\"@type\":\"ImageObject\",\"inLanguage\":\"es\",\"@id\":\"https:\/\/www.orangeholidayhousing.com\/#\/schema\/logo\/image\/\",\"url\":\"https:\/\/www.orangeholidayhousing.com\/wp-content\/uploads\/2019\/10\/Logo.png\",\"contentUrl\":\"https:\/\/www.orangeholidayhousing.com\/wp-content\/uploads\/2019\/10\/Logo.png\",\"width\":250,\"height\":100,\"caption\":\"Orange Holiday Housing\"},\"image\":{\"@id\":\"https:\/\/www.orangeholidayhousing.com\/#\/schema\/logo\/image\/\"}}]}<\/script>\n<!-- \/ Yoast SEO plugin. -->","yoast_head_json":{"title":"Villa Amalia - Orange Holiday Housing","robots":{"index":"index","follow":"follow","max-snippet":"max-snippet:-1","max-image-preview":"max-image-preview:large","max-video-preview":"max-video-preview:-1"},"canonical":"https:\/\/www.orangeholidayhousing.com\/villa-amalia\/","og_locale":"es_ES","og_type":"article","og_title":"Villa Amalia - Orange Holiday Housing","og_description":"[vc_row][vc_column][vc_column_text]Algunas de las viviendas que alquilamos se sit\u00faan en el complejo de Villa Amalia. Este complejo (muy popular despu\u00e9s de aparecer en la televisi\u00f3n holandesa) es nuevo y se encuentra en la zona destacada de La Veleta en el sur de Torrevieja. El mar est\u00e1 a 200 metros y la playa de arena blanca m\u00e1s&hellip;","og_url":"https:\/\/www.orangeholidayhousing.com\/villa-amalia\/","og_site_name":"Orange Holiday Housing","article_modified_time":"2022-07-28T09:24:25+00:00","twitter_card":"summary_large_image","twitter_misc":{"Tiempo de lectura":"3 minutos"},"schema":{"@context":"https:\/\/schema.org","@graph":[{"@type":"WebPage","@id":"https:\/\/www.orangeholidayhousing.com\/villa-amalia\/","url":"https:\/\/www.orangeholidayhousing.com\/villa-amalia\/","name":"Villa Amalia - Orange Holiday Housing","isPartOf":{"@id":"https:\/\/www.orangeholidayhousing.com\/#website"},"datePublished":"2019-12-24T10:55:02+00:00","dateModified":"2022-07-28T09:24:25+00:00","breadcrumb":{"@id":"https:\/\/www.orangeholidayhousing.com\/villa-amalia\/#breadcrumb"},"inLanguage":"es","potentialAction":[{"@type":"ReadAction","target":["https:\/\/www.orangeholidayhousing.com\/villa-amalia\/"]}]},{"@type":"BreadcrumbList","@id":"https:\/\/www.orangeholidayhousing.com\/villa-amalia\/#breadcrumb","itemListElement":[{"@type":"ListItem","position":1,"name":"Home","item":"https:\/\/www.orangeholidayhousing.com\/es\/"},{"@type":"ListItem","position":2,"name":"Villa Amalia"}]},{"@type":"WebSite","@id":"https:\/\/www.orangeholidayhousing.com\/#website","url":"https:\/\/www.orangeholidayhousing.com\/","name":"Orange Holiday Housing","description":"Orange Holiday Housing website","publisher":{"@id":"https:\/\/www.orangeholidayhousing.com\/#organization"},"potentialAction":[{"@type":"SearchAction","target":{"@type":"EntryPoint","urlTemplate":"https:\/\/www.orangeholidayhousing.com\/?s={search_term_string}"},"query-input":{"@type":"PropertyValueSpecification","valueRequired":true,"valueName":"search_term_string"}}],"inLanguage":"es"},{"@type":"Organization","@id":"https:\/\/www.orangeholidayhousing.com\/#organization","name":"Orange Holiday Housing","url":"https:\/\/www.orangeholidayhousing.com\/","logo":{"@type":"ImageObject","inLanguage":"es","@id":"https:\/\/www.orangeholidayhousing.com\/#\/schema\/logo\/image\/","url":"https:\/\/www.orangeholidayhousing.com\/wp-content\/uploads\/2019\/10\/Logo.png","contentUrl":"https:\/\/www.orangeholidayhousing.com\/wp-content\/uploads\/2019\/10\/Logo.png","width":250,"height":100,"caption":"Orange Holiday Housing"},"image":{"@id":"https:\/\/www.orangeholidayhousing.com\/#\/schema\/logo\/image\/"}}]}},"_links":{"self":[{"href":"https:\/\/www.orangeholidayhousing.com\/es\/wp-json\/wp\/v2\/pages\/10007","targetHints":{"allow":["GET"]}}],"collection":[{"href":"https:\/\/www.orangeholidayhousing.com\/es\/wp-json\/wp\/v2\/pages"}],"about":[{"href":"https:\/\/www.orangeholidayhousing.com\/es\/wp-json\/wp\/v2\/types\/page"}],"author":[{"embeddable":true,"href":"https:\/\/www.orangeholidayhousing.com\/es\/wp-json\/wp\/v2\/users\/2"}],"replies":[{"embeddable":true,"href":"https:\/\/www.orangeholidayhousing.com\/es\/wp-json\/wp\/v2\/comments?post=10007"}],"version-history":[{"count":4,"href":"https:\/\/www.orangeholidayhousing.com\/es\/wp-json\/wp\/v2\/pages\/10007\/revisions"}],"predecessor-version":[{"id":1120411,"href":"https:\/\/www.orangeholidayhousing.com\/es\/wp-json\/wp\/v2\/pages\/10007\/revisions\/1120411"}],"wp:attachment":[{"href":"https:\/\/www.orangeholidayhousing.com\/es\/wp-json\/wp\/v2\/media?parent=10007"}],"curies":[{"name":"wp","href":"https:\/\/api.w.org\/{rel}","templated":true}]}}